{"id":526,"date":"2021-12-09T19:11:51","date_gmt":"2021-12-09T17:11:51","guid":{"rendered":"http:\/\/kultur-josefstadt.at\/?page_id=526"},"modified":"2026-03-09T09:50:21","modified_gmt":"2026-03-09T07:50:21","slug":"archiv","status":"publish","type":"page","link":"http:\/\/kultur-josefstadt.at\/?page_id=526","title":{"rendered":"Archiv"},"content":{"rendered":"\n<p>Das sind vergangene Veranstaltungen des Kulturvereins. <\/p>\n\n\n\n<h3 class=\"wp-block-heading\">9. Dezember 2025, 19:30 Uhr: <\/h3>\n\n\n\n<h3 class=\"wp-block-heading\"><strong>Adventkonzert des Kulturvereins Josefstadt <\/strong><\/h3>\n\n\n\n<h2 class=\"wp-block-heading\"><strong>Machet die Tore weit<\/strong><\/h2>\n\n\n\n<figure class=\"wp-block-image size-large\"><img decoding=\"async\" loading=\"lazy\" width=\"724\" height=\"1024\" src=\"http:\/\/kultur-josefstadt.at\/wp-content\/uploads\/2025\/11\/WEIKO_2025_PLAKAT-724x1024.jpeg\" alt=\"\" class=\"wp-image-1187\" srcset=\"http:\/\/kultur-josefstadt.at\/wp-content\/uploads\/2025\/11\/WEIKO_2025_PLAKAT-724x1024.jpeg 724w, http:\/\/kultur-josefstadt.at\/wp-content\/uploads\/2025\/11\/WEIKO_2025_PLAKAT-212x300.jpeg 212w, http:\/\/kultur-josefstadt.at\/wp-content\/uploads\/2025\/11\/WEIKO_2025_PLAKAT-768x1086.jpeg 768w, http:\/\/kultur-josefstadt.at\/wp-content\/uploads\/2025\/11\/WEIKO_2025_PLAKAT-1086x1536.jpeg 1086w, http:\/\/kultur-josefstadt.at\/wp-content\/uploads\/2025\/11\/WEIKO_2025_PLAKAT-1448x2048.jpeg 1448w, http:\/\/kultur-josefstadt.at\/wp-content\/uploads\/2025\/11\/WEIKO_2025_PLAKAT-scaled.jpeg 1810w\" sizes=\"(max-width: 724px) 100vw, 724px\" \/><\/figure>\n\n\n\n<p><\/p>\n\n\n\n<p>Wenn sich das Jahr dem Ende zuneigt und die Stadt im warmen Lichterglanz erstrahlt, l\u00e4dt der<strong>Kulturverein Josefstadt<\/strong>&nbsp;zu einem besonderen musikalischen Abend ein: Am&nbsp;<strong>Dienstag, dem 9. Dezember 2025<\/strong>, 19.30 Uhr erklingen im&nbsp;<strong>Calasanzsaal der Pfarre Maria Treu (8., Piaristenkirche, Jodok-Fink-Platz 2)<\/strong>&nbsp;festliche und besinnliche Kl\u00e4nge zur Advent- und Weihnachtszeit.<\/p>\n\n\n\n<p>Unter dem Motto&nbsp;<strong>\u201eMachet die Tore weit\u201c<\/strong>&nbsp;\u2013 benannt nach der gleichnamigen Kantate von&nbsp;<strong>Georg Philipp Telemann<\/strong>&nbsp;\u2013 gestaltet der&nbsp;<strong>Joseph Haydn Konzertverein<\/strong>&nbsp;ein Konzert, das den Advent in seiner ganzen musikalischen Vielfalt erfahrbar macht. Neben Telemanns mitrei\u00dfender Kantate stehen weitere barocke und klassische Werke auf dem Programm, die Hoffnung, Erwartung und weihnachtliche Freude in den Mittelpunkt stellen.<\/p>\n\n\n\n<p><strong>Soli, Chor und Orchester des Joseph Haydn Konzertvereins<\/strong>&nbsp;musizieren unter der Leitung von<strong>Robert Fontane<\/strong>, der das Programm mit sicherem Gesp\u00fcr f\u00fcr festliche Klangfarben zusammengestellt hat. Freuen Sie sich auf einen Abend, der gleicherma\u00dfen Herz und Geist anspricht.<\/p>\n\n\n\n<p>Der Eintritt ist&nbsp;<strong>frei<\/strong>, freiwillige&nbsp;<strong>Spenden sind willkommen<\/strong>, um&nbsp;<strong>Vorreservierung<\/strong>&nbsp;wird gebeten: <strong><a href=\"mailto:info@kultur-josefstadt.at\">info@kultur-josefstadt.at<\/a><\/strong><\/p>\n\n\n\n<p><\/p>\n\n\n\n<figure class=\"wp-block-image size-large is-resized\"><img decoding=\"async\" loading=\"lazy\" src=\"http:\/\/kultur-josefstadt.at\/wp-content\/uploads\/2023\/05\/Stadt_Wien_Kultur_pos_cmyk-1024x294.jpg\" alt=\"\" class=\"wp-image-778\" width=\"188\" height=\"54\" srcset=\"http:\/\/kultur-josefstadt.at\/wp-content\/uploads\/2023\/05\/Stadt_Wien_Kultur_pos_cmyk-1024x294.jpg 1024w, http:\/\/kultur-josefstadt.at\/wp-content\/uploads\/2023\/05\/Stadt_Wien_Kultur_pos_cmyk-300x86.jpg 300w, http:\/\/kultur-josefstadt.at\/wp-content\/uploads\/2023\/05\/Stadt_Wien_Kultur_pos_cmyk-768x220.jpg 768w, http:\/\/kultur-josefstadt.at\/wp-content\/uploads\/2023\/05\/Stadt_Wien_Kultur_pos_cmyk-1536x441.jpg 1536w, http:\/\/kultur-josefstadt.at\/wp-content\/uploads\/2023\/05\/Stadt_Wien_Kultur_pos_cmyk.jpg 1722w\" sizes=\"(max-width: 188px) 100vw, 188px\" \/><\/figure>\n\n\n\n<hr class=\"wp-block-separator has-alpha-channel-opacity\"\/>\n\n\n\n<h2 class=\"wp-block-heading\">26.09.2025 &#8211; 28.09.2025: <\/h2>\n\n\n\n<h2 class=\"wp-block-heading\">Atelierrundg\u00e4nge Josefstadt 2025<\/h2>\n\n\n\n<figure class=\"wp-block-image size-large\"><img decoding=\"async\" loading=\"lazy\" width=\"1024\" height=\"536\" src=\"http:\/\/kultur-josefstadt.at\/wp-content\/uploads\/2025\/08\/Atelierrundgaenge_Josefstadt-2025_Banner-1024x536.png\" alt=\"Atelierrundg\u00e4nge Josefstadt 2025 Banner\" class=\"wp-image-1002\" srcset=\"http:\/\/kultur-josefstadt.at\/wp-content\/uploads\/2025\/08\/Atelierrundgaenge_Josefstadt-2025_Banner-1024x536.png 1024w, http:\/\/kultur-josefstadt.at\/wp-content\/uploads\/2025\/08\/Atelierrundgaenge_Josefstadt-2025_Banner-300x157.png 300w, http:\/\/kultur-josefstadt.at\/wp-content\/uploads\/2025\/08\/Atelierrundgaenge_Josefstadt-2025_Banner-768x402.png 768w, http:\/\/kultur-josefstadt.at\/wp-content\/uploads\/2025\/08\/Atelierrundgaenge_Josefstadt-2025_Banner.png 1199w\" sizes=\"(max-width: 1024px) 100vw, 1024px\" \/><\/figure>\n\n\n\n<p><\/p>\n\n\n\n<p>Der Kulturverein Josefstadt l\u00e4dt zu den 14. Atelierrundg\u00e4ngen in der Josefstadt ein. Am Wochenende vom Freitag, 26. September bis Sonntag, 28. September, pr\u00e4sentiert eine Vielzahl an K\u00fcnstler:innen aus der Josefstadt ihre Werke und \u00f6ffnet f\u00fcr Interessierte ihre Ateliers.<\/p>\n\n\n\n<p>Die Er\u00f6ffnung findet am Freitag, 26. September ab 19 Uhr in den sch\u00f6nen R\u00e4umlichkeiten des IHS statt (Institut f\u00fcr H\u00f6here Studien, Josefst\u00e4dter Str. 39, 1080 Wien). Dort werden die teilnehmenden K\u00fcnstler:innen vorgestellt und die Gruppenausstellung er\u00f6ffnet. Es erwartet uns eine musikalische Einlage von SISKA, einer jungen und kessen Musikerin.<\/p>\n\n\n\n<p>Im Rahmen der Gruppenausstellung im IHS gibt es am Samstag, 27. September, um 17 Uhr eine Lesung, denn auch die Wortkunst soll nicht zu kurz kommen. Es lesen Max Haberich, Alexander H\u00f6rl, Lorena Pircher und Lena Maria Trohar.<\/p>\n\n\n\n<p>Wir freuen uns auf zahlreiches Kommen und eine inspirierende Veranstaltung!<\/p>\n\n\n\n<p><strong>Das Programm im Detail<\/strong><\/p>\n\n\n\n<p><strong>Freitag, 26. September 2025<\/strong><\/p>\n\n\n\n<p>ab 19 Uhr: Er\u00f6ffnung im IHS Institut f\u00fcr H\u00f6here Studien, Josefst\u00e4dter Str. 39, 1080 Wien<br>Gruppenausstellung mit R\u00e9ka Horv\u00e1th \/ Walter Kanov \/ Jakob Kohlmayer \/ Isabella Langer \/ Jagoda Lessel \/ Ina Loitzl \/ Lisa Obereder \/ Katharina Prazuch \/ u.v.m. &#8211;<br>Konzert von SISKA<\/p>\n\n\n\n<p>9 \u2013 17 Uhr: Capella 43 \/ C43: Lisa Leutner und Patrick Rieser (Fotografie), Fuhrmanngasse 10<br>16 \u2013 18 Uhr: Felix Deflorian, Aliya Davletova, Sladjana Visekruna (Malerei und andere), Josefst\u00e4dter Str. 14\/5<br>16 \u2013 20 Uhr: Ina Loitzl (Cutouts, Animation, Textilobjekte, Stickgrafiken), Albertplatz 1\/3. Stock\/T\u00fcr 14<br>17 \u2013 20 Uhr: showroom 51 mit Udo Hohenberger, Sylvia Fischer, Ilse Mechtler, Nikola Katharina Trefalt (Malerei), Pfeilgasse 51<br>20 &#8211; 22 Uhr: DREAM ATLAS &#8211; Eugenio Belgrado, Thibaut Kouptchinsky, Bert Schifferdecker (Fotografie, Grafik, Bildhauerei, Malerei und andere) pr\u00e4sentiert von Warren Rosenzweig im Kultursalon Wien, Lerchenfelderg\u00fcrtel 58\/23<\/p>\n\n\n\n<p><strong>Samstag, 27. September 2025<\/strong><\/p>\n\n\n\n<p>15 \u2013 19 Uhr: Gruppenausstellung im IHS, Josefst\u00e4dter Str. 39<br>17 Uhr: Lesung im IHS mit Max Haberich, Alexander H\u00f6rl, Lorena Pircher und Lena Maria Trohar<\/p>\n\n\n\n<p>14 \u2013 18 Uhr: Atelier Lercherl &#8211; Claudia Liedtke (Malerei, Zeichnung), Lerchenfelder Str. 70\/50<br>14 \u2013 21 Uhr: Hand.Werk.Stadt &#8211; Nina Stalzer, Marina Moldovan, Katharina Prazuch (Haptik, Textil, Kost\u00fcm, F\u00e4rberei, Malerei, Zeichnung), Josefst\u00e4dter Str. 53 im Hof<br>14 \u2013 18 Uhr: Ina Loitzl (Cutouts, Animation, Textilobjekte, Stickgrafiken), Albertplatz 1\/3. Stock\/T\u00fcr 14<br>15 \u2013 18 Uhr: Lisa Est (Zeichnung, Grafik, Film, Objekt), Pfeilgasse 43\/32<br>15 \u2013 18 Uhr: Ulli Klepalski (Bildende Kunst) Buchfeldgasse 9\/1+2<br>15:30 \u2013 18 Uhr: Harry Ergott (Malerei), Albertgasse 57<br>15 \u2013 18 Uhr: Walter Kanov (Fotografie, Objektkunst, Malerei): Ausstellung in der Redaktion \u201eDer Achte\u201c, Albertgasse 13-15<br>15 \u2013 19 Uhr: Isabella Langer (Malerei, Grafik, Malerei) Florianigasse 50\/1\/8<br>Ab 16 Uhr: Erika Seywald (Grafik, Malerei) &#8211; Offenes Atelier in der Galerie A41, Albertgasse 41<br>16 \u2013 20 Uhr: Felix Deflorian, Aliya Davletova, Sladjana Visekruna (Malerei und andere), Josefst\u00e4dter Str. 14\/5<br>16 \u2013 21 Uhr: Sabina K\u00f6hlmeier (Malerei), Josefst\u00e4dter Stra\u00dfe 53 im Hof<br>16 \u2013 22 Uhr: Gustavo Mendez \u2013 Liska (Zeichnung, Malerei, Bildhaurei), Tigergasse 14 Souterrain<br>17 \u2013 19 Uhr: showroom 51 mit Udo Hohenberger, Sylvia Fischer, Ilse Mechtler, Nikola Katharina Trefalt (Malerei), Pfeilgasse 51<br>20 &#8211; 22 Uhr: DREAM ATLAS &#8211; Eugenio Belgrado, Thibaut Kouptchinsky, Bert Schifferdecker (Fotografie, Grafik, Bildhauerei, Malerei und andere) pr\u00e4sentiert von Warren Rosenzweig im Kultursalon Wien, Lerchenfelderg\u00fcrtel 58\/23<br>&amp; nach Vereinbarung: Capella 43 \/ C43: Lisa Leutner und Patrick Rieser (Fotografie), Fuhrmanngasse 10 \u2013 Telefon Lisa: +43 680 1409270<\/p>\n\n\n\n<p><strong>Sonntag, 28.09.2025<\/strong><\/p>\n\n\n\n<p>15 \u2013 18 Uhr: Gruppenausstellung IHS, Josefst\u00e4dter Str. 39<\/p>\n\n\n\n<p>10 \u2013 14 Uhr: Ina Loitzl (Cutouts, Animation, Textilobjekte, Stickgrafiken), Albertplatz 1\/3. Stock\/T\u00fcr 14<br>12 \u2013 17 Uhr: Hand.Werk.Stadt &#8211; Nina Stalzer, Marina Moldovan, Katharina Prazuch (Haptik, Textil, Kost\u00fcm, F\u00e4rberei, Malerei, Zeichnung), Josefst\u00e4dter Str. 53 im Hof<br>14 \u2013 18 Uhr: Atelier Lercherl &#8211; Claudia Liedtke (Malerei, Zeichnung), Lerchenfelder Str. 70\/50<br>14 &#8211; 16 Uhr: DREAM ATLAS &#8211; Eugenio Belgrado, Thibaut Kouptchinsky, Bert Schifferdecker (Fotografie, Grafik, Bildhauerei, Malerei und andere) pr\u00e4sentiert von Warren Rosenzweig im Kultursalon Wien, Lerchenfelderg\u00fcrtel 58\/23<br>14 \u2013 19 Uhr: R\u00e9ka H\u00f3rvath, Lisa Obereder (Malerei), Pfeilgasse 5, Top 21a<br>14 \u2013 16 Uhr: Isabella Langer (Malerei, Grafik, Malerei) Florianigasse 50\/1\/8<br>15\u2013 17:30 Uhr: Harry Ergott (Malerei), Albertgasse 57<br>15 \u2013 18 Uhr: Lisa Est (Zeichnung, Grafik, Film, Objekt), Pfeilgasse 43\/32<br>15 \u2013 18 Uhr: Walter Kanov (Fotografie, Objektkunst, Malerei): Ausstellung in der Redaktion \u201eDer Achte\u201c, Albertgasse 13-15<br>16 \u2013 18 Uhr: Ulli Klepalski (Bildende Kunst) Buchfeldgasse 9\/1+2<br>16 \u2013 20 Uhr: Felix Deflorian, Aliya Davletova, Sladjana Visekruna (Malerei und andere), Josefst\u00e4dter Str. 14\/5<br>16 \u2013 22 Uhr: Gustavo Mendez \u2013 Liska (Zeichnung, Malerei, Bildhaurei), Tigergasse 14 Souterrain<br>17 \u2013 19 Uhr: showroom 51 mit Udo Hohenberger, Sylvia Fischer, Ilse Mechtler, Nikola Katharina Trefalt (Malerei), Pfeilgasse 51<br>&amp; nach Vereinbarung: Capella 43 \/ C43: Lisa Leutner und Patrick Rieser (Fotografie), Fuhrmanngasse 10 \u2013 Telefon Lisa: +43 680 1409270<\/p>\n\n\n\n<p>Freier Eintritt.<br>\u00c4nderungen im Programm vorbehalten.<\/p>\n\n\n\n<p>Mit freundlicher Unterst\u00fctzung von der Kulturabteilung der Stadt Wien (MA7), Basis.Kultur.Wien, Kulturf\u00f6rderung Josefstadt, die Zeitung \u201eDer Achte\u201c und IHS \u2013 Institut f\u00fcr H\u00f6here Studien.<\/p>\n\n\n\n<figure class=\"wp-block-image size-medium is-resized is-style-default\"><img decoding=\"async\" loading=\"lazy\" src=\"http:\/\/kultur-josefstadt.at\/wp-content\/uploads\/2023\/05\/Stadt_Wien_Kultur_pos_cmyk-edited-300x86.jpg\" alt=\"\" class=\"wp-image-779\" width=\"283\" height=\"81\" srcset=\"http:\/\/kultur-josefstadt.at\/wp-content\/uploads\/2023\/05\/Stadt_Wien_Kultur_pos_cmyk-edited-300x86.jpg 300w, http:\/\/kultur-josefstadt.at\/wp-content\/uploads\/2023\/05\/Stadt_Wien_Kultur_pos_cmyk-edited-1024x292.jpg 1024w, http:\/\/kultur-josefstadt.at\/wp-content\/uploads\/2023\/05\/Stadt_Wien_Kultur_pos_cmyk-edited-768x219.jpg 768w, http:\/\/kultur-josefstadt.at\/wp-content\/uploads\/2023\/05\/Stadt_Wien_Kultur_pos_cmyk-edited-1536x438.jpg 1536w, http:\/\/kultur-josefstadt.at\/wp-content\/uploads\/2023\/05\/Stadt_Wien_Kultur_pos_cmyk-edited.jpg 1722w\" sizes=\"(max-width: 283px) 100vw, 283px\" \/><\/figure>\n\n\n\n<p><\/p>\n\n\n\n<figure class=\"wp-block-image size-large is-resized\"><img decoding=\"async\" loading=\"lazy\" src=\"http:\/\/kultur-josefstadt.at\/wp-content\/uploads\/2022\/09\/Josefstadt-KUK-Logo-neu-bunt-1024x136.png\" alt=\"\" class=\"wp-image-628\" width=\"282\" height=\"37\" srcset=\"http:\/\/kultur-josefstadt.at\/wp-content\/uploads\/2022\/09\/Josefstadt-KUK-Logo-neu-bunt-1024x136.png 1024w, http:\/\/kultur-josefstadt.at\/wp-content\/uploads\/2022\/09\/Josefstadt-KUK-Logo-neu-bunt-300x40.png 300w, http:\/\/kultur-josefstadt.at\/wp-content\/uploads\/2022\/09\/Josefstadt-KUK-Logo-neu-bunt-768x102.png 768w, http:\/\/kultur-josefstadt.at\/wp-content\/uploads\/2022\/09\/Josefstadt-KUK-Logo-neu-bunt-1536x204.png 1536w, http:\/\/kultur-josefstadt.at\/wp-content\/uploads\/2022\/09\/Josefstadt-KUK-Logo-neu-bunt-2048x272.png 2048w\" sizes=\"(max-width: 282px) 100vw, 282px\" \/><\/figure>\n\n\n\n<hr class=\"wp-block-separator has-alpha-channel-opacity\"\/>\n\n\n\n<h2 class=\"wp-block-heading\">3. 9. 2025, 17 Uhr: Theater im Hamerlingpark<\/h2>\n\n\n\n<h2 class=\"wp-block-heading\">LADY &amp; SCHNEIDER, <strong>nach Johann N. Nestroy<\/strong><\/h2>\n\n\n\n<p><strong>In Kooperation mit <a href=\"https:\/\/www.utopia-theater.at\">Utopia Theater<\/a><\/strong><\/p>\n\n\n\n<figure class=\"wp-block-image size-large\"><img decoding=\"async\" loading=\"lazy\" width=\"1024\" height=\"683\" src=\"http:\/\/kultur-josefstadt.at\/wp-content\/uploads\/2025\/06\/Lady_Schneider\u00a9judithStehlik_WEB_13-1024x683.jpg\" alt=\"\" class=\"wp-image-995\" srcset=\"http:\/\/kultur-josefstadt.at\/wp-content\/uploads\/2025\/06\/Lady_Schneider\u00a9judithStehlik_WEB_13-1024x683.jpg 1024w, http:\/\/kultur-josefstadt.at\/wp-content\/uploads\/2025\/06\/Lady_Schneider\u00a9judithStehlik_WEB_13-300x200.jpg 300w, http:\/\/kultur-josefstadt.at\/wp-content\/uploads\/2025\/06\/Lady_Schneider\u00a9judithStehlik_WEB_13-768x512.jpg 768w, http:\/\/kultur-josefstadt.at\/wp-content\/uploads\/2025\/06\/Lady_Schneider\u00a9judithStehlik_WEB_13-1536x1024.jpg 1536w, http:\/\/kultur-josefstadt.at\/wp-content\/uploads\/2025\/06\/Lady_Schneider\u00a9judithStehlik_WEB_13-2048x1366.jpg 2048w\" sizes=\"(max-width: 1024px) 100vw, 1024px\" \/><\/figure>\n\n\n\n<p><\/p>\n\n\n\n<p>Graf Hohenstern droht seinen \u00e4lteren Sohn Friedrich zu enterben, wenn er die geplante Hochzeit mit der Unternehmerin Lady Bridewell platzen lassen sollte. In diesem Fall k\u00e4me sein j\u00fcngerer Sohn Paul, der mit der Baronesse Adele Kargenhausen liiert ist, in den Genuss der Erbschaft. Um dieses Ziel zu erreichen, schmieden die Baronin, ihre Tochter Adele und ihr Sekret\u00e4r Fuchs eine Intrige.<\/p>\n\n\n\n<p><strong>Zum Thema<\/strong><\/p>\n\n\n\n<p>In seiner Posse LADY &amp; SCHNEIDER (Urauff\u00fchrung 6. Februar 1849 im Carltheater), die auf die literarische Vorlage LES MYST\u00c8RES DE PARIS von Eug\u00e9ne Sue aufbaut, gew\u00e4hrt uns Nestroy zwischen den verworrenen Liebesgeschichten und Heiratssachen einerseits und der abstrusen Kriminalkom\u00f6die andererseits einen Einblick in die verlogenen, von Doppelmoral gepr\u00e4gten Verh\u00e4ltnisse der gro\u00dfb\u00fcrgerlichen und adeligen Gesellschaft seiner Zeit. <\/p>\n\n\n\n<p>Unsere Produktion orientiert sich an unserem Anspruch, Theater f\u00fcr die ganze Familie, f\u00fcr junge und junggebliebene Zuschauer*innen anzubieten. Diese Politsatire bietet h\u00f6chste Unterhaltung durch turbulente Handlungsabl\u00e4ufe und Kom\u00f6diantik.<\/p>\n\n\n\n<p><strong>Es spielen:<\/strong><\/p>\n\n\n\n<p>Barbara EDINGER, Tina HALLER, Natalie OBERNIGG; Thomas BAUER, Bernhardt JAMMERNEGG, Christopher KORKISCH, Andreas SEIDL<\/p>\n\n\n\n<p><strong>Musik<\/strong>: Bernhardt JAMMERNEGG, <strong>Kost\u00fcme<\/strong>: Stefanie ELIAS, <strong>Technik<\/strong>: Martin HORNIG<\/p>\n\n\n\n<p><strong>Regie<\/strong>\/ <strong>Organisation<\/strong> &#8211; Peter W. HOCHEGGER<\/p>\n\n\n\n<hr class=\"wp-block-separator has-alpha-channel-opacity\"\/>\n\n\n\n<figure class=\"wp-block-image size-large is-resized\"><img decoding=\"async\" loading=\"lazy\" src=\"http:\/\/kultur-josefstadt.at\/wp-content\/uploads\/2023\/05\/Stadt_Wien_Kultur_pos_cmyk-edited-1024x292.jpg\" alt=\"\" class=\"wp-image-779\" width=\"274\" height=\"77\" srcset=\"http:\/\/kultur-josefstadt.at\/wp-content\/uploads\/2023\/05\/Stadt_Wien_Kultur_pos_cmyk-edited-1024x292.jpg 1024w, http:\/\/kultur-josefstadt.at\/wp-content\/uploads\/2023\/05\/Stadt_Wien_Kultur_pos_cmyk-edited-768x219.jpg 768w, http:\/\/kultur-josefstadt.at\/wp-content\/uploads\/2023\/05\/Stadt_Wien_Kultur_pos_cmyk-edited-1536x438.jpg 1536w, http:\/\/kultur-josefstadt.at\/wp-content\/uploads\/2023\/05\/Stadt_Wien_Kultur_pos_cmyk-edited.jpg 1722w\" sizes=\"(max-width: 274px) 100vw, 274px\" \/><\/figure>\n\n\n\n<hr class=\"wp-block-separator has-alpha-channel-opacity\"\/>\n\n\n\n<figure class=\"wp-block-image size-large is-resized\"><img decoding=\"async\" loading=\"lazy\" src=\"http:\/\/kultur-josefstadt.at\/wp-content\/uploads\/2023\/05\/logo-regenbogen-edited-1024x136.png\" alt=\"\" class=\"wp-image-777\" width=\"275\" height=\"36\" srcset=\"http:\/\/kultur-josefstadt.at\/wp-content\/uploads\/2023\/05\/logo-regenbogen-edited-1024x136.png 1024w, http:\/\/kultur-josefstadt.at\/wp-content\/uploads\/2023\/05\/logo-regenbogen-edited-300x40.png 300w, http:\/\/kultur-josefstadt.at\/wp-content\/uploads\/2023\/05\/logo-regenbogen-edited-768x102.png 768w, http:\/\/kultur-josefstadt.at\/wp-content\/uploads\/2023\/05\/logo-regenbogen-edited-1536x204.png 1536w, http:\/\/kultur-josefstadt.at\/wp-content\/uploads\/2023\/05\/logo-regenbogen-edited-2048x272.png 2048w\" sizes=\"(max-width: 275px) 100vw, 275px\" \/><\/figure>\n\n\n\n<hr class=\"wp-block-separator has-alpha-channel-opacity\"\/>\n\n\n\n<h3 class=\"wp-block-heading\">26.-29. Juni 2025: <\/h3>\n\n\n\n<h2 class=\"wp-block-heading\">Sommerkino Josefstadt am <strong>Jodok-Fink-Platz<\/strong><\/h2>\n\n\n\n<figure class=\"wp-block-image size-large\"><img decoding=\"async\" loading=\"lazy\" width=\"1024\" height=\"576\" src=\"http:\/\/kultur-josefstadt.at\/wp-content\/uploads\/2023\/05\/foto_Sommerkino-Kopie-1024x576.jpg\" alt=\"\" class=\"wp-image-769\" srcset=\"http:\/\/kultur-josefstadt.at\/wp-content\/uploads\/2023\/05\/foto_Sommerkino-Kopie-1024x576.jpg 1024w, http:\/\/kultur-josefstadt.at\/wp-content\/uploads\/2023\/05\/foto_Sommerkino-Kopie-300x169.jpg 300w, http:\/\/kultur-josefstadt.at\/wp-content\/uploads\/2023\/05\/foto_Sommerkino-Kopie-768x432.jpg 768w, http:\/\/kultur-josefstadt.at\/wp-content\/uploads\/2023\/05\/foto_Sommerkino-Kopie-1536x864.jpg 1536w, http:\/\/kultur-josefstadt.at\/wp-content\/uploads\/2023\/05\/foto_Sommerkino-Kopie.jpg 1920w\" sizes=\"(max-width: 1024px) 100vw, 1024px\" \/><\/figure>\n\n\n\n<h3 class=\"wp-block-heading\">Das Programm:<\/h3>\n\n\n\n<h3 class=\"wp-block-heading\">DO, 26.06.2025, 21:00 Uhr<\/h3>\n\n\n\n<h2 class=\"wp-block-heading\"><strong>ZEUGE EINER VERSCHW\u00d6RUNG<\/strong><\/h2>\n\n\n\n<p>The Parallax View | Alan J. Pakula | US 1974 | 102 min | Original with German subtitles<\/p>\n\n\n\n<p>Mit: Warren Beatty, Paula Prentiss, William Daniels, Walter McGinn, Hume Cronyn, Kelly Thordsen, u.a.<\/p>\n\n\n\n<figure class=\"wp-block-image size-large\"><img decoding=\"async\" loading=\"lazy\" width=\"1024\" height=\"768\" src=\"http:\/\/kultur-josefstadt.at\/wp-content\/uploads\/2025\/05\/the-parallax-view-1108x0-c-default-1024x768.jpg\" alt=\"\" class=\"wp-image-988\" srcset=\"http:\/\/kultur-josefstadt.at\/wp-content\/uploads\/2025\/05\/the-parallax-view-1108x0-c-default-1024x768.jpg 1024w, http:\/\/kultur-josefstadt.at\/wp-content\/uploads\/2025\/05\/the-parallax-view-1108x0-c-default-300x225.jpg 300w, http:\/\/kultur-josefstadt.at\/wp-content\/uploads\/2025\/05\/the-parallax-view-1108x0-c-default-768x576.jpg 768w, http:\/\/kultur-josefstadt.at\/wp-content\/uploads\/2025\/05\/the-parallax-view-1108x0-c-default.jpg 1108w\" sizes=\"(max-width: 1024px) 100vw, 1024px\" \/><\/figure>\n\n\n\n<p><\/p>\n\n\n\n<p>Als US-Senator Carroll auf der Aussichtsplattform der Space Needle in Seattle ermordet wird, bleiben viele Fragen offen. Der M\u00f6rder, der bei der Verfolgung ums Leben kam, soll Einzelt\u00e4ter gewesen sein. Jahre sp\u00e4ter kommt die Fernsehreporterin Lee Carter zu ihrem Freund, dem Zeitungs-Journalisten Joseph Frady, und berichtet ihm, dass mehrere Zeugen von damals ums Leben kamen. Erst als auch Lee bei einem Unfall stirbt, nimmt Carter ihre Darstellung ernst und macht sich auf die Suche nach dem Berater des ermordeten Senators, Austin Tucker. Nachdem auch der untergetauchte Tucker auf hoher See mit seiner Jacht in die Luft gesprengt wird, beschlie\u00dft Frady, sich selbst in die Organisation einzuschleusen. Zwar kann er dadurch ein Flugzeugattentat abwenden, doch er ist schon viel tiefer in die Machenschaften der Organisation verwickelt, als ihm lieb ist.<\/p>\n\n\n\n<p>Ein verkanntes Meisterwerk. Perfekt inszeniertes wie erz\u00e4hltes Spannungskino, das aus einer Not eine Tugend macht und statt auf \u00fcbliche Blockbuster-Mechanismen zur\u00fcckzugreifen lieber in Sachen Pessimismus und Hinterh\u00e4ltigkeit eine ordentliche Schippe draufpackt. Besser war das von Paranoia und Verschw\u00f6rung gepr\u00e4gte Kino der 70er in dieser Hinsicht praktisch nie.<\/p>\n\n\n\n<figure class=\"wp-block-embed is-type-video is-provider-youtube wp-block-embed-youtube wp-embed-aspect-16-9 wp-has-aspect-ratio\"><div class=\"wp-block-embed__wrapper\">\n<iframe loading=\"lazy\" title=\"The Parallax View (1974) - Trailer\" width=\"660\" height=\"371\" src=\"https:\/\/www.youtube.com\/embed\/izDzFhMlVrw?feature=oembed\" frameborder=\"0\" allow=\"accelerometer; autoplay; clipboard-write; encrypted-media; gyroscope; picture-in-picture; web-share\" referrerpolicy=\"strict-origin-when-cross-origin\" allowfullscreen><\/iframe>\n<\/div><\/figure>\n\n\n\n<hr class=\"wp-block-separator has-alpha-channel-opacity\"\/>\n\n\n\n<h3 class=\"wp-block-heading\">FR, 27.06.2025, 21:00 Uhr:<\/h3>\n\n\n\n<h2 class=\"wp-block-heading\"><strong>KABINETT AUSSER KONTROLLE<\/strong><\/h2>\n\n\n\n<p>In the Loop | Armando Iannucci | GB 2009 | 105 min | Original with German subtitles<\/p>\n\n\n\n<p>Mit: Peter Capaldi, Gina McKee, James Gandolfini, Tom Hollander, Steve Coogan u.a.<\/p>\n\n\n\n<figure class=\"wp-block-image size-large\"><img decoding=\"async\" loading=\"lazy\" width=\"1024\" height=\"682\" src=\"http:\/\/kultur-josefstadt.at\/wp-content\/uploads\/2025\/05\/in_the_loop01-1024x682.jpg\" alt=\"\" class=\"wp-image-987\" srcset=\"http:\/\/kultur-josefstadt.at\/wp-content\/uploads\/2025\/05\/in_the_loop01-1024x682.jpg 1024w, http:\/\/kultur-josefstadt.at\/wp-content\/uploads\/2025\/05\/in_the_loop01-300x200.jpg 300w, http:\/\/kultur-josefstadt.at\/wp-content\/uploads\/2025\/05\/in_the_loop01-768x512.jpg 768w, http:\/\/kultur-josefstadt.at\/wp-content\/uploads\/2025\/05\/in_the_loop01.jpg 1400w\" sizes=\"(max-width: 1024px) 100vw, 1024px\" \/><\/figure>\n\n\n\n<p><\/p>\n\n\n\n<p>Offiziell unter Verschluss, inoffiziell schon l\u00e4ngst klar: Ein von den USA angezettelter Krieg im Nahen Osten steht kurz bevor. F\u00fcr die britische Regierung hei\u00dft das: Klappe halten und zum B\u00fcndnispartner stehen, sobald die Gaudi losgeht. Als der Secretary Of State For International Development, Simon Foster, sich in einem Interview ungeschickt dar\u00fcber \u00e4u\u00dfert, tritt er eine Lawine aus politischen Machtspielchen los. Malcolm Tucker, seines Zeichens Berater, muss versuchen, den Schaden zu minimieren. F\u00fcr was eine kleine, etwas ungl\u00fccklich formulierte Bemerkung eines Staatsangestellten sorgen kann: Pl\u00f6tzlich wird hinter jeder Ecke ein bevorstehender Krieg erwartet und es gibt keinerlei Aussicht, die in Gang gesetzte Lawine bremsen zu k\u00f6nnen. Also geht die Reise f\u00fcr einige englische Parlamentsmitglieder nach Amerika, um das Chaos vor Ort zu begutachten und gegebenenfalls einzud\u00e4mmen.<\/p>\n\n\n\n<p>Was sich tats\u00e4chlich hinter den Kulissen des politischen Machtzentrums abspielt, bleibt meist schleierhaft. Der britische Regisseur Armando Iannucci f\u00fchrt es uns vor Augen und zeigt in seiner brillanten Politsatire, wie es schlimmer nicht sein k\u00f6nnte.<\/p>\n\n\n\n<figure class=\"wp-block-embed is-type-video is-provider-youtube wp-block-embed-youtube wp-embed-aspect-16-9 wp-has-aspect-ratio\"><div class=\"wp-block-embed__wrapper\">\n<iframe loading=\"lazy\" title=\"In The Loop Trailer HD\" width=\"660\" height=\"371\" src=\"https:\/\/www.youtube.com\/embed\/yJU2qRg5zLI?feature=oembed\" frameborder=\"0\" allow=\"accelerometer; autoplay; clipboard-write; encrypted-media; gyroscope; picture-in-picture; web-share\" referrerpolicy=\"strict-origin-when-cross-origin\" allowfullscreen><\/iframe>\n<\/div><\/figure>\n\n\n\n<hr class=\"wp-block-separator has-alpha-channel-opacity\"\/>\n\n\n\n<h3 class=\"wp-block-heading\">SA.28.06.2025, 21:00 Uhr<\/h3>\n\n\n\n<h2 class=\"wp-block-heading\"><strong>THE APPRENTICE \u2013 THE TRUMP STORY<\/strong><\/h2>\n\n\n\n<p>The Apprentice | Ali Abbasi | GB 2009 | 105 min | Original with German subtitles<\/p>\n\n\n\n<p>Mit: Sebastian Stan, Jeremy Strong, Maria Bakalova, Martin Donovan, u.a.<\/p>\n\n\n\n<figure class=\"wp-block-image size-large\"><img decoding=\"async\" loading=\"lazy\" width=\"1024\" height=\"576\" src=\"http:\/\/kultur-josefstadt.at\/wp-content\/uploads\/2025\/05\/The-Apprentice_1-\u00a9-APPRENTICE-PRODUCTIONS-ONTARIO-INC._PROFILE-PRODUCTIONS-2-APS_TAILORED-FILMS-LTD.-2023-1024x576.jpg\" alt=\"\" class=\"wp-image-989\" srcset=\"http:\/\/kultur-josefstadt.at\/wp-content\/uploads\/2025\/05\/The-Apprentice_1-\u00a9-APPRENTICE-PRODUCTIONS-ONTARIO-INC._PROFILE-PRODUCTIONS-2-APS_TAILORED-FILMS-LTD.-2023-1024x576.jpg 1024w, http:\/\/kultur-josefstadt.at\/wp-content\/uploads\/2025\/05\/The-Apprentice_1-\u00a9-APPRENTICE-PRODUCTIONS-ONTARIO-INC._PROFILE-PRODUCTIONS-2-APS_TAILORED-FILMS-LTD.-2023-300x169.jpg 300w, http:\/\/kultur-josefstadt.at\/wp-content\/uploads\/2025\/05\/The-Apprentice_1-\u00a9-APPRENTICE-PRODUCTIONS-ONTARIO-INC._PROFILE-PRODUCTIONS-2-APS_TAILORED-FILMS-LTD.-2023-768x432.jpg 768w, http:\/\/kultur-josefstadt.at\/wp-content\/uploads\/2025\/05\/The-Apprentice_1-\u00a9-APPRENTICE-PRODUCTIONS-ONTARIO-INC._PROFILE-PRODUCTIONS-2-APS_TAILORED-FILMS-LTD.-2023-1536x864.jpg 1536w, http:\/\/kultur-josefstadt.at\/wp-content\/uploads\/2025\/05\/The-Apprentice_1-\u00a9-APPRENTICE-PRODUCTIONS-ONTARIO-INC._PROFILE-PRODUCTIONS-2-APS_TAILORED-FILMS-LTD.-2023.jpg 1920w\" sizes=\"(max-width: 1024px) 100vw, 1024px\" \/><\/figure>\n\n\n\n<p><\/p>\n\n\n\n<p>THE APPRENTICE \u2013 THE TRUMP STORY seziert auf spektakul\u00e4re Weise die abgr\u00fcndige Seite der Weltmacht USA, indem er zum ersten Mal die wahre Geschichte von Donald Trumps Aufstieg zur Macht erz\u00e4hlt, dank eines Pakts mit Roy Cohn, dem einflussreichen Anwalt und Fixer, dem Mann f\u00fcr alle F\u00e4lle, der als Lehrmeister den charmant gef\u00fcgigen Million\u00e4rssohn in die Hinterzimmer skrupelloser Politik und die grenzenlose Gier der New Yorker Immobiliengesch\u00e4fte einf\u00fchrt.<\/p>\n\n\n\n<p>Der preisgekr\u00f6nte iranisch-d\u00e4nische Filmemacher Ali Abbasi erz\u00e4hlt auf atemberaubende Weise den Pakt zwischen einem teuflischen Mentor und seinem gelehrigen Sch\u00fctzling, der am Ende die Welt ver\u00e4ndern sollte.<\/p>\n\n\n\n<figure class=\"wp-block-embed is-type-video is-provider-youtube wp-block-embed-youtube wp-embed-aspect-16-9 wp-has-aspect-ratio\"><div class=\"wp-block-embed__wrapper\">\n<iframe loading=\"lazy\" title=\"The Apprentice - OmU - Trailer\" width=\"660\" height=\"371\" src=\"https:\/\/www.youtube.com\/embed\/0yvEOxsdmRw?feature=oembed\" frameborder=\"0\" allow=\"accelerometer; autoplay; clipboard-write; encrypted-media; gyroscope; picture-in-picture; web-share\" referrerpolicy=\"strict-origin-when-cross-origin\" allowfullscreen><\/iframe>\n<\/div><\/figure>\n\n\n\n<hr class=\"wp-block-separator has-alpha-channel-opacity\"\/>\n\n\n\n<h3 class=\"wp-block-heading\">SO.29.06.2025, 21:00 Uhr<\/h3>\n\n\n\n<h2 class=\"wp-block-heading\"><strong>CANADIAN BACON \u2013 UNSERE FEINDLICHEN NACHBARN<\/strong><\/h2>\n\n\n\n<p>Canadian Bacon | Michael Moore | US 1995 | 91 min | Original with German subtitles<\/p>\n\n\n\n<p>Mit: John Candy, Alan Alda, Rhea Perlman, Kevin Pollak, Rip Torn, James Belushi u.a.<\/p>\n\n\n\n<figure class=\"wp-block-image size-large\"><img decoding=\"async\" loading=\"lazy\" width=\"1024\" height=\"669\" src=\"http:\/\/kultur-josefstadt.at\/wp-content\/uploads\/2025\/05\/canadianbacon03-1024x669.png\" alt=\"\" class=\"wp-image-990\" srcset=\"http:\/\/kultur-josefstadt.at\/wp-content\/uploads\/2025\/05\/canadianbacon03-1024x669.png 1024w, http:\/\/kultur-josefstadt.at\/wp-content\/uploads\/2025\/05\/canadianbacon03-300x196.png 300w, http:\/\/kultur-josefstadt.at\/wp-content\/uploads\/2025\/05\/canadianbacon03-768x502.png 768w, http:\/\/kultur-josefstadt.at\/wp-content\/uploads\/2025\/05\/canadianbacon03.png 1182w\" sizes=\"(max-width: 1024px) 100vw, 1024px\" \/><\/figure>\n\n\n\n<p><\/p>\n\n\n\n<p>Die angespannte Lage zwischen den USA und der Sowjetunion w\u00e4hrend des Kalten Krieges hat dem kleinen \u00d6rtchen Niagara Falls Arbeitspl\u00e4tze gesichert. Aber die Zeiten \u00e4ndern sich und so muss das R\u00fcstungsunternehmen Hacker Industries seine Pforten dichtmachen. Nachdem sich der amerikanische Pr\u00e4sident vor Ort ein Bild vom Niedergang gemacht hat und erkennen musste, dass alternative Strategien beim Wahlvolk nicht verfangen, f\u00e4ngt sein Berater Stuart Smiley zusammen mit General Dick Panzer an, einen Rettungsplan zu entwickeln. Wenn es gel\u00e4nge, Kanada als gro\u00dfen Feind darzustellen, dann m\u00fcsste die R\u00fcstungsmaschinerie wieder angeworfen werden und Niagara Falls k\u00f6nnte einer rosigen Zukunft entgegen blicken. Mit Elan machen sich Smiley und Panzer an die Umsetzung, wobei die Situation schon bald au\u00dfer Kontrolle ger\u00e4t und der Pr\u00e4sident alle H\u00e4nde voll zu tun hat, um ein kriegerisches Desaster zu verhindern.<\/p>\n\n\n\n<p>\u201eTreffsichere Satire auf Leichtgl\u00e4ubigkeit, Verf\u00fchrbarkeit und die artige Folgsamkeit der Medien. Bei aller Einfalt ihrer Rollen brillieren vor allem die lustvoll agierenden Schauspieler.\u201c<\/p>\n\n\n\n<figure class=\"wp-block-embed is-type-video is-provider-youtube wp-block-embed-youtube wp-embed-aspect-4-3 wp-has-aspect-ratio\"><div class=\"wp-block-embed__wrapper\">\n<iframe loading=\"lazy\" title=\"Canadian Bacon Official Trailer #1 - Rip Torn Movie (1995) HD\" width=\"660\" height=\"495\" src=\"https:\/\/www.youtube.com\/embed\/4jf8Bt4gD9Y?feature=oembed\" frameborder=\"0\" allow=\"accelerometer; autoplay; clipboard-write; encrypted-media; gyroscope; picture-in-picture; web-share\" referrerpolicy=\"strict-origin-when-cross-origin\" allowfullscreen><\/iframe>\n<\/div><\/figure>\n\n\n\n<hr class=\"wp-block-separator has-alpha-channel-opacity\"\/>\n\n\n\n<p>Diese Veranstaltung findet in Kooperation mit <a href=\"https:\/\/www.volxkino.at\">Volxkino<\/a> statt.<\/p>\n\n\n\n<p>Der Eintritt ist frei. <\/p>\n\n\n\n<p>Wir bedanken uns f\u00fcr die finanzielle Unterst\u00fctzung bei der Stadt Wien und der Bezirksvertretung Josefstadt. <\/p>\n\n\n\n<h2 class=\"wp-block-heading\">19.12.2024, 19 Uhr: Adventkonzert <\/h2>\n\n\n\n<p>In diesem Jahr l\u00e4dt der Kulturverein Josefstadt zu seinem traditionellen Weihnachtskonzert wieder in die ehrw\u00fcrdigen R\u00e4umlichkeiten des Wiener Landesgerichts.<\/p>\n\n\n\n<figure class=\"wp-block-image size-large\"><img decoding=\"async\" loading=\"lazy\" width=\"724\" height=\"1024\" src=\"http:\/\/kultur-josefstadt.at\/wp-content\/uploads\/2024\/11\/WK_2024_Plakat_04-724x1024.jpg\" alt=\"\" class=\"wp-image-968\" srcset=\"http:\/\/kultur-josefstadt.at\/wp-content\/uploads\/2024\/11\/WK_2024_Plakat_04-724x1024.jpg 724w, http:\/\/kultur-josefstadt.at\/wp-content\/uploads\/2024\/11\/WK_2024_Plakat_04-212x300.jpg 212w, http:\/\/kultur-josefstadt.at\/wp-content\/uploads\/2024\/11\/WK_2024_Plakat_04-768x1086.jpg 768w, http:\/\/kultur-josefstadt.at\/wp-content\/uploads\/2024\/11\/WK_2024_Plakat_04-1086x1536.jpg 1086w, http:\/\/kultur-josefstadt.at\/wp-content\/uploads\/2024\/11\/WK_2024_Plakat_04-1448x2048.jpg 1448w, http:\/\/kultur-josefstadt.at\/wp-content\/uploads\/2024\/11\/WK_2024_Plakat_04-scaled.jpg 1810w\" sizes=\"(max-width: 724px) 100vw, 724px\" \/><\/figure>\n\n\n\n<p><\/p>\n\n\n\n<p>Wie in den vergangenen Jahren gestalten der Chor und ein Instrumentalensemble des Joseph-Haydn-Konzertvereins auch heuer ein vielf\u00e4ltiges Programm mit festlichen Werken zur Advents- und Weihnachtszeit. <\/p>\n\n\n\n<p>Zu den aufgef\u00fchrten St\u00fccken geh\u00f6ren das &#8222;Weihnachtsoratorium&#8220; des romantischen Komponisten Heinrich Fidelis M\u00fcller sowie die &#8222;M\u00e4hrische Hirtenmesse&#8220; des tschechischen Komponisten Eduard Marhula. <\/p>\n\n\n\n<p>Die musikalische Leitung liegt bei Robert Fontane, der diese Auswahl getroffen hat, um die Vorfreude auf Weihnachten mit stimmungsvoller Musik zu bereichern. <\/p>\n\n\n\n<p>Der Eintritt ist frei, Spenden f\u00fcr den Kulturverein werden am Saaleingang gerne entgegengenommen. <\/p>\n\n\n\n<p>Platzreservierung m\u00f6glich unter:&nbsp;<a href=\"mailto:lgstraf.gstl@justiz.gv.at\">lgstraf.gstl@justiz.gv.at<\/a>.<\/p>\n\n\n\n<hr class=\"wp-block-separator has-alpha-channel-opacity\"\/>\n\n\n\n<h2 class=\"wp-block-heading\">Gedenktafelenth\u00fcllung f\u00fcr Frau Anna<\/h2>\n\n\n\n<p>Freitag, 13.12., 16:15 Uhr, Josefst\u00e4dter Stra\u00dfe 75, 1080 Wien<\/p>\n\n\n\n<figure class=\"wp-block-image size-large is-resized\"><img decoding=\"async\" src=\"http:\/\/kultur-josefstadt.at\/wp-content\/uploads\/2025\/04\/Instagram_Gedenktafel-edited.png\" alt=\"\" class=\"wp-image-977\" width=\"582\" srcset=\"http:\/\/kultur-josefstadt.at\/wp-content\/uploads\/2025\/04\/Instagram_Gedenktafel-edited.png 1649w, http:\/\/kultur-josefstadt.at\/wp-content\/uploads\/2025\/04\/Instagram_Gedenktafel-edited-300x170.png 300w, http:\/\/kultur-josefstadt.at\/wp-content\/uploads\/2025\/04\/Instagram_Gedenktafel-edited-1024x581.png 1024w, http:\/\/kultur-josefstadt.at\/wp-content\/uploads\/2025\/04\/Instagram_Gedenktafel-edited-768x435.png 768w, http:\/\/kultur-josefstadt.at\/wp-content\/uploads\/2025\/04\/Instagram_Gedenktafel-edited-1536x871.png 1536w\" sizes=\"(max-width: 1649px) 100vw, 1649px\" \/><\/figure>\n\n\n\n<p><\/p>\n\n\n\n<p><\/p>\n\n\n\n<p>Fast 20 Jahre hat Frau Anna als Verk\u00e4uferin der Stra\u00dfenzeitung &#8222;Augustin&#8220; gearbeitet &#8211; die meiste Zeit davon in der Josefstadt an der Ecke Josefst\u00e4dter Stra\u00dfe \/ Albertgasse. Viele Bewohner*innen sch\u00e4tzen sie und z\u00e4hlten zu ihrer Stammkundschaft. Die Zeitung <a href=\"https:\/\/www.facebook.com\/derachtewien?__cft__[0]=AZUehWW9uRu40vF--O4K6fIYKjH-FjanLAqBSJVDZgjvYPqftyUr47eUnA17rqLhC1ys8fbOdxDHrwQR_SoKYuIhw9qGq4v1B7y7gnzGkjk0RqftXsobAUECKo8TC3tFT7URIvQdoxHSAH2gkzLEjXWhopBMOVzwncUeh6pWWtsxOswHx-TWPx5tns-8yW5jxMc&amp;__tn__=-]K-R\">Der Achte<\/a> widmete ihr ein Portr\u00e4t.<\/p>\n\n\n\n<p>2022 ist Frau Anna \u00fcberraschend verstorben. Viele Menschen stellten daraufhin Kerzen und legten Blumen an &#8222;ihrem&#8220; Platz ab. Nun wird eine Tafel an dieser Stelle dauerhaft an Frau Anna erinnern.<\/p>\n\n\n\n<p>Wir laden herzlich zur Enth\u00fcllung der Tafel ein am 13.12. um 16:15 Uhr.<\/p>\n\n\n\n<p>F\u00fcr musikalische Begleitung, hei\u00dfe Getr\u00e4nke und Br\u00f6tchen ist gesorgt.<\/p>\n\n\n\n<p>Wir bedanken uns bei der Kulturkommission Josefstadt f\u00fcr die finanzielle Unterst\u00fctzung.<\/p>\n\n\n\n<p>Danke <a href=\"https:\/\/www.facebook.com\/michael.hampel.184?__cft__[0]=AZUehWW9uRu40vF--O4K6fIYKjH-FjanLAqBSJVDZgjvYPqftyUr47eUnA17rqLhC1ys8fbOdxDHrwQR_SoKYuIhw9qGq4v1B7y7gnzGkjk0RqftXsobAUECKo8TC3tFT7URIvQdoxHSAH2gkzLEjXWhopBMOVzwncUeh6pWWtsxOswHx-TWPx5tns-8yW5jxMc&amp;__tn__=-]K-R\">Michael Hampel<\/a> f\u00fcr die Initiative!<\/p>\n\n\n\n<p><a href=\"https:\/\/www.facebook.com\/augustin.boulevardzeitung?__cft__[0]=AZUehWW9uRu40vF--O4K6fIYKjH-FjanLAqBSJVDZgjvYPqftyUr47eUnA17rqLhC1ys8fbOdxDHrwQR_SoKYuIhw9qGq4v1B7y7gnzGkjk0RqftXsobAUECKo8TC3tFT7URIvQdoxHSAH2gkzLEjXWhopBMOVzwncUeh6pWWtsxOswHx-TWPx5tns-8yW5jxMc&amp;__tn__=-]K-R\">Augustin Boulevardzeitung<\/a><\/p>\n\n\n\n<p>Foto: Mario Lang<\/p>\n\n\n\n<hr class=\"wp-block-separator has-alpha-channel-opacity\"\/>\n\n\n\n<h2 class=\"wp-block-heading\">5. September 2024, 17 Uhr<\/h2>\n\n\n\n<h2 class=\"wp-block-heading\">Theater im Hamerlingpark: &#8222;Bezahlt wird nicht!&#8220; <\/h2>\n\n\n\n<p>Eine Kooperation mit <a href=\"https:\/\/www.utopia-theater.at\/spielplan\/bezahlt-wird-nicht\/\">Utopia Theater<\/a><\/p>\n\n\n\n<figure class=\"wp-block-image size-large\"><img decoding=\"async\" loading=\"lazy\" width=\"1024\" height=\"526\" src=\"http:\/\/kultur-josefstadt.at\/wp-content\/uploads\/2024\/06\/Bildschirmfoto-2024-06-19-um-14.02.17-1024x526.png\" alt=\"\" class=\"wp-image-954\" srcset=\"http:\/\/kultur-josefstadt.at\/wp-content\/uploads\/2024\/06\/Bildschirmfoto-2024-06-19-um-14.02.17-1024x526.png 1024w, http:\/\/kultur-josefstadt.at\/wp-content\/uploads\/2024\/06\/Bildschirmfoto-2024-06-19-um-14.02.17-300x154.png 300w, http:\/\/kultur-josefstadt.at\/wp-content\/uploads\/2024\/06\/Bildschirmfoto-2024-06-19-um-14.02.17-768x395.png 768w, http:\/\/kultur-josefstadt.at\/wp-content\/uploads\/2024\/06\/Bildschirmfoto-2024-06-19-um-14.02.17-1536x789.png 1536w, http:\/\/kultur-josefstadt.at\/wp-content\/uploads\/2024\/06\/Bildschirmfoto-2024-06-19-um-14.02.17-2048x1053.png 2048w\" sizes=\"(max-width: 1024px) 100vw, 1024px\" \/><\/figure>\n\n\n\n<p><\/p>\n\n\n\n<p><strong>Dario Fo<\/strong>&nbsp;erz\u00e4hlt die kom\u00f6diantisch \u00fcberzeichnete Geschichte zweier Arbeiterfamilien, die sich &#8211; angesichts rasant steigender Lebenshaltungskosten von Existenzsorgen geplagt &#8211; ideenreich durch ihr finanziell bescheidenes Leben schlagen und dabei einen gewagten Tanz am Rande der Legalit\u00e4t auff\u00fchren. Als es in einer aufgeheizten Stimmung zu Pl\u00fcnderungen in Superm\u00e4rkten kommt, schlie\u00dfen sich die meisten Frauen eines Gr\u00e4tzls spontan der \u201eSelbstbedienung\u201c an.<\/p>\n\n\n\n<p>Erwartungsgem\u00e4\u00df folgen Razzien der Polizei in allen Wohnungen des Viertels. Die Frauen m\u00fcssen ihre Beute daher nicht nur vor ihren ahnungslosen M\u00e4nnern, die nur vereinzelt in ihren Betrieben aufbegehren, sondern auch vor der Polizei verstecken. Pl\u00f6tzlich scheinen fast alle Frauen im Gr\u00e4tzl schwanger zu sein. Die Verwirrung spitzt sich zu, als auch die M\u00e4nner Lebensmittel unbezahlt an der Polizei vorbei nach Hause schmuggeln.&nbsp;<\/p>\n\n\n\n<p>Rasante Kom\u00f6diantik und politische Utopie &#8211; ein Frontalangriff auf Ihre Lachmuskeln.<\/p>\n\n\n\n<p><strong>BEZAHLT WIRD NICHT<\/strong>&nbsp;entstand Anfang der 1970er Jahre und hat bedauerlicherweise nichts an Aktualit\u00e4t verloren. Es thematisiert das soziale Dilemma oft sehr schlecht bezahlter Arbeitskr\u00e4fte. Viele k\u00f6nnen selbst von ihrem Fulltime-Job nicht \u201e\u00fcber-leben\u201c. Immer mehr Menschen sehnen sich nach einer sinnvollen Work-Life-Balance. Klima- und Umweltentwicklungen verlangen eigentlich entschiedene Ma\u00dfnahmen zum Schutz der menschlichen Existenz. Die Prinzipien des herk\u00f6mmlichen Leistungsdenkens und der Konsumgesellschaft sollten dringend \u00fcberdacht werden. Dennoch sollen wir immer mehr arbeiten, um das bestehende gesellschaftliche Gef\u00fcge &#8211; und damit auch das offensichtlich vorhandene Ungleichgewicht &#8211; aufrecht zu erhalten.&nbsp;<\/p>\n\n\n\n<p>Die Kom\u00f6die BEZAHLT WIRD NICHT beschreibt \u00fcberzeichnet das ernste Problem des kollektiven Gef\u00fchls der Ohnmacht, diesen existenzbedrohenden Entwicklungen schutzlos ausgeliefert zu sein.<\/p>\n\n\n\n<p><strong>Dario Fo<\/strong><\/p>\n\n\n\n<p>wurde am 24. M\u00e4rz 1926 in Sangiano\/ Italien geboren. Er war Regisseur, Schauspieler, Satiriker, Komponist und B\u00fchnenbildner&nbsp; und gilt als einer der wichtigsten Theaterautoren Italiens. Er revitalisierte den Spielstil der Commedia dell`arte und brachte das Leben der \u201eeinfachen Leute\u201c auf die B\u00fchne. Dario Fo f\u00fchrte gemeinsam mit seiner Frau, Franca Rame, seine St\u00fccke in Arbeitervierteln und in Fabriken auf, veranstaltete Theaterworkshops und diskutierte dort mit den Arbeiter*innen. 1997 wurde er mit dem Nobelpreis f\u00fcr Literatur ausgezeichnet. Er starb am 13. Oktober 2016 in Mailand.<\/p>\n\n\n\n<hr class=\"wp-block-separator has-alpha-channel-opacity\"\/>\n\n\n\n<h2 class=\"wp-block-heading\">20.-22. September: <\/h2>\n\n\n\n<h2 class=\"wp-block-heading\">Im Achten herum &#8211; Atelierrundg\u00e4nge Josefstadt 2024<\/h2>\n\n\n\n<figure class=\"wp-block-image size-large\"><img decoding=\"async\" loading=\"lazy\" width=\"1024\" height=\"536\" src=\"http:\/\/kultur-josefstadt.at\/wp-content\/uploads\/2024\/08\/atelierrundgaenge_2024_banner-1024x536.png\" alt=\"\" class=\"wp-image-958\" srcset=\"http:\/\/kultur-josefstadt.at\/wp-content\/uploads\/2024\/08\/atelierrundgaenge_2024_banner-1024x536.png 1024w, http:\/\/kultur-josefstadt.at\/wp-content\/uploads\/2024\/08\/atelierrundgaenge_2024_banner-300x157.png 300w, http:\/\/kultur-josefstadt.at\/wp-content\/uploads\/2024\/08\/atelierrundgaenge_2024_banner-768x402.png 768w, http:\/\/kultur-josefstadt.at\/wp-content\/uploads\/2024\/08\/atelierrundgaenge_2024_banner-1536x804.png 1536w, http:\/\/kultur-josefstadt.at\/wp-content\/uploads\/2024\/08\/atelierrundgaenge_2024_banner.png 1920w\" sizes=\"(max-width: 1024px) 100vw, 1024px\" \/><\/figure>\n\n\n\n<p><\/p>\n\n\n\n<p>Der Kulturverein Josefstadt l\u00e4dt herzlich zu den 13. Atelierrundg\u00e4ngen in der ein. Beginnend mit Freitag, dem 20. September bis zum Sonntag, 22. September, stellen diverse K\u00fcnstler*innen aus der Josefstadt ihre Werke aus und \u00f6ffnen f\u00fcr Interessierte ihre Ateliers.<\/p>\n\n\n\n<p>Den festlichen Auftakt bildet die <strong>Er\u00f6ffnung<\/strong> am <strong>Freitag, den 20. September ab 19 Uhr im Malersaal vom Theater in der Josefstadt,<\/strong> Lange Gasse 39, 1080 Wien. Dort werden die teilnehmenden K\u00fcnstler*innen vorgestellt. F\u00fcr musikalische Unterhaltung sorgt der songwriter Ned Stranger.<\/p>\n\n\n\n<p>Im Rahmen der Gruppenausstellung im Malersaal gibt es am Samstag, 21. September, um 18 Uhr eine Lesung, um auch der <strong>Wortkunst<\/strong> zu huldigen. Es lesen Anna Bauer, Thomas Ballhausen, Max Haberich, Andreas Rainer (Wiener Alltagspoet) und Lena Maria Trohar.<\/p>\n\n\n\n<p>Neben der Gruppenausstellung gibt es die gro\u00dfartige M\u00f6glichkeit, die K\u00fcnstlerinnen und K\u00fcnstler in ihren Ateliers zu besuchen und K\u00fcnste verschiedener Richtungen zu entdecken.<\/p>\n\n\n\n<h3 class=\"wp-block-heading\">Das Programm im Detail<\/h3>\n\n\n\n<h4 class=\"wp-block-heading\"><strong>Freitag, 20. September<\/strong><\/h4>\n\n\n\n<p>19 Uhr: <\/p>\n\n\n\n<p>Er\u00f6ffnung im Malersaal vom Theater in der Josefstadt, Lange Gasse 39<\/p>\n\n\n\n<p>Gruppenausstellung mit Roland Hanak | Kawa Kafruschy | Walter Kanov | Jagoda Lessel | Katharina Prazuch | u.v.m.<\/p>\n\n\n\n<p>Konzert von Ned Stranger<\/p>\n\n\n\n<hr class=\"wp-block-separator has-alpha-channel-opacity\"\/>\n\n\n\n<p>11 \u2013 13 und 14 \u2013 17 Uhr: <\/p>\n\n\n\n<p>Zahra Shahabi (Malerei, Druck, Skulptur, Textil, Film) Piaristengasse 62<\/p>\n\n\n\n<h3 class=\"wp-block-heading\">Samstag, 21. September<\/h3>\n\n\n\n<p>18 Uhr: <\/p>\n\n\n\n<p>Lesung Malersaal vom Theater in der Josefstadt, Lange Gasse 39<\/p>\n\n\n\n<p>mit Anna Bauer, Thomas Ballhausen, Max Haberich, Andreas Rainer (Wiener Alltagspoet) und Lena Maria Trohar<\/p>\n\n\n\n<hr class=\"wp-block-separator has-alpha-channel-opacity\"\/>\n\n\n\n<p>15 \u2013 20:30 Uhr: <\/p>\n\n\n\n<p>Gruppenausstellung im Malersaal vom Theater in der Josefstadt, Lange Gasse 39<\/p>\n\n\n\n<hr class=\"wp-block-separator has-alpha-channel-opacity\"\/>\n\n\n\n<p>16 \u2013 18 Uhr: <\/p>\n\n\n\n<p>Harry Ergott (Malerei), Albertgasse 57<\/p>\n\n\n\n<hr class=\"wp-block-separator has-alpha-channel-opacity\"\/>\n\n\n\n<p>15 \u2013 18 Uhr: <\/p>\n\n\n\n<p>Lisa Est (Zeichnung, Grafik, Film, Objekt), Pfeilgasse 43\/32<\/p>\n\n\n\n<hr class=\"wp-block-separator has-alpha-channel-opacity\"\/>\n\n\n\n<p>16 \u2013 19 Uhr: <\/p>\n\n\n\n<p>Sylvia Fischer (Malerei), Pfeilgasse 51<\/p>\n\n\n\n<hr class=\"wp-block-separator has-alpha-channel-opacity\"\/>\n\n\n\n<p>16 \u2013 19 Uhr: <\/p>\n\n\n\n<p>Udo Hohenberger (Malerei), Pfeilgasse 51<\/p>\n\n\n\n<hr class=\"wp-block-separator has-alpha-channel-opacity\"\/>\n\n\n\n<p>15 \u2013 18 Uhr: <\/p>\n\n\n\n<p>Walter Kanov (Fotografie, Objektk\u00fcnstler, Maler): Ausstellung in der Redaktion \u201eDer Achte\u201c, Albertgasse 13-15<\/p>\n\n\n\n<hr class=\"wp-block-separator has-alpha-channel-opacity\"\/>\n\n\n\n<p>16 \u2013 21 Uhr: <\/p>\n\n\n\n<p>Sabina K\u00f6hlmeier (Malerei), Josefst\u00e4dter Stra\u00dfe 53 im Hof<\/p>\n\n\n\n<hr class=\"wp-block-separator has-alpha-channel-opacity\"\/>\n\n\n\n<p>12 \u2013 19 Uhr: <\/p>\n\n\n\n<p>Isabella Langer (Malerei, Grafik, Malerei) Florianigasse 50\/1\/8<\/p>\n\n\n\n<hr class=\"wp-block-separator has-alpha-channel-opacity\"\/>\n\n\n\n<p>10 \u2013 13 Uhr: <\/p>\n\n\n\n<p>Ina Loitzl (Installation, Video, Textilobjekt), Albertplatz 1\/3. Stock\/T\u00fcr 14<\/p>\n\n\n\n<hr class=\"wp-block-separator has-alpha-channel-opacity\"\/>\n\n\n\n<p>16 \u2013 22 Uhr: <\/p>\n\n\n\n<p>Gustavo Mendez \u2013 Liska (Zeichnung, Malerei, Bildhaurei), Tigergasse 14 Souterrain<\/p>\n\n\n\n<hr class=\"wp-block-separator has-alpha-channel-opacity\"\/>\n\n\n\n<p>13 \u2013 20 Uhr: <\/p>\n\n\n\n<p>Helmut Pokornig (Grafik) Ausstellung im Hotel Rathaus Wein &amp; Design, Lange Gasse 13<\/p>\n\n\n\n<hr class=\"wp-block-separator has-alpha-channel-opacity\"\/>\n\n\n\n<p>20:30 \u2013 22:30 Uhr: <\/p>\n\n\n\n<p>Osso Osso (Malerei), Lammgasse 2<\/p>\n\n\n\n<hr class=\"wp-block-separator has-alpha-channel-opacity\"\/>\n\n\n\n<p>16 \u2013 22 Uhr: <\/p>\n\n\n\n<p>Erika Seywald (Malerei, Grafik), Josefst\u00e4dter Stra\u00dfe 53\/4<\/p>\n\n\n\n<hr class=\"wp-block-separator has-alpha-channel-opacity\"\/>\n\n\n\n<p>11 \u2013 13 und 14 \u2013 17 Uhr: <\/p>\n\n\n\n<p>Zahra Shahabi (Malerei, Druck, Skulptur, Textil, Film) Piaristengasse 62<\/p>\n\n\n\n<hr class=\"wp-block-separator has-alpha-channel-opacity\"\/>\n\n\n\n<p>17 \u2013 21 Uhr: <\/p>\n\n\n\n<p>Bert Schifferdecker (Fotografie) pr\u00e4sentiert von Warren Rosenzweig im Kultursalon Wien, Lerchenfelderg\u00fcrtel 58\/23<\/p>\n\n\n\n<h3 class=\"wp-block-heading\">Sonntag, 22. September<\/h3>\n\n\n\n<p>15 \u2013 17:30 Uhr: <\/p>\n\n\n\n<p>Harry Ergott (Malerei), Albertgasse 57<\/p>\n\n\n\n<hr class=\"wp-block-separator has-alpha-channel-opacity\"\/>\n\n\n\n<p>15 \u2013 18 Uhr: <\/p>\n\n\n\n<p>Lisa Est (Zeichnung, Grafik, Film, Objekt), Pfeilgasse 43\/32<\/p>\n\n\n\n<hr class=\"wp-block-separator has-alpha-channel-opacity\"\/>\n\n\n\n<p>16 \u2013 19 Uhr: <\/p>\n\n\n\n<p>Sylvia Fischer (Malerei), Pfeilgasse 51<\/p>\n\n\n\n<hr class=\"wp-block-separator has-alpha-channel-opacity\"\/>\n\n\n\n<p>16 \u2013 19 Uhr: <\/p>\n\n\n\n<p>Udo Hohenberger (Malerei), Pfeilgasse 51<\/p>\n\n\n\n<hr class=\"wp-block-separator has-alpha-channel-opacity\"\/>\n\n\n\n<p>15 \u2013 18 Uhr: <\/p>\n\n\n\n<p>Walter Kanov (Fotografie, Objektk\u00fcnstler, Maler): Ausstellung in der Redaktion \u201eDer Achte\u201c, Albertgasse 13-15<\/p>\n\n\n\n<hr class=\"wp-block-separator has-alpha-channel-opacity\"\/>\n\n\n\n<p>14 \u2013 19 Uhr: 6.&nbsp;&nbsp;<\/p>\n\n\n\n<p>Ulli Klepalski (Bildende Kunst) Buchfeldgasse 9\/1+2<\/p>\n\n\n\n<hr class=\"wp-block-separator has-alpha-channel-opacity\"\/>\n\n\n\n<p>14 \u2013 17 Uhr: <\/p>\n\n\n\n<p>Isabella Langer (Malerei, Grafik, Malerei) Florianigasse 50\/1\/8<\/p>\n\n\n\n<hr class=\"wp-block-separator has-alpha-channel-opacity\"\/>\n\n\n\n<p>10 \u2013 13 Uhr: <\/p>\n\n\n\n<p>Ina Loitzl (Installation, Video, Textilobjekt), Albertplatz 1\/3. Stock\/T\u00fcr 14<\/p>\n\n\n\n<hr class=\"wp-block-separator has-alpha-channel-opacity\"\/>\n\n\n\n<p>16 \u2013 22 Uhr: <\/p>\n\n\n\n<p>Gustavo Mendez \u2013 Liska (Zeichnung, Malerei, Bildhaurei), Tigergasse 14 Souterrain<\/p>\n\n\n\n<hr class=\"wp-block-separator has-alpha-channel-opacity\"\/>\n\n\n\n<p>13 \u2013 20 Uhr: <\/p>\n\n\n\n<p>Helmut Pokornig (Grafik) Ausstellung im Hotel Rathaus Wein &amp; Design, Lange Gasse 13<\/p>\n\n\n\n<hr class=\"wp-block-separator has-alpha-channel-opacity\"\/>\n\n\n\n<p>20:30 \u2013 22:30 Uhr: <\/p>\n\n\n\n<p>Osso Osso (Malerei), Lammgasse 2<\/p>\n\n\n\n<hr class=\"wp-block-separator has-alpha-channel-opacity\"\/>\n\n\n\n<p>11 \u2013 13 und 14 \u2013 17 Uhr: <\/p>\n\n\n\n<p>Zahra Shahabi (Malerei, Druck, Skulptur, Textil, Film) Piaristengasse 62<\/p>\n\n\n\n<hr class=\"wp-block-separator has-alpha-channel-opacity\"\/>\n\n\n\n<p>17 \u2013 21 Uhr: <\/p>\n\n\n\n<p>Bert Schifferdecker (Fotografie) pr\u00e4sentiert von Warren Rosenzweig im Kultursalon Wien, Lerchenfelderg\u00fcrtel 58\/23<\/p>\n\n\n\n<hr class=\"wp-block-separator has-alpha-channel-opacity\"\/>\n\n\n\n<p><em>\u00c4nderungen im Programm vorbehalten.<\/em><\/p>\n\n\n\n<p>Mit freundlicher Unterst\u00fctzung von der Kulturabteilung der Stadt Wien (MA7), Basis.Kultur.Wien, Kulturf\u00f6rderung Josefstadt, die Zeitung \u201eDer Achte\u201c und Theater in der Josefstadt.<\/p>\n\n\n\n<figure class=\"wp-block-image size-large is-resized\"><img decoding=\"async\" loading=\"lazy\" src=\"http:\/\/kultur-josefstadt.at\/wp-content\/uploads\/2023\/05\/Stadt_Wien_Kultur_pos_cmyk-edited-1024x292.jpg\" alt=\"\" class=\"wp-image-779\" width=\"292\" height=\"82\" srcset=\"http:\/\/kultur-josefstadt.at\/wp-content\/uploads\/2023\/05\/Stadt_Wien_Kultur_pos_cmyk-edited-1024x292.jpg 1024w, http:\/\/kultur-josefstadt.at\/wp-content\/uploads\/2023\/05\/Stadt_Wien_Kultur_pos_cmyk-edited-768x219.jpg 768w, http:\/\/kultur-josefstadt.at\/wp-content\/uploads\/2023\/05\/Stadt_Wien_Kultur_pos_cmyk-edited-1536x438.jpg 1536w, http:\/\/kultur-josefstadt.at\/wp-content\/uploads\/2023\/05\/Stadt_Wien_Kultur_pos_cmyk-edited.jpg 1722w\" sizes=\"(max-width: 292px) 100vw, 292px\" \/><\/figure>\n\n\n\n<p><br><\/p>\n\n\n\n<figure class=\"wp-block-image size-large is-resized\"><img decoding=\"async\" loading=\"lazy\" src=\"http:\/\/kultur-josefstadt.at\/wp-content\/uploads\/2023\/05\/logo-regenbogen-edited-1024x136.png\" alt=\"\" class=\"wp-image-777\" width=\"301\" height=\"39\" srcset=\"http:\/\/kultur-josefstadt.at\/wp-content\/uploads\/2023\/05\/logo-regenbogen-edited-1024x136.png 1024w, http:\/\/kultur-josefstadt.at\/wp-content\/uploads\/2023\/05\/logo-regenbogen-edited-300x40.png 300w, http:\/\/kultur-josefstadt.at\/wp-content\/uploads\/2023\/05\/logo-regenbogen-edited-768x102.png 768w, http:\/\/kultur-josefstadt.at\/wp-content\/uploads\/2023\/05\/logo-regenbogen-edited-1536x204.png 1536w, http:\/\/kultur-josefstadt.at\/wp-content\/uploads\/2023\/05\/logo-regenbogen-edited-2048x272.png 2048w\" sizes=\"(max-width: 301px) 100vw, 301px\" \/><\/figure>\n\n\n\n<hr class=\"wp-block-separator has-alpha-channel-opacity\"\/>\n\n\n\n<h2 class=\"wp-block-heading\">Sommerkino Josefstadt<\/h2>\n\n\n\n<h2 class=\"wp-block-heading\">13.-16. Juni 2024, Jodok-Fink-Platz<\/h2>\n\n\n\n<hr class=\"wp-block-separator has-alpha-channel-opacity\"\/>\n\n\n\n<h4 class=\"wp-block-heading\"><strong>Donnerstag, 13.6.<\/strong><em> <\/em><\/h4>\n\n\n\n<h3 class=\"wp-block-heading\"><em>Vorfilm<\/em>: <em><strong>HELDENKANZLER<\/strong><\/em><\/h3>\n\n\n\n<p>AT 2011, 13 Min.<\/p>\n\n\n\n<p>Regie: Benjamin Swiczinsky<\/p>\n\n\n\n<figure class=\"wp-block-image size-large\"><img decoding=\"async\" loading=\"lazy\" width=\"1024\" height=\"576\" src=\"http:\/\/kultur-josefstadt.at\/wp-content\/uploads\/2024\/05\/heldenkanzler-2011-swiczinsky-recensione-1-1024x576.jpg\" alt=\"\" class=\"wp-image-944\" srcset=\"http:\/\/kultur-josefstadt.at\/wp-content\/uploads\/2024\/05\/heldenkanzler-2011-swiczinsky-recensione-1-1024x576.jpg 1024w, http:\/\/kultur-josefstadt.at\/wp-content\/uploads\/2024\/05\/heldenkanzler-2011-swiczinsky-recensione-1-300x169.jpg 300w, http:\/\/kultur-josefstadt.at\/wp-content\/uploads\/2024\/05\/heldenkanzler-2011-swiczinsky-recensione-1-768x432.jpg 768w, http:\/\/kultur-josefstadt.at\/wp-content\/uploads\/2024\/05\/heldenkanzler-2011-swiczinsky-recensione-1.jpg 1400w\" sizes=\"(max-width: 1024px) 100vw, 1024px\" \/><\/figure>\n\n\n\n<p><\/p>\n\n\n\n<p>Es war einmal im Jahre 1933 ein kleiner schnauzb\u00e4rtiger \u00d6sterreicher, dessen gr\u00f6\u00dfter Traum es war, faschistischer Diktator zu werden. Nein, nicht in Deutschland sondern in \u00d6sterreich. Dieser kleine Mann hie\u00df Engelbert Dollfu\u00df\u2026<\/p>\n\n\n\n<p>Ein komplexbehafteter M\u00f6chtegern-Diktator auf dem steinigen Weg nach oben: Hinfort mit den linken Parteien, her mit der Todesstrafe. Der Rest sollte ein leichtes sein. Archivmaterial und Animationssequenzen begleiten Engelbert Dollfu\u00df beim Aufstieg zum &#8222;Heldenkanzler&#8220; &#8211; und zwar herrlich unkonventionell, ohne p\u00e4dagogische Zeigefingerattit\u00fcde. Bis heute ist der austrofaschistische St\u00e4ndestaat geschichtlich unterbeleuchtet. Ein Weckruf.<\/p>\n\n\n\n<hr class=\"wp-block-separator has-alpha-channel-opacity\"\/>\n\n\n\n<h3 class=\"wp-block-heading\"><strong>LOLA<\/strong><\/h3>\n\n\n\n<p>GB\/IE 2023, 79 Min., OmU<\/p>\n\n\n\n<p>RegieAndrew Legge<\/p>\n\n\n\n<p>mit Emma Appleton, Stefanie Martini, Rory Fleck-Byrne, Aaron Monaghan,&nbsp;&nbsp;u.a.<\/p>\n\n\n\n<figure class=\"wp-block-image size-large\"><img decoding=\"async\" loading=\"lazy\" width=\"1024\" height=\"682\" src=\"http:\/\/kultur-josefstadt.at\/wp-content\/uploads\/2024\/05\/LOLA_Pressefoto_01-1024x682.jpg\" alt=\"\" class=\"wp-image-945\" srcset=\"http:\/\/kultur-josefstadt.at\/wp-content\/uploads\/2024\/05\/LOLA_Pressefoto_01-1024x682.jpg 1024w, http:\/\/kultur-josefstadt.at\/wp-content\/uploads\/2024\/05\/LOLA_Pressefoto_01-300x200.jpg 300w, http:\/\/kultur-josefstadt.at\/wp-content\/uploads\/2024\/05\/LOLA_Pressefoto_01-768x512.jpg 768w, http:\/\/kultur-josefstadt.at\/wp-content\/uploads\/2024\/05\/LOLA_Pressefoto_01-1536x1024.jpg 1536w, http:\/\/kultur-josefstadt.at\/wp-content\/uploads\/2024\/05\/LOLA_Pressefoto_01.jpg 1772w\" sizes=\"(max-width: 1024px) 100vw, 1024px\" \/><\/figure>\n\n\n\n<p><\/p>\n\n\n\n<p>Neues, wildes und junges Kino aus Irland, das gegenw\u00e4rtiger nicht sein k\u00f6nnte. Regisseur Andrew Legges selbstironisches Spiel mit Zeit und Wahrheit f\u00fchrt das Publikum gen\u00fcsslich auf wackelige F\u00e4hrten und wirft verliebte Blicke in den Abgrund der Geschichte. Die Schwestern Thomasina und Martha, genannt Thom und Mars, entwerfen im London der 1940er-Jahre eine Maschine, die Radio und Fernseh-Schnipsel aus der Zukunft empfangen kann. Sie taufen das Ger\u00e4t \u201eLola\u201c und nutzen es zu ihrer Unterhaltung. Es wird zu Kultmusik getanzt, noch bevor diese geschrieben wird, und todsichere Wetten werden gewonnen. Doch die Unbeschwertheit verfliegt, als der Zweite Weltkrieg zunehmend eskaliert, woraufhin die Schwestern beschlie\u00dfen, milit\u00e4rische Informationen aus der Zukunft abzufangen, um Lola nicht mehr nur zur Unterhaltung, sondern f\u00fcr politische Zwecke einzusetzen. Ihre Zeitmaschine ist ein gro\u00dfer Erfolg im britischen Kampf gegen die Nazis. Sie ver\u00e4ndert den Verlauf des Krieges und letztlich auch die Geschichte. Andrew Legges versucht sich mit seinem Langfilmdeb\u00fct \u201eLola\u201c an einem stilbewussten und hochgradig romantischen Thriller, der die Nerven kunstvoll kitzelt.<\/p>\n\n\n\n<hr class=\"wp-block-separator has-alpha-channel-opacity\"\/>\n\n\n\n<h4 class=\"wp-block-heading\"><strong>Freitag, 14.6.<\/strong><\/h4>\n\n\n\n<h3 class=\"wp-block-heading\"><strong>FREMONT<\/strong><\/h3>\n\n\n\n<p>US 2023, 91 Min , OmU<\/p>\n\n\n\n<p>Regie: Babak Jalali, mit Anaita Wali Zada, Gregg Turkington, Jeremy Allen White, u.a.<\/p>\n\n\n\n<figure class=\"wp-block-image size-large\"><img decoding=\"async\" loading=\"lazy\" width=\"1024\" height=\"744\" src=\"http:\/\/kultur-josefstadt.at\/wp-content\/uploads\/2024\/05\/fremont_05-1024x744.jpeg\" alt=\"\" class=\"wp-image-943\" srcset=\"http:\/\/kultur-josefstadt.at\/wp-content\/uploads\/2024\/05\/fremont_05-1024x744.jpeg 1024w, http:\/\/kultur-josefstadt.at\/wp-content\/uploads\/2024\/05\/fremont_05-300x218.jpeg 300w, http:\/\/kultur-josefstadt.at\/wp-content\/uploads\/2024\/05\/fremont_05-768x558.jpeg 768w, http:\/\/kultur-josefstadt.at\/wp-content\/uploads\/2024\/05\/fremont_05.jpeg 1200w\" sizes=\"(max-width: 1024px) 100vw, 1024px\" \/><\/figure>\n\n\n\n<p>Ein Gl\u00fcckskeks von Film: Donya hat als \u00dcbersetzerin in ihrer afghanischen Heimat f\u00fcr die US-Regierung gearbeitet und konnte sich im letzten Moment absetzen. Jetzt lebt die 25-J\u00e4hrige im kalifornischen Fremont, schreibt Weisheiten f\u00fcr Gl\u00fcckskekse und tr\u00e4umt. Babak Jalali f\u00fchrt uns mit z\u00e4rtlichem Humor und wohltuender Lakonik \u00e0 la Jim Jarmusch vor Augen, was Menschen einander n\u00e4her bringen kann. Hervorragend besetzt mit Anaita Wali Zada, Jeremy Allen White (The Bear) und Gregg Turkington.<\/p>\n\n\n\n<hr class=\"wp-block-separator has-alpha-channel-opacity\"\/>\n\n\n\n<h4 class=\"wp-block-heading\"><strong>Samstag, 15.6.<\/strong><\/h4>\n\n\n\n<h3 class=\"wp-block-heading\"><strong>ANATOMIE EINES FALLS<\/strong><\/h3>\n\n\n\n<p>FR 2023, 151 Min. , OmU<\/p>\n\n\n\n<p>Regie: Justine Triet, Sandra H\u00fcller, Antoine Reinartz, Swann Arlaud, Jehnny Beth, Samuel Theis,, u.a.<\/p>\n\n\n\n<figure class=\"wp-block-image size-large\"><img decoding=\"async\" loading=\"lazy\" width=\"1024\" height=\"679\" src=\"http:\/\/kultur-josefstadt.at\/wp-content\/uploads\/2024\/05\/AnatomieeinesFalls1_Samuel_THEIS___Sandra_HULLER_\u00a9Justine_Triet_-Kopie-2-1024x679.jpg\" alt=\"\" class=\"wp-image-948\" srcset=\"http:\/\/kultur-josefstadt.at\/wp-content\/uploads\/2024\/05\/AnatomieeinesFalls1_Samuel_THEIS___Sandra_HULLER_\u00a9Justine_Triet_-Kopie-2-1024x679.jpg 1024w, http:\/\/kultur-josefstadt.at\/wp-content\/uploads\/2024\/05\/AnatomieeinesFalls1_Samuel_THEIS___Sandra_HULLER_\u00a9Justine_Triet_-Kopie-2-300x199.jpg 300w, http:\/\/kultur-josefstadt.at\/wp-content\/uploads\/2024\/05\/AnatomieeinesFalls1_Samuel_THEIS___Sandra_HULLER_\u00a9Justine_Triet_-Kopie-2-768x509.jpg 768w, http:\/\/kultur-josefstadt.at\/wp-content\/uploads\/2024\/05\/AnatomieeinesFalls1_Samuel_THEIS___Sandra_HULLER_\u00a9Justine_Triet_-Kopie-2-1536x1018.jpg 1536w, http:\/\/kultur-josefstadt.at\/wp-content\/uploads\/2024\/05\/AnatomieeinesFalls1_Samuel_THEIS___Sandra_HULLER_\u00a9Justine_Triet_-Kopie-2-2048x1358.jpg 2048w\" sizes=\"(max-width: 1024px) 100vw, 1024px\" \/><\/figure>\n\n\n\n<p>Der Gewinner der letztj\u00e4hrigen Goldenen Palme in Cannes ist in mehr als einer Hinsicht eine \u00dcberraschung. Regisseurin Justine Triet wagt eine aufregende Mischung aus dialog-orientiertem Gerichtsfilm und modernem Beziehungsdrama. Die Szenen vor Gericht erzeugen auch ohne k\u00fchne Plotwendungen und rhetorisch brillante Pl\u00e4doyers Hochspannung, das sich abzeichnende Ehedrama l\u00e4dt statt zum Mitf\u00fchlen zur Analyse ein. Es ist die schwierige Geschichte einer Familie und eines Todes, der viele R\u00e4tsel aufgibt. Vor allem aber der Film einer Ausnahmeschauspielerin, Sandra H\u00fcller, die ganz und gar in der Rolle aufgeht und dabei doch ganz und gar bei sich bleibt. (Barbara Schweizerhof)<\/p>\n\n\n\n<hr class=\"wp-block-separator has-alpha-channel-opacity\"\/>\n\n\n\n<h4 class=\"wp-block-heading\"><strong>Sonntag, 16.6.<\/strong><\/h4>\n\n\n\n<h3 class=\"wp-block-heading\"><strong>CLUB ZERO<\/strong><\/h3>\n\n\n\n<p>GB\/AT 2023, 109 Min., OmU<\/p>\n\n\n\n<p>Regie: Jessica Hausner, mit Mia Wasikowska, Sidse Babette Knudsen, Elsa Zylberstein, Mathieu Demy, u.a.<\/p>\n\n\n\n<figure class=\"wp-block-image size-large\"><img decoding=\"async\" loading=\"lazy\" width=\"1024\" height=\"576\" src=\"http:\/\/kultur-josefstadt.at\/wp-content\/uploads\/2024\/05\/ClubZero_still_3-1-1024x576.jpg\" alt=\"\" class=\"wp-image-942\" srcset=\"http:\/\/kultur-josefstadt.at\/wp-content\/uploads\/2024\/05\/ClubZero_still_3-1-1024x576.jpg 1024w, http:\/\/kultur-josefstadt.at\/wp-content\/uploads\/2024\/05\/ClubZero_still_3-1-300x169.jpg 300w, http:\/\/kultur-josefstadt.at\/wp-content\/uploads\/2024\/05\/ClubZero_still_3-1-768x432.jpg 768w, http:\/\/kultur-josefstadt.at\/wp-content\/uploads\/2024\/05\/ClubZero_still_3-1-1536x864.jpg 1536w, http:\/\/kultur-josefstadt.at\/wp-content\/uploads\/2024\/05\/ClubZero_still_3-1.jpg 1920w\" sizes=\"(max-width: 1024px) 100vw, 1024px\" \/><\/figure>\n\n\n\n<p><\/p>\n\n\n\n<p>Miss Novak unterrichtet an einer Elite-Schule das Fach \u201eBewusste Ern\u00e4hrung\u201c. Die Klasse ger\u00e4t v\u00f6llig in den Bann der \u00fcberzeugenden P\u00e4dagogin \u2013 wer will nicht das K\u00f6rperfett reduzieren, fit sein und dabei auch noch die Welt retten? Doch allm\u00e4hlich f\u00fchrt Miss Novak ihre Sch\u00fcler*innen in einen absurden und gef\u00e4hrlichen Kult, dem sie sich nicht entziehen k\u00f6nnen oder wollen. Gemeinsam gehen sie singend und hungernd Richtung Untergang.<\/p>\n\n\n\n<p>Das neue Werk der \u00f6sterreichischen Autorenfilmerin Jessica Hausner ist eine hoch stilisierte, eigenwillig entr\u00fcckte, gesellschaftskritische Thrillersatire rund um die Themen Konsum, sektenhafte Extreme und schlechte Essgewohnheiten.<\/p>\n\n\n\n<hr class=\"wp-block-separator has-alpha-channel-opacity\"\/>\n\n\n\n<p>Wir bedanken uns bei der Basis.Kultur.Wien, der MA7 und der Kulturkommission Josefstadt f\u00fcr die finanzielle Unterst\u00fctzung.<\/p>\n\n\n\n<figure class=\"wp-block-image size-large is-resized\"><img decoding=\"async\" loading=\"lazy\" src=\"http:\/\/kultur-josefstadt.at\/wp-content\/uploads\/2023\/05\/Stadt_Wien_Kultur_pos_cmyk-edited-1024x292.jpg\" alt=\"\" class=\"wp-image-779\" width=\"237\" height=\"68\" srcset=\"http:\/\/kultur-josefstadt.at\/wp-content\/uploads\/2023\/05\/Stadt_Wien_Kultur_pos_cmyk-edited-1024x292.jpg 1024w, http:\/\/kultur-josefstadt.at\/wp-content\/uploads\/2023\/05\/Stadt_Wien_Kultur_pos_cmyk-edited-300x86.jpg 300w, http:\/\/kultur-josefstadt.at\/wp-content\/uploads\/2023\/05\/Stadt_Wien_Kultur_pos_cmyk-edited-768x219.jpg 768w, http:\/\/kultur-josefstadt.at\/wp-content\/uploads\/2023\/05\/Stadt_Wien_Kultur_pos_cmyk-edited-1536x438.jpg 1536w, http:\/\/kultur-josefstadt.at\/wp-content\/uploads\/2023\/05\/Stadt_Wien_Kultur_pos_cmyk-edited.jpg 1722w\" sizes=\"(max-width: 237px) 100vw, 237px\" \/><\/figure>\n\n\n\n<hr class=\"wp-block-separator has-alpha-channel-opacity\"\/>\n\n\n\n<figure class=\"wp-block-image size-large is-resized\"><img decoding=\"async\" loading=\"lazy\" src=\"http:\/\/kultur-josefstadt.at\/wp-content\/uploads\/2022\/09\/Josefstadt-KUK-Logo-neu-bunt-1024x136.png\" alt=\"\" class=\"wp-image-628\" width=\"233\" height=\"31\" srcset=\"http:\/\/kultur-josefstadt.at\/wp-content\/uploads\/2022\/09\/Josefstadt-KUK-Logo-neu-bunt-1024x136.png 1024w, http:\/\/kultur-josefstadt.at\/wp-content\/uploads\/2022\/09\/Josefstadt-KUK-Logo-neu-bunt-300x40.png 300w, http:\/\/kultur-josefstadt.at\/wp-content\/uploads\/2022\/09\/Josefstadt-KUK-Logo-neu-bunt-768x102.png 768w, http:\/\/kultur-josefstadt.at\/wp-content\/uploads\/2022\/09\/Josefstadt-KUK-Logo-neu-bunt-1536x204.png 1536w, http:\/\/kultur-josefstadt.at\/wp-content\/uploads\/2022\/09\/Josefstadt-KUK-Logo-neu-bunt-2048x272.png 2048w\" sizes=\"(max-width: 233px) 100vw, 233px\" \/><\/figure>\n\n\n\n<hr class=\"wp-block-separator has-alpha-channel-opacity\"\/>\n\n\n\n<h2 class=\"wp-block-heading\">7.12.2023, 19:30 Uhr<\/h2>\n\n\n\n<h2 class=\"wp-block-heading\">Adventkonzert des Joseph-Haydn-Konzertvereins<\/h2>\n\n\n\n<figure class=\"wp-block-image size-large\"><img decoding=\"async\" loading=\"lazy\" width=\"724\" height=\"1024\" src=\"http:\/\/kultur-josefstadt.at\/wp-content\/uploads\/2023\/11\/WK_2023_Plakat_04-724x1024.jpg\" alt=\"\" class=\"wp-image-935\" srcset=\"http:\/\/kultur-josefstadt.at\/wp-content\/uploads\/2023\/11\/WK_2023_Plakat_04-724x1024.jpg 724w, http:\/\/kultur-josefstadt.at\/wp-content\/uploads\/2023\/11\/WK_2023_Plakat_04-212x300.jpg 212w, http:\/\/kultur-josefstadt.at\/wp-content\/uploads\/2023\/11\/WK_2023_Plakat_04-768x1086.jpg 768w, http:\/\/kultur-josefstadt.at\/wp-content\/uploads\/2023\/11\/WK_2023_Plakat_04-1086x1536.jpg 1086w, http:\/\/kultur-josefstadt.at\/wp-content\/uploads\/2023\/11\/WK_2023_Plakat_04-1448x2048.jpg 1448w, http:\/\/kultur-josefstadt.at\/wp-content\/uploads\/2023\/11\/WK_2023_Plakat_04-scaled.jpg 1810w\" sizes=\"(max-width: 724px) 100vw, 724px\" \/><\/figure>\n\n\n\n<p><\/p>\n\n\n\n<p>Am 7. Dezember 2023 l\u00e4dt der Kulturverein Josefstadt zu einem Adventkonzert in den Wiener Justizpalast.&nbsp;<\/p>\n\n\n\n<p>Die prunkvolle Aula wird den Rahmen f\u00fcr klassische Musik zur Vorweihnachtszeit geben.&nbsp;<\/p>\n\n\n\n<p>Neben Liedern zum Advent wird das Oratorium &#8222;Die Geburt Christi&#8220; des Brahms Zeitgenossen Heinrich von Herzogenberg auf dem Programm stehen.&nbsp;<\/p>\n\n\n\n<p>Ausf\u00fchrende sind ein Vokalensemble und Instrumentalisten des Joseph Haydn Konzertvereins sowie Ayane Takahashi (Sopran-Solo), Yonka Tsvetkova (Alt-Solo), Gabriel Steiner (Tenor-Solo), Leitung und Gesang: Robert Fontane.<\/p>\n\n\n\n<p>Der Eintritt ist frei (Spenden erbeten)<\/p>\n\n\n\n<p>Beginn ist 19.30 Uhr<br>Dauer: ca. 90 Minuten<\/p>\n\n\n\n<p>Wir bedanken uns bei der MA 7 und bei der Basis.Kultur.Wien f\u00fcr die finanzielle Unterst\u00fctzung.<\/p>\n\n\n\n<p><\/p>\n\n\n\n<hr class=\"wp-block-separator has-alpha-channel-opacity\"\/>\n\n\n\n<h2 class=\"wp-block-heading\">Das waren die Atelierrundg\u00e4nge 2023<\/h2>\n\n\n\n<p>Impressionen von der Auftaktveranstaltung im Volkskundemuseum<\/p>\n\n\n\n<figure class=\"wp-block-gallery has-nested-images columns-2 is-cropped wp-block-gallery-1 is-layout-flex\">\n<figure class=\"wp-block-image size-large\"><img decoding=\"async\" loading=\"lazy\" width=\"1650\" height=\"2475\" data-id=\"924\"  src=\"http:\/\/kultur-josefstadt.at\/wp-content\/uploads\/2023\/10\/IMG_4505-edited-rotated.jpeg\" alt=\"\" class=\"wp-image-924\" srcset=\"http:\/\/kultur-josefstadt.at\/wp-content\/uploads\/2023\/10\/IMG_4505-edited-rotated.jpeg 1650w, http:\/\/kultur-josefstadt.at\/wp-content\/uploads\/2023\/10\/IMG_4505-edited-200x300.jpeg 200w, http:\/\/kultur-josefstadt.at\/wp-content\/uploads\/2023\/10\/IMG_4505-edited-683x1024.jpeg 683w, http:\/\/kultur-josefstadt.at\/wp-content\/uploads\/2023\/10\/IMG_4505-edited-768x1152.jpeg 768w, http:\/\/kultur-josefstadt.at\/wp-content\/uploads\/2023\/10\/IMG_4505-edited-1024x1536.jpeg 1024w, http:\/\/kultur-josefstadt.at\/wp-content\/uploads\/2023\/10\/IMG_4505-edited-1365x2048.jpeg 1365w\" sizes=\"(max-width: 1650px) 100vw, 1650px\" \/><\/figure>\n\n\n\n<figure class=\"wp-block-image size-large\"><img decoding=\"async\" loading=\"lazy\" width=\"640\" height=\"640\" data-id=\"886\"  src=\"http:\/\/kultur-josefstadt.at\/wp-content\/uploads\/2023\/10\/IMG_4575-1.jpeg\" alt=\"\" class=\"wp-image-886\" srcset=\"http:\/\/kultur-josefstadt.at\/wp-content\/uploads\/2023\/10\/IMG_4575-1.jpeg 640w, http:\/\/kultur-josefstadt.at\/wp-content\/uploads\/2023\/10\/IMG_4575-1-300x300.jpeg 300w, http:\/\/kultur-josefstadt.at\/wp-content\/uploads\/2023\/10\/IMG_4575-1-150x150.jpeg 150w\" sizes=\"(max-width: 640px) 100vw, 640px\" \/><\/figure>\n\n\n\n<figure class=\"wp-block-image size-large\"><img decoding=\"async\" loading=\"lazy\" width=\"640\" height=\"427\" data-id=\"881\"  src=\"http:\/\/kultur-josefstadt.at\/wp-content\/uploads\/2023\/10\/IMG_4534-1.jpeg\" alt=\"\" class=\"wp-image-881\" srcset=\"http:\/\/kultur-josefstadt.at\/wp-content\/uploads\/2023\/10\/IMG_4534-1.jpeg 640w, http:\/\/kultur-josefstadt.at\/wp-content\/uploads\/2023\/10\/IMG_4534-1-300x200.jpeg 300w\" sizes=\"(max-width: 640px) 100vw, 640px\" \/><\/figure>\n\n\n\n<figure class=\"wp-block-image size-large\"><img decoding=\"async\" loading=\"lazy\" width=\"640\" height=\"640\" data-id=\"873\"  src=\"http:\/\/kultur-josefstadt.at\/wp-content\/uploads\/2023\/10\/IMG_4508-1.jpeg\" alt=\"\" class=\"wp-image-873\" srcset=\"http:\/\/kultur-josefstadt.at\/wp-content\/uploads\/2023\/10\/IMG_4508-1.jpeg 640w, http:\/\/kultur-josefstadt.at\/wp-content\/uploads\/2023\/10\/IMG_4508-1-300x300.jpeg 300w, http:\/\/kultur-josefstadt.at\/wp-content\/uploads\/2023\/10\/IMG_4508-1-150x150.jpeg 150w\" sizes=\"(max-width: 640px) 100vw, 640px\" \/><\/figure>\n\n\n\n<figure class=\"wp-block-image size-large\"><img decoding=\"async\" loading=\"lazy\" width=\"640\" height=\"640\" data-id=\"875\"  src=\"http:\/\/kultur-josefstadt.at\/wp-content\/uploads\/2023\/10\/IMG_4513-1.jpeg\" alt=\"\" class=\"wp-image-875\" srcset=\"http:\/\/kultur-josefstadt.at\/wp-content\/uploads\/2023\/10\/IMG_4513-1.jpeg 640w, http:\/\/kultur-josefstadt.at\/wp-content\/uploads\/2023\/10\/IMG_4513-1-300x300.jpeg 300w, http:\/\/kultur-josefstadt.at\/wp-content\/uploads\/2023\/10\/IMG_4513-1-150x150.jpeg 150w\" sizes=\"(max-width: 640px) 100vw, 640px\" \/><\/figure>\n\n\n\n<figure class=\"wp-block-image size-large\"><img decoding=\"async\" loading=\"lazy\" width=\"640\" height=\"640\" data-id=\"878\"  src=\"http:\/\/kultur-josefstadt.at\/wp-content\/uploads\/2023\/10\/IMG_4531-1.jpeg\" alt=\"\" class=\"wp-image-878\" srcset=\"http:\/\/kultur-josefstadt.at\/wp-content\/uploads\/2023\/10\/IMG_4531-1.jpeg 640w, http:\/\/kultur-josefstadt.at\/wp-content\/uploads\/2023\/10\/IMG_4531-1-300x300.jpeg 300w, http:\/\/kultur-josefstadt.at\/wp-content\/uploads\/2023\/10\/IMG_4531-1-150x150.jpeg 150w\" sizes=\"(max-width: 640px) 100vw, 640px\" \/><\/figure>\n\n\n\n<figure class=\"wp-block-image size-large\"><img decoding=\"async\" loading=\"lazy\" width=\"640\" height=\"640\" data-id=\"879\"  src=\"http:\/\/kultur-josefstadt.at\/wp-content\/uploads\/2023\/10\/IMG_4533-1.jpeg\" alt=\"\" class=\"wp-image-879\" srcset=\"http:\/\/kultur-josefstadt.at\/wp-content\/uploads\/2023\/10\/IMG_4533-1.jpeg 640w, http:\/\/kultur-josefstadt.at\/wp-content\/uploads\/2023\/10\/IMG_4533-1-300x300.jpeg 300w, http:\/\/kultur-josefstadt.at\/wp-content\/uploads\/2023\/10\/IMG_4533-1-150x150.jpeg 150w\" sizes=\"(max-width: 640px) 100vw, 640px\" \/><\/figure>\n\n\n\n<figure class=\"wp-block-image size-large\"><img decoding=\"async\" loading=\"lazy\" width=\"640\" height=\"228\" data-id=\"871\"  src=\"http:\/\/kultur-josefstadt.at\/wp-content\/uploads\/2023\/10\/IMG_4510-1.jpeg\" alt=\"\" class=\"wp-image-871\" srcset=\"http:\/\/kultur-josefstadt.at\/wp-content\/uploads\/2023\/10\/IMG_4510-1.jpeg 640w, http:\/\/kultur-josefstadt.at\/wp-content\/uploads\/2023\/10\/IMG_4510-1-300x107.jpeg 300w\" sizes=\"(max-width: 640px) 100vw, 640px\" \/><\/figure>\n\n\n\n<figure class=\"wp-block-image size-large\"><img decoding=\"async\" loading=\"lazy\" width=\"640\" height=\"640\" data-id=\"874\"  src=\"http:\/\/kultur-josefstadt.at\/wp-content\/uploads\/2023\/10\/IMG_4514-1.jpeg\" alt=\"\" class=\"wp-image-874\" srcset=\"http:\/\/kultur-josefstadt.at\/wp-content\/uploads\/2023\/10\/IMG_4514-1.jpeg 640w, http:\/\/kultur-josefstadt.at\/wp-content\/uploads\/2023\/10\/IMG_4514-1-300x300.jpeg 300w, http:\/\/kultur-josefstadt.at\/wp-content\/uploads\/2023\/10\/IMG_4514-1-150x150.jpeg 150w\" sizes=\"(max-width: 640px) 100vw, 640px\" \/><\/figure>\n\n\n\n<figure class=\"wp-block-image size-large\"><img decoding=\"async\" loading=\"lazy\" width=\"640\" height=\"640\" data-id=\"882\"  src=\"http:\/\/kultur-josefstadt.at\/wp-content\/uploads\/2023\/10\/IMG_4568-1.jpeg\" alt=\"\" class=\"wp-image-882\" srcset=\"http:\/\/kultur-josefstadt.at\/wp-content\/uploads\/2023\/10\/IMG_4568-1.jpeg 640w, http:\/\/kultur-josefstadt.at\/wp-content\/uploads\/2023\/10\/IMG_4568-1-300x300.jpeg 300w, http:\/\/kultur-josefstadt.at\/wp-content\/uploads\/2023\/10\/IMG_4568-1-150x150.jpeg 150w\" sizes=\"(max-width: 640px) 100vw, 640px\" \/><\/figure>\n\n\n\n<figure class=\"wp-block-image size-large\"><img decoding=\"async\" loading=\"lazy\" width=\"640\" height=\"427\" data-id=\"883\"  src=\"http:\/\/kultur-josefstadt.at\/wp-content\/uploads\/2023\/10\/IMG_4569-1.jpeg\" alt=\"\" class=\"wp-image-883\" srcset=\"http:\/\/kultur-josefstadt.at\/wp-content\/uploads\/2023\/10\/IMG_4569-1.jpeg 640w, http:\/\/kultur-josefstadt.at\/wp-content\/uploads\/2023\/10\/IMG_4569-1-300x200.jpeg 300w\" sizes=\"(max-width: 640px) 100vw, 640px\" \/><\/figure>\n\n\n\n<figure class=\"wp-block-image size-large\"><img decoding=\"async\" loading=\"lazy\" width=\"640\" height=\"640\" data-id=\"877\"  src=\"http:\/\/kultur-josefstadt.at\/wp-content\/uploads\/2023\/10\/IMG_4516-1.jpeg\" alt=\"\" class=\"wp-image-877\" srcset=\"http:\/\/kultur-josefstadt.at\/wp-content\/uploads\/2023\/10\/IMG_4516-1.jpeg 640w, http:\/\/kultur-josefstadt.at\/wp-content\/uploads\/2023\/10\/IMG_4516-1-300x300.jpeg 300w, http:\/\/kultur-josefstadt.at\/wp-content\/uploads\/2023\/10\/IMG_4516-1-150x150.jpeg 150w\" sizes=\"(max-width: 640px) 100vw, 640px\" \/><\/figure>\n\n\n\n<figure class=\"wp-block-image size-large\"><img decoding=\"async\" loading=\"lazy\" width=\"640\" height=\"640\" data-id=\"876\"  src=\"http:\/\/kultur-josefstadt.at\/wp-content\/uploads\/2023\/10\/IMG_4520-1.jpeg\" alt=\"\" class=\"wp-image-876\" srcset=\"http:\/\/kultur-josefstadt.at\/wp-content\/uploads\/2023\/10\/IMG_4520-1.jpeg 640w, http:\/\/kultur-josefstadt.at\/wp-content\/uploads\/2023\/10\/IMG_4520-1-300x300.jpeg 300w, http:\/\/kultur-josefstadt.at\/wp-content\/uploads\/2023\/10\/IMG_4520-1-150x150.jpeg 150w\" sizes=\"(max-width: 640px) 100vw, 640px\" \/><\/figure>\n\n\n\n<figure class=\"wp-block-image size-large\"><img decoding=\"async\" loading=\"lazy\" width=\"640\" height=\"427\" data-id=\"885\"  src=\"http:\/\/kultur-josefstadt.at\/wp-content\/uploads\/2023\/10\/IMG_4577-1.jpeg\" alt=\"\" class=\"wp-image-885\" srcset=\"http:\/\/kultur-josefstadt.at\/wp-content\/uploads\/2023\/10\/IMG_4577-1.jpeg 640w, http:\/\/kultur-josefstadt.at\/wp-content\/uploads\/2023\/10\/IMG_4577-1-300x200.jpeg 300w\" sizes=\"(max-width: 640px) 100vw, 640px\" \/><\/figure>\n\n\n\n<figure class=\"wp-block-image size-large\"><img decoding=\"async\" loading=\"lazy\" width=\"640\" height=\"427\" data-id=\"887\"  src=\"http:\/\/kultur-josefstadt.at\/wp-content\/uploads\/2023\/10\/IMG_4582.jpeg\" alt=\"\" class=\"wp-image-887\" srcset=\"http:\/\/kultur-josefstadt.at\/wp-content\/uploads\/2023\/10\/IMG_4582.jpeg 640w, http:\/\/kultur-josefstadt.at\/wp-content\/uploads\/2023\/10\/IMG_4582-300x200.jpeg 300w\" sizes=\"(max-width: 640px) 100vw, 640px\" \/><\/figure>\n\n\n\n<figure class=\"wp-block-image size-large\"><img decoding=\"async\" loading=\"lazy\" width=\"640\" height=\"640\" data-id=\"895\"  src=\"http:\/\/kultur-josefstadt.at\/wp-content\/uploads\/2023\/10\/IMG_4624.jpeg\" alt=\"\" class=\"wp-image-895\" srcset=\"http:\/\/kultur-josefstadt.at\/wp-content\/uploads\/2023\/10\/IMG_4624.jpeg 640w, http:\/\/kultur-josefstadt.at\/wp-content\/uploads\/2023\/10\/IMG_4624-300x300.jpeg 300w, http:\/\/kultur-josefstadt.at\/wp-content\/uploads\/2023\/10\/IMG_4624-150x150.jpeg 150w\" sizes=\"(max-width: 640px) 100vw, 640px\" \/><\/figure>\n\n\n\n<figure class=\"wp-block-image size-large\"><img decoding=\"async\" loading=\"lazy\" width=\"640\" height=\"640\" data-id=\"880\"  src=\"http:\/\/kultur-josefstadt.at\/wp-content\/uploads\/2023\/10\/IMG_4527-1.jpeg\" alt=\"\" class=\"wp-image-880\" srcset=\"http:\/\/kultur-josefstadt.at\/wp-content\/uploads\/2023\/10\/IMG_4527-1.jpeg 640w, http:\/\/kultur-josefstadt.at\/wp-content\/uploads\/2023\/10\/IMG_4527-1-300x300.jpeg 300w, http:\/\/kultur-josefstadt.at\/wp-content\/uploads\/2023\/10\/IMG_4527-1-150x150.jpeg 150w\" sizes=\"(max-width: 640px) 100vw, 640px\" \/><\/figure>\n\n\n\n<figure class=\"wp-block-image size-large\"><img decoding=\"async\" loading=\"lazy\" width=\"640\" height=\"640\" data-id=\"884\"  src=\"http:\/\/kultur-josefstadt.at\/wp-content\/uploads\/2023\/10\/IMG_4546-1.jpeg\" alt=\"\" class=\"wp-image-884\" srcset=\"http:\/\/kultur-josefstadt.at\/wp-content\/uploads\/2023\/10\/IMG_4546-1.jpeg 640w, http:\/\/kultur-josefstadt.at\/wp-content\/uploads\/2023\/10\/IMG_4546-1-300x300.jpeg 300w, http:\/\/kultur-josefstadt.at\/wp-content\/uploads\/2023\/10\/IMG_4546-1-150x150.jpeg 150w\" sizes=\"(max-width: 640px) 100vw, 640px\" \/><\/figure>\n\n\n\n<figure class=\"wp-block-image size-large\"><img decoding=\"async\" loading=\"lazy\" width=\"640\" height=\"427\" data-id=\"888\"  src=\"http:\/\/kultur-josefstadt.at\/wp-content\/uploads\/2023\/10\/IMG_4588-1.jpeg\" alt=\"\" class=\"wp-image-888\" srcset=\"http:\/\/kultur-josefstadt.at\/wp-content\/uploads\/2023\/10\/IMG_4588-1.jpeg 640w, http:\/\/kultur-josefstadt.at\/wp-content\/uploads\/2023\/10\/IMG_4588-1-300x200.jpeg 300w\" sizes=\"(max-width: 640px) 100vw, 640px\" \/><\/figure>\n\n\n\n<figure class=\"wp-block-image size-large\"><img decoding=\"async\" loading=\"lazy\" width=\"640\" height=\"640\" data-id=\"889\"  src=\"http:\/\/kultur-josefstadt.at\/wp-content\/uploads\/2023\/10\/IMG_4597.jpeg\" alt=\"\" class=\"wp-image-889\" srcset=\"http:\/\/kultur-josefstadt.at\/wp-content\/uploads\/2023\/10\/IMG_4597.jpeg 640w, http:\/\/kultur-josefstadt.at\/wp-content\/uploads\/2023\/10\/IMG_4597-300x300.jpeg 300w, http:\/\/kultur-josefstadt.at\/wp-content\/uploads\/2023\/10\/IMG_4597-150x150.jpeg 150w\" sizes=\"(max-width: 640px) 100vw, 640px\" \/><\/figure>\n\n\n\n<figure class=\"wp-block-image size-large\"><img decoding=\"async\" loading=\"lazy\" width=\"640\" height=\"427\" data-id=\"904\"  src=\"http:\/\/kultur-josefstadt.at\/wp-content\/uploads\/2023\/10\/IMG_4684-1.jpeg\" alt=\"\" class=\"wp-image-904\" srcset=\"http:\/\/kultur-josefstadt.at\/wp-content\/uploads\/2023\/10\/IMG_4684-1.jpeg 640w, http:\/\/kultur-josefstadt.at\/wp-content\/uploads\/2023\/10\/IMG_4684-1-300x200.jpeg 300w\" sizes=\"(max-width: 640px) 100vw, 640px\" \/><\/figure>\n\n\n\n<figure class=\"wp-block-image size-large\"><img decoding=\"async\" loading=\"lazy\" width=\"640\" height=\"640\" data-id=\"907\"  src=\"http:\/\/kultur-josefstadt.at\/wp-content\/uploads\/2023\/10\/IMG_4687-1.jpeg\" alt=\"\" class=\"wp-image-907\" srcset=\"http:\/\/kultur-josefstadt.at\/wp-content\/uploads\/2023\/10\/IMG_4687-1.jpeg 640w, http:\/\/kultur-josefstadt.at\/wp-content\/uploads\/2023\/10\/IMG_4687-1-300x300.jpeg 300w, http:\/\/kultur-josefstadt.at\/wp-content\/uploads\/2023\/10\/IMG_4687-1-150x150.jpeg 150w\" sizes=\"(max-width: 640px) 100vw, 640px\" \/><\/figure>\n\n\n\n<figure class=\"wp-block-image size-large\"><img decoding=\"async\" loading=\"lazy\" width=\"640\" height=\"640\" data-id=\"891\"  src=\"http:\/\/kultur-josefstadt.at\/wp-content\/uploads\/2023\/10\/IMG_4599-1.jpeg\" alt=\"\" class=\"wp-image-891\" srcset=\"http:\/\/kultur-josefstadt.at\/wp-content\/uploads\/2023\/10\/IMG_4599-1.jpeg 640w, http:\/\/kultur-josefstadt.at\/wp-content\/uploads\/2023\/10\/IMG_4599-1-300x300.jpeg 300w, http:\/\/kultur-josefstadt.at\/wp-content\/uploads\/2023\/10\/IMG_4599-1-150x150.jpeg 150w\" sizes=\"(max-width: 640px) 100vw, 640px\" \/><\/figure>\n\n\n\n<figure class=\"wp-block-image size-large\"><img decoding=\"async\" loading=\"lazy\" width=\"640\" height=\"640\" data-id=\"890\"  src=\"http:\/\/kultur-josefstadt.at\/wp-content\/uploads\/2023\/10\/IMG_4611-1.jpeg\" alt=\"\" class=\"wp-image-890\" srcset=\"http:\/\/kultur-josefstadt.at\/wp-content\/uploads\/2023\/10\/IMG_4611-1.jpeg 640w, http:\/\/kultur-josefstadt.at\/wp-content\/uploads\/2023\/10\/IMG_4611-1-300x300.jpeg 300w, http:\/\/kultur-josefstadt.at\/wp-content\/uploads\/2023\/10\/IMG_4611-1-150x150.jpeg 150w\" sizes=\"(max-width: 640px) 100vw, 640px\" \/><\/figure>\n\n\n\n<figure class=\"wp-block-image size-large\"><img decoding=\"async\" loading=\"lazy\" width=\"640\" height=\"640\" data-id=\"908\"  src=\"http:\/\/kultur-josefstadt.at\/wp-content\/uploads\/2023\/10\/IMG_4688-1.jpeg\" alt=\"\" class=\"wp-image-908\" srcset=\"http:\/\/kultur-josefstadt.at\/wp-content\/uploads\/2023\/10\/IMG_4688-1.jpeg 640w, http:\/\/kultur-josefstadt.at\/wp-content\/uploads\/2023\/10\/IMG_4688-1-300x300.jpeg 300w, http:\/\/kultur-josefstadt.at\/wp-content\/uploads\/2023\/10\/IMG_4688-1-150x150.jpeg 150w\" sizes=\"(max-width: 640px) 100vw, 640px\" \/><\/figure>\n\n\n\n<figure class=\"wp-block-image size-large\"><img decoding=\"async\" loading=\"lazy\" width=\"640\" height=\"470\" data-id=\"913\"  src=\"http:\/\/kultur-josefstadt.at\/wp-content\/uploads\/2023\/10\/IMG_4703-1.jpeg\" alt=\"\" class=\"wp-image-913\" srcset=\"http:\/\/kultur-josefstadt.at\/wp-content\/uploads\/2023\/10\/IMG_4703-1.jpeg 640w, http:\/\/kultur-josefstadt.at\/wp-content\/uploads\/2023\/10\/IMG_4703-1-300x220.jpeg 300w\" sizes=\"(max-width: 640px) 100vw, 640px\" \/><\/figure>\n\n\n\n<figure class=\"wp-block-image size-large\"><img decoding=\"async\" loading=\"lazy\" width=\"499\" height=\"640\" data-id=\"911\"  src=\"http:\/\/kultur-josefstadt.at\/wp-content\/uploads\/2023\/10\/IMG_4689-1.jpeg\" alt=\"\" class=\"wp-image-911\" srcset=\"http:\/\/kultur-josefstadt.at\/wp-content\/uploads\/2023\/10\/IMG_4689-1.jpeg 499w, http:\/\/kultur-josefstadt.at\/wp-content\/uploads\/2023\/10\/IMG_4689-1-234x300.jpeg 234w\" sizes=\"(max-width: 499px) 100vw, 499px\" \/><\/figure>\n\n\n\n<figure class=\"wp-block-image size-large\"><img decoding=\"async\" loading=\"lazy\" width=\"640\" height=\"640\" data-id=\"893\"  src=\"http:\/\/kultur-josefstadt.at\/wp-content\/uploads\/2023\/10\/IMG_4617-1.jpeg\" alt=\"\" class=\"wp-image-893\" srcset=\"http:\/\/kultur-josefstadt.at\/wp-content\/uploads\/2023\/10\/IMG_4617-1.jpeg 640w, http:\/\/kultur-josefstadt.at\/wp-content\/uploads\/2023\/10\/IMG_4617-1-300x300.jpeg 300w, http:\/\/kultur-josefstadt.at\/wp-content\/uploads\/2023\/10\/IMG_4617-1-150x150.jpeg 150w\" sizes=\"(max-width: 640px) 100vw, 640px\" \/><\/figure>\n\n\n\n<figure class=\"wp-block-image size-large\"><img decoding=\"async\" loading=\"lazy\" width=\"640\" height=\"640\" data-id=\"894\"  src=\"http:\/\/kultur-josefstadt.at\/wp-content\/uploads\/2023\/10\/IMG_4623-1.jpeg\" alt=\"\" class=\"wp-image-894\" srcset=\"http:\/\/kultur-josefstadt.at\/wp-content\/uploads\/2023\/10\/IMG_4623-1.jpeg 640w, http:\/\/kultur-josefstadt.at\/wp-content\/uploads\/2023\/10\/IMG_4623-1-300x300.jpeg 300w, http:\/\/kultur-josefstadt.at\/wp-content\/uploads\/2023\/10\/IMG_4623-1-150x150.jpeg 150w\" sizes=\"(max-width: 640px) 100vw, 640px\" \/><\/figure>\n\n\n\n<figure class=\"wp-block-image size-large\"><img decoding=\"async\" loading=\"lazy\" width=\"640\" height=\"640\" data-id=\"910\"  src=\"http:\/\/kultur-josefstadt.at\/wp-content\/uploads\/2023\/10\/IMG_4694-1.jpeg\" alt=\"\" class=\"wp-image-910\" srcset=\"http:\/\/kultur-josefstadt.at\/wp-content\/uploads\/2023\/10\/IMG_4694-1.jpeg 640w, http:\/\/kultur-josefstadt.at\/wp-content\/uploads\/2023\/10\/IMG_4694-1-300x300.jpeg 300w, http:\/\/kultur-josefstadt.at\/wp-content\/uploads\/2023\/10\/IMG_4694-1-150x150.jpeg 150w\" sizes=\"(max-width: 640px) 100vw, 640px\" \/><\/figure>\n\n\n\n<figure class=\"wp-block-image size-large\"><img decoding=\"async\" loading=\"lazy\" width=\"640\" height=\"640\" data-id=\"912\"  src=\"http:\/\/kultur-josefstadt.at\/wp-content\/uploads\/2023\/10\/IMG_4697-1.jpeg\" alt=\"\" class=\"wp-image-912\" srcset=\"http:\/\/kultur-josefstadt.at\/wp-content\/uploads\/2023\/10\/IMG_4697-1.jpeg 640w, http:\/\/kultur-josefstadt.at\/wp-content\/uploads\/2023\/10\/IMG_4697-1-300x300.jpeg 300w, http:\/\/kultur-josefstadt.at\/wp-content\/uploads\/2023\/10\/IMG_4697-1-150x150.jpeg 150w\" sizes=\"(max-width: 640px) 100vw, 640px\" \/><\/figure>\n\n\n\n<figure class=\"wp-block-image size-large\"><img decoding=\"async\" loading=\"lazy\" width=\"640\" height=\"427\" data-id=\"892\"  src=\"http:\/\/kultur-josefstadt.at\/wp-content\/uploads\/2023\/10\/IMG_4619-1.jpeg\" alt=\"\" class=\"wp-image-892\" srcset=\"http:\/\/kultur-josefstadt.at\/wp-content\/uploads\/2023\/10\/IMG_4619-1.jpeg 640w, http:\/\/kultur-josefstadt.at\/wp-content\/uploads\/2023\/10\/IMG_4619-1-300x200.jpeg 300w\" sizes=\"(max-width: 640px) 100vw, 640px\" \/><\/figure>\n\n\n\n<figure class=\"wp-block-image size-large\"><img decoding=\"async\" loading=\"lazy\" width=\"480\" height=\"640\" data-id=\"923\"  src=\"http:\/\/kultur-josefstadt.at\/wp-content\/uploads\/2023\/10\/IMG_7147.jpeg\" alt=\"\" class=\"wp-image-923\" srcset=\"http:\/\/kultur-josefstadt.at\/wp-content\/uploads\/2023\/10\/IMG_7147.jpeg 480w, http:\/\/kultur-josefstadt.at\/wp-content\/uploads\/2023\/10\/IMG_7147-225x300.jpeg 225w\" sizes=\"(max-width: 480px) 100vw, 480px\" \/><\/figure>\n\n\n\n<figure class=\"wp-block-image size-large\"><img decoding=\"async\" loading=\"lazy\" width=\"640\" height=\"640\" data-id=\"896\"  src=\"http:\/\/kultur-josefstadt.at\/wp-content\/uploads\/2023\/10\/IMG_4634.jpeg\" alt=\"\" class=\"wp-image-896\" srcset=\"http:\/\/kultur-josefstadt.at\/wp-content\/uploads\/2023\/10\/IMG_4634.jpeg 640w, http:\/\/kultur-josefstadt.at\/wp-content\/uploads\/2023\/10\/IMG_4634-300x300.jpeg 300w, http:\/\/kultur-josefstadt.at\/wp-content\/uploads\/2023\/10\/IMG_4634-150x150.jpeg 150w\" sizes=\"(max-width: 640px) 100vw, 640px\" \/><\/figure>\n\n\n\n<figure class=\"wp-block-image size-large\"><img decoding=\"async\" loading=\"lazy\" width=\"480\" height=\"640\" data-id=\"922\"  src=\"http:\/\/kultur-josefstadt.at\/wp-content\/uploads\/2023\/10\/IMG_7131.jpeg\" alt=\"\" class=\"wp-image-922\" srcset=\"http:\/\/kultur-josefstadt.at\/wp-content\/uploads\/2023\/10\/IMG_7131.jpeg 480w, http:\/\/kultur-josefstadt.at\/wp-content\/uploads\/2023\/10\/IMG_7131-225x300.jpeg 225w\" sizes=\"(max-width: 480px) 100vw, 480px\" \/><\/figure>\n\n\n\n<figure class=\"wp-block-image size-large\"><img decoding=\"async\" loading=\"lazy\" width=\"640\" height=\"640\" data-id=\"902\"  src=\"http:\/\/kultur-josefstadt.at\/wp-content\/uploads\/2023\/10\/IMG_4667.jpeg\" alt=\"\" class=\"wp-image-902\" srcset=\"http:\/\/kultur-josefstadt.at\/wp-content\/uploads\/2023\/10\/IMG_4667.jpeg 640w, http:\/\/kultur-josefstadt.at\/wp-content\/uploads\/2023\/10\/IMG_4667-300x300.jpeg 300w, http:\/\/kultur-josefstadt.at\/wp-content\/uploads\/2023\/10\/IMG_4667-150x150.jpeg 150w\" sizes=\"(max-width: 640px) 100vw, 640px\" \/><\/figure>\n\n\n\n<figure class=\"wp-block-image size-large\"><img decoding=\"async\" loading=\"lazy\" width=\"480\" height=\"640\" data-id=\"919\"  src=\"http:\/\/kultur-josefstadt.at\/wp-content\/uploads\/2023\/10\/IMG_7126.jpeg\" alt=\"\" class=\"wp-image-919\" srcset=\"http:\/\/kultur-josefstadt.at\/wp-content\/uploads\/2023\/10\/IMG_7126.jpeg 480w, http:\/\/kultur-josefstadt.at\/wp-content\/uploads\/2023\/10\/IMG_7126-225x300.jpeg 225w\" sizes=\"(max-width: 480px) 100vw, 480px\" \/><\/figure>\n\n\n\n<figure class=\"wp-block-image size-large\"><img decoding=\"async\" loading=\"lazy\" width=\"640\" height=\"640\" data-id=\"914\"  src=\"http:\/\/kultur-josefstadt.at\/wp-content\/uploads\/2023\/10\/IMG_4706-1.jpeg\" alt=\"\" class=\"wp-image-914\" srcset=\"http:\/\/kultur-josefstadt.at\/wp-content\/uploads\/2023\/10\/IMG_4706-1.jpeg 640w, http:\/\/kultur-josefstadt.at\/wp-content\/uploads\/2023\/10\/IMG_4706-1-300x300.jpeg 300w, http:\/\/kultur-josefstadt.at\/wp-content\/uploads\/2023\/10\/IMG_4706-1-150x150.jpeg 150w\" sizes=\"(max-width: 640px) 100vw, 640px\" \/><\/figure>\n\n\n\n<figure class=\"wp-block-image size-large\"><img decoding=\"async\" loading=\"lazy\" width=\"640\" height=\"640\" data-id=\"898\"  src=\"http:\/\/kultur-josefstadt.at\/wp-content\/uploads\/2023\/10\/IMG_4641-1.jpeg\" alt=\"\" class=\"wp-image-898\" srcset=\"http:\/\/kultur-josefstadt.at\/wp-content\/uploads\/2023\/10\/IMG_4641-1.jpeg 640w, http:\/\/kultur-josefstadt.at\/wp-content\/uploads\/2023\/10\/IMG_4641-1-300x300.jpeg 300w, http:\/\/kultur-josefstadt.at\/wp-content\/uploads\/2023\/10\/IMG_4641-1-150x150.jpeg 150w\" sizes=\"(max-width: 640px) 100vw, 640px\" \/><\/figure>\n\n\n\n<figure class=\"wp-block-image size-large\"><img decoding=\"async\" loading=\"lazy\" width=\"640\" height=\"640\" data-id=\"920\"  src=\"http:\/\/kultur-josefstadt.at\/wp-content\/uploads\/2023\/10\/IMG_7119.jpeg\" alt=\"\" class=\"wp-image-920\" srcset=\"http:\/\/kultur-josefstadt.at\/wp-content\/uploads\/2023\/10\/IMG_7119.jpeg 640w, http:\/\/kultur-josefstadt.at\/wp-content\/uploads\/2023\/10\/IMG_7119-300x300.jpeg 300w, http:\/\/kultur-josefstadt.at\/wp-content\/uploads\/2023\/10\/IMG_7119-150x150.jpeg 150w\" sizes=\"(max-width: 640px) 100vw, 640px\" \/><\/figure>\n\n\n\n<figure class=\"wp-block-image size-large\"><img decoding=\"async\" loading=\"lazy\" width=\"640\" height=\"427\" data-id=\"897\"  src=\"http:\/\/kultur-josefstadt.at\/wp-content\/uploads\/2023\/10\/IMG_4649-1.jpeg\" alt=\"\" class=\"wp-image-897\" srcset=\"http:\/\/kultur-josefstadt.at\/wp-content\/uploads\/2023\/10\/IMG_4649-1.jpeg 640w, http:\/\/kultur-josefstadt.at\/wp-content\/uploads\/2023\/10\/IMG_4649-1-300x200.jpeg 300w\" sizes=\"(max-width: 640px) 100vw, 640px\" \/><\/figure>\n\n\n\n<figure class=\"wp-block-image size-large\"><img decoding=\"async\" loading=\"lazy\" width=\"480\" height=\"640\" data-id=\"921\"  src=\"http:\/\/kultur-josefstadt.at\/wp-content\/uploads\/2023\/10\/IMG_7130.jpeg\" alt=\"\" class=\"wp-image-921\" srcset=\"http:\/\/kultur-josefstadt.at\/wp-content\/uploads\/2023\/10\/IMG_7130.jpeg 480w, http:\/\/kultur-josefstadt.at\/wp-content\/uploads\/2023\/10\/IMG_7130-225x300.jpeg 225w\" sizes=\"(max-width: 480px) 100vw, 480px\" \/><\/figure>\n\n\n\n<figure class=\"wp-block-image size-large\"><img decoding=\"async\" loading=\"lazy\" width=\"640\" height=\"427\" data-id=\"899\"  src=\"http:\/\/kultur-josefstadt.at\/wp-content\/uploads\/2023\/10\/IMG_4660-1.jpeg\" alt=\"\" class=\"wp-image-899\" srcset=\"http:\/\/kultur-josefstadt.at\/wp-content\/uploads\/2023\/10\/IMG_4660-1.jpeg 640w, http:\/\/kultur-josefstadt.at\/wp-content\/uploads\/2023\/10\/IMG_4660-1-300x200.jpeg 300w\" sizes=\"(max-width: 640px) 100vw, 640px\" \/><\/figure>\n\n\n\n<figure class=\"wp-block-image size-large\"><img decoding=\"async\" loading=\"lazy\" width=\"640\" height=\"640\" data-id=\"900\"  src=\"http:\/\/kultur-josefstadt.at\/wp-content\/uploads\/2023\/10\/IMG_4664.jpeg\" alt=\"\" class=\"wp-image-900\" srcset=\"http:\/\/kultur-josefstadt.at\/wp-content\/uploads\/2023\/10\/IMG_4664.jpeg 640w, http:\/\/kultur-josefstadt.at\/wp-content\/uploads\/2023\/10\/IMG_4664-300x300.jpeg 300w, http:\/\/kultur-josefstadt.at\/wp-content\/uploads\/2023\/10\/IMG_4664-150x150.jpeg 150w\" sizes=\"(max-width: 640px) 100vw, 640px\" \/><\/figure>\n\n\n\n<figure class=\"wp-block-image size-large\"><img decoding=\"async\" loading=\"lazy\" width=\"640\" height=\"640\" data-id=\"901\"  src=\"http:\/\/kultur-josefstadt.at\/wp-content\/uploads\/2023\/10\/IMG_4670.jpeg\" alt=\"\" class=\"wp-image-901\" srcset=\"http:\/\/kultur-josefstadt.at\/wp-content\/uploads\/2023\/10\/IMG_4670.jpeg 640w, http:\/\/kultur-josefstadt.at\/wp-content\/uploads\/2023\/10\/IMG_4670-300x300.jpeg 300w, http:\/\/kultur-josefstadt.at\/wp-content\/uploads\/2023\/10\/IMG_4670-150x150.jpeg 150w\" sizes=\"(max-width: 640px) 100vw, 640px\" \/><\/figure>\n\n\n\n<figure class=\"wp-block-image size-large\"><img decoding=\"async\" loading=\"lazy\" width=\"640\" height=\"640\" data-id=\"903\"  src=\"http:\/\/kultur-josefstadt.at\/wp-content\/uploads\/2023\/10\/IMG_4679-1.jpeg\" alt=\"\" class=\"wp-image-903\" srcset=\"http:\/\/kultur-josefstadt.at\/wp-content\/uploads\/2023\/10\/IMG_4679-1.jpeg 640w, http:\/\/kultur-josefstadt.at\/wp-content\/uploads\/2023\/10\/IMG_4679-1-300x300.jpeg 300w, http:\/\/kultur-josefstadt.at\/wp-content\/uploads\/2023\/10\/IMG_4679-1-150x150.jpeg 150w\" sizes=\"(max-width: 640px) 100vw, 640px\" \/><\/figure>\n\n\n\n<figure class=\"wp-block-image size-large\"><img decoding=\"async\" loading=\"lazy\" width=\"640\" height=\"640\" data-id=\"905\"  src=\"http:\/\/kultur-josefstadt.at\/wp-content\/uploads\/2023\/10\/IMG_4680-1.jpeg\" alt=\"\" class=\"wp-image-905\" srcset=\"http:\/\/kultur-josefstadt.at\/wp-content\/uploads\/2023\/10\/IMG_4680-1.jpeg 640w, http:\/\/kultur-josefstadt.at\/wp-content\/uploads\/2023\/10\/IMG_4680-1-300x300.jpeg 300w, http:\/\/kultur-josefstadt.at\/wp-content\/uploads\/2023\/10\/IMG_4680-1-150x150.jpeg 150w\" sizes=\"(max-width: 640px) 100vw, 640px\" \/><\/figure>\n\n\n\n<figure class=\"wp-block-image size-large\"><img decoding=\"async\" loading=\"lazy\" width=\"640\" height=\"427\" data-id=\"906\"  src=\"http:\/\/kultur-josefstadt.at\/wp-content\/uploads\/2023\/10\/IMG_4683-1.jpeg\" alt=\"\" class=\"wp-image-906\" srcset=\"http:\/\/kultur-josefstadt.at\/wp-content\/uploads\/2023\/10\/IMG_4683-1.jpeg 640w, http:\/\/kultur-josefstadt.at\/wp-content\/uploads\/2023\/10\/IMG_4683-1-300x200.jpeg 300w\" sizes=\"(max-width: 640px) 100vw, 640px\" \/><\/figure>\n\n\n\n<figure class=\"wp-block-image size-large\"><img decoding=\"async\" loading=\"lazy\" width=\"640\" height=\"415\" data-id=\"909\"  src=\"http:\/\/kultur-josefstadt.at\/wp-content\/uploads\/2023\/10\/IMG_4696-1.jpeg\" alt=\"\" class=\"wp-image-909\" srcset=\"http:\/\/kultur-josefstadt.at\/wp-content\/uploads\/2023\/10\/IMG_4696-1.jpeg 640w, http:\/\/kultur-josefstadt.at\/wp-content\/uploads\/2023\/10\/IMG_4696-1-300x195.jpeg 300w\" sizes=\"(max-width: 640px) 100vw, 640px\" \/><\/figure>\n\n\n\n<figure class=\"wp-block-image size-large\"><img decoding=\"async\" loading=\"lazy\" width=\"640\" height=\"427\" data-id=\"915\"  src=\"http:\/\/kultur-josefstadt.at\/wp-content\/uploads\/2023\/10\/IMG_4710-1.jpeg\" alt=\"\" class=\"wp-image-915\" srcset=\"http:\/\/kultur-josefstadt.at\/wp-content\/uploads\/2023\/10\/IMG_4710-1.jpeg 640w, http:\/\/kultur-josefstadt.at\/wp-content\/uploads\/2023\/10\/IMG_4710-1-300x200.jpeg 300w\" sizes=\"(max-width: 640px) 100vw, 640px\" \/><\/figure>\n\n\n\n<figure class=\"wp-block-image size-large\"><img decoding=\"async\" loading=\"lazy\" width=\"640\" height=\"640\" data-id=\"916\"  src=\"http:\/\/kultur-josefstadt.at\/wp-content\/uploads\/2023\/10\/IMG_4711-1.jpeg\" alt=\"\" class=\"wp-image-916\" srcset=\"http:\/\/kultur-josefstadt.at\/wp-content\/uploads\/2023\/10\/IMG_4711-1.jpeg 640w, http:\/\/kultur-josefstadt.at\/wp-content\/uploads\/2023\/10\/IMG_4711-1-300x300.jpeg 300w, http:\/\/kultur-josefstadt.at\/wp-content\/uploads\/2023\/10\/IMG_4711-1-150x150.jpeg 150w\" sizes=\"(max-width: 640px) 100vw, 640px\" \/><\/figure>\n\n\n\n<figure class=\"wp-block-image size-large\"><img decoding=\"async\" loading=\"lazy\" width=\"512\" height=\"640\" data-id=\"917\"  src=\"http:\/\/kultur-josefstadt.at\/wp-content\/uploads\/2023\/10\/IMG_7113.jpeg\" alt=\"\" class=\"wp-image-917\" srcset=\"http:\/\/kultur-josefstadt.at\/wp-content\/uploads\/2023\/10\/IMG_7113.jpeg 512w, http:\/\/kultur-josefstadt.at\/wp-content\/uploads\/2023\/10\/IMG_7113-240x300.jpeg 240w\" sizes=\"(max-width: 512px) 100vw, 512px\" \/><\/figure>\n<\/figure>\n\n\n\n<h3 class=\"wp-block-heading\">29. September &#8211; 1. Oktober<\/h3>\n\n\n\n<h2 class=\"wp-block-heading\">Atelierrundg\u00e4nge Josefstadt 2023<\/h2>\n\n\n\n<figure class=\"wp-block-image size-large\"><img decoding=\"async\" loading=\"lazy\" width=\"1024\" height=\"379\" src=\"http:\/\/kultur-josefstadt.at\/wp-content\/uploads\/2023\/08\/Im-Achten-herum-facebook-cover08-1024x379.jpg\" alt=\"\" class=\"wp-image-792\" srcset=\"http:\/\/kultur-josefstadt.at\/wp-content\/uploads\/2023\/08\/Im-Achten-herum-facebook-cover08-1024x379.jpg 1024w, http:\/\/kultur-josefstadt.at\/wp-content\/uploads\/2023\/08\/Im-Achten-herum-facebook-cover08-300x111.jpg 300w, http:\/\/kultur-josefstadt.at\/wp-content\/uploads\/2023\/08\/Im-Achten-herum-facebook-cover08-768x284.jpg 768w, http:\/\/kultur-josefstadt.at\/wp-content\/uploads\/2023\/08\/Im-Achten-herum-facebook-cover08-1536x569.jpg 1536w, http:\/\/kultur-josefstadt.at\/wp-content\/uploads\/2023\/08\/Im-Achten-herum-facebook-cover08-2048x759.jpg 2048w\" sizes=\"(max-width: 1024px) 100vw, 1024px\" \/><\/figure>\n\n\n\n<p><\/p>\n\n\n\n<p>Der Kulturverein Josefstadt l\u00e4dt herzlich zu den 12. Atelierrundg\u00e4ngen in der Josefstadt statt. Beginnend mit Freitag, 29. September bis zum Sonntag, 01. Oktober, stellen Kunstschaffende aus der Josefstadt ihre Werke aus und \u00f6ffnen ihre Ateliers f\u00fcr Interessierte.<\/p>\n\n\n\n<p><br>Den <strong>Auftakt<\/strong> bildet die Er\u00f6ffnungsgala am <strong>Freitag, 29. September, ab 19 Uhr im Volkskundemuseum<\/strong> (Laudongasse 15-19). Dort werden die teilnehmenden K\u00fcnstler*innen vorgestellt. Musikalisch abgerundet wird der Abend von der Band <strong>Cajun Red Stars<\/strong>.&nbsp;<\/p>\n\n\n\n<p>Neben der Gruppenausstellung im Volkskundemuseum gibt es die M\u00f6glichkeit, die K\u00fcnstler*innen in ihren Ateliers zu besuchen und K\u00fcnste diverser Richtungen zu entdecken.<\/p>\n\n\n\n<p>Auch die Wortkunst sei zelebriert: Am <strong>Samstag, 30. September<\/strong>, erwartet uns ab <strong>18:30 Uhr im Volksmuseum<\/strong> eine <strong>Lesung<\/strong>. Es lesen Esma Ahmedi, Rick Lupert, Katharina Prazuch, Klaus Tauber und Lena Maria Trohar Texte zum Thema \u201eAchtung\u201c.<\/p>\n\n\n\n<p>Wir freuen uns auf zahlreiches Kommen!<\/p>\n\n\n\n<h3 class=\"wp-block-heading\">Das Programm im Detail<\/h3>\n\n\n\n<figure class=\"wp-block-image size-large\"><img decoding=\"async\" loading=\"lazy\" width=\"1024\" height=\"724\" src=\"http:\/\/kultur-josefstadt.at\/wp-content\/uploads\/2023\/08\/Bildschirmfoto-2023-08-29-um-09.08.43-1024x724.png\" alt=\"\" class=\"wp-image-793\" srcset=\"http:\/\/kultur-josefstadt.at\/wp-content\/uploads\/2023\/08\/Bildschirmfoto-2023-08-29-um-09.08.43-1024x724.png 1024w, http:\/\/kultur-josefstadt.at\/wp-content\/uploads\/2023\/08\/Bildschirmfoto-2023-08-29-um-09.08.43-300x212.png 300w, http:\/\/kultur-josefstadt.at\/wp-content\/uploads\/2023\/08\/Bildschirmfoto-2023-08-29-um-09.08.43-768x543.png 768w, http:\/\/kultur-josefstadt.at\/wp-content\/uploads\/2023\/08\/Bildschirmfoto-2023-08-29-um-09.08.43-1536x1086.png 1536w, http:\/\/kultur-josefstadt.at\/wp-content\/uploads\/2023\/08\/Bildschirmfoto-2023-08-29-um-09.08.43-2048x1448.png 2048w\" sizes=\"(max-width: 1024px) 100vw, 1024px\" \/><\/figure>\n\n\n\n<h4 class=\"wp-block-heading\">Freitag, 30. September<\/h4>\n\n\n\n<p>ab 19 Uhr: Er\u00f6ffnung im Volkskundemuseum Wien, Laudongasse 15-19<br>Gruppenausstellung mit<br>Mouna Arnout | Jagoda Lessel | Walter Kanov | Ina Loitzl | Virgilius Moldovan | Maria Noistering | Katharina Prazuch | Anna Schebrak| Zsuzsanna Vecsei<br>Konzert von Cajun Red Stars<\/p>\n\n\n\n<h4 class=\"wp-block-heading\">Samstag, 30. September<\/h4>\n\n\n\n<p>15 \u2013 20:30 Uhr: Gruppenausstellung im Volkskundemuseum, Laudongasse 15-19<br>18:30 Uhr: Lesung im Volkskundemuseum<\/p>\n\n\n\n<p>16 \u2013 19 Uhr: Adisa Czeczelich (Malerin), Pfeilgasse 51<br>16 \u2013 18 Uhr: Harry Ergott (Maler), Albertgasse 57<br>15 \u2013 18 Uhr: Lisa Est (Zeichnerin), Pfeilgasse 43\/32<br>16 \u2013 19 Uhr: Sylvia Fischer (Malerin), Pfeilgasse 51<br>16 \u2013 19 Uhr: Udo Hohenberger (Maler), Pfeilgasse 51<br>13 \u2013 20 Uhr: Walter Kanov (Fotograf, Objektk\u00fcnstler, Maler): Ausstellung im Hotel Rathaus Wein &amp; Design, Lange Gasse 13<br>16 \u2013 19 Uhr: Ulli Klepalski (Konzeptk\u00fcnstlerin), Buchfeldgasse 9\/1+2<br>16 \u2013 21 Uhr: Sabina K\u00f6hlmeier (Malerin), Josefst\u00e4dter Stra\u00dfe 53 im Hof<br>12 \u2013 19 Uhr: Cara Christina K\u00f6nigswieser (Grafikdesignerin), Wickenburggasse 16\/ Top 2<br>15 \u2013 22 Uhr: Gustavo Mendez \u2013 Liska (Zeichner, Maler, Bildhauer), Tigergasse 14 Souterrain<br>14 \u2013 19 Uhr: Katrin Leuchtgelb (Malerin, Illustratorin), Piaristengasse 18\/1A<br>16 \u2013 20 Uhr: Ina Loitzl (Multimediak\u00fcnstlerin), Albertplatz 1\/3. Stock\/T\u00fcr 14<br>19:30 \u2013 20 Uhr: Osso Osso (Maler), Lammgasse 2<br>16 \u2013 22 Uhr: Erika Seywald (Malerin), Josefst\u00e4dter Stra\u00dfe 53\/4<br>21 \u2013 24 Uhr: Bert Schifferdecker (Fotograf) pr\u00e4sentiert von Warren Rosenzweig im Kultursalon Wien, Lerchenfelderg\u00fcrtel 58\/23<br>+ nach Vereinbarung: Rouven D\u00fcrr (Bildhauer), Josefst\u00e4dterstra\u00dfe 85\/5\/1<\/p>\n\n\n\n<h4 class=\"wp-block-heading\">Sonntag, 01. Oktober<\/h4>\n\n\n\n<p>15 \u2013 18 Uhr: Gruppenausstellung im Volkskundemuseum, Laudongasse 15-19<\/p>\n\n\n\n<p>14 \u2013 18 Uhr: Fritz Braun (Maler), Breitenfeldergasse 10\/3\/ T\u00fcr 10<br>16 \u2013 19 Uhr: Adisa Czeczelich (Malerin), Pfeilgasse 51<br>16 \u2013 18 Uhr: Harry Ergott (Maler), Albertgasse 57<br>15 \u2013 18 Uhr: Lisa Est (Zeichnerin), Pfeilgasse 43\/32<br>16 \u2013 19 Uhr: Sylvia Fischer (Malerin), Pfeilgasse 51<br>16 \u2013 19 Uhr: Udo Hohenberger (Maler), Pfeilgasse 51<br>13 \u2013 20 Uhr: Walter Kanov (Fotograf, Objektk\u00fcnstler, Maler): Ausstellung im Hotel Rathaus Wein &amp; Design, Lange Gasse 13<br>16 \u2013 19 Uhr: Ulli Klepalski (Konzeptk\u00fcnstlerin), Buchfeldgasse 9\/1+2<br>12 \u2013 19 Uhr: Cara Christina K\u00f6nigswieser (Grafikdesignerin), Wickenburggasse 16\/ Top 2<br>15 \u2013 22 Uhr: Gustavo Mendez \u2013 Liska (Zeichner, Maler, Bildhauer), Tigergasse 14 Souterrain<br>14 \u2013 19 Uhr: Katrin Leuchtgelb (Malerin, Illustratorin), Piaristengasse 18\/1A<br>16 \u2013 20 Uhr: Ina Loitzl (Multimediak\u00fcnstlerin), Albertplatz 1\/3. Stock\/T\u00fcr 14<br>19:30 \u2013 20 Uhr: Osso Osso (Maler), Lammgasse 2<br>14 \u2013 20 Uhr: Bert Schifferdecker (Fotograf) pr\u00e4sentiert von Warren Rosenzweig im Kultursalon Wien, Lerchenfelderg\u00fcrtel 58\/23<br>+ nach Vereinbarung: Rouven D\u00fcrr (Bildhauer), Josefst\u00e4dterstra\u00dfe 85\/5\/1<\/p>\n\n\n\n<p>\u00c4nderungen im Programm vorbehalten.<\/p>\n\n\n\n<p><strong>Mit freundlicher Unterst\u00fctzung von der Kulturabteilung der Stadt Wien (MA7), Basis.Kultur.Wien, Volkskundemuseum Wien, Kulturf\u00f6rderung Josefstadt und Zeitung \u201eDer Achte\u201c.<\/strong><\/p>\n\n\n\n<h2 class=\"wp-block-heading\">22.11.2023, 19 Uhr, Bezirksmuseum Josefstadt<\/h2>\n\n\n\n<h2 class=\"wp-block-heading\">Herbstkino: <strong>\u201eSHIDNIY FRONT\u201c \/ \u201eEASTERN FRONT\u201c<\/strong><\/h2>\n\n\n\n<h4 class=\"wp-block-heading\"><strong>Filmvorf\u00fchrung und Interview mit Regisseur Yevhen Titarenko und Produzentin Natalie Khazan<\/strong><\/h4>\n\n\n\n<p><\/p>\n\n\n\n<figure class=\"wp-block-image size-large\"><img decoding=\"async\" loading=\"lazy\" width=\"1024\" height=\"730\" src=\"http:\/\/kultur-josefstadt.at\/wp-content\/uploads\/2023\/11\/Bildschirmfoto-2023-11-10-um-15.21.36-1024x730.png\" alt=\"\" class=\"wp-image-928\" srcset=\"http:\/\/kultur-josefstadt.at\/wp-content\/uploads\/2023\/11\/Bildschirmfoto-2023-11-10-um-15.21.36-1024x730.png 1024w, http:\/\/kultur-josefstadt.at\/wp-content\/uploads\/2023\/11\/Bildschirmfoto-2023-11-10-um-15.21.36-300x214.png 300w, http:\/\/kultur-josefstadt.at\/wp-content\/uploads\/2023\/11\/Bildschirmfoto-2023-11-10-um-15.21.36-768x547.png 768w, http:\/\/kultur-josefstadt.at\/wp-content\/uploads\/2023\/11\/Bildschirmfoto-2023-11-10-um-15.21.36-1536x1095.png 1536w, http:\/\/kultur-josefstadt.at\/wp-content\/uploads\/2023\/11\/Bildschirmfoto-2023-11-10-um-15.21.36.png 1886w\" sizes=\"(max-width: 1024px) 100vw, 1024px\" \/><\/figure>\n\n\n\n<p><\/p>\n\n\n\n<p><strong>98 min, OFmEU<\/strong><\/p>\n\n\n\n<p>Yevhen und seine Freunde dienen im Freiwilligen Sanit\u00e4tsbataillon &#8218;The Hospitallers\u2019. Der Film kontrastiert Szenen ihrer Erlebnisse an der Front mit jenen von Heimatbesuchen bei ihren Familien und von der Taufe des Sohnes eines der Protagonisten.<\/p>\n\n\n\n<p>Aus dem Spannungsfeld zwischen dem scheinbar normalen Leben im Hinterland und dem teils dramatischen Kriegsgeschehen entsteht ein origineller Film mit dokumentarischem Gestus, der versucht, ein authentisches Bild der Auswirkungen des Krieges auf die Bev\u00f6lkerung der Ukraine zu vermitteln. Eine Parteinahme, die der Propaganda entgeht.<\/p>\n\n\n\n<p>Die Vorf\u00fchrung findet am 22. November 2023 in Anwesenheit der Regisseurs Yevhen Titarenko und der Produzentin Natalia Khazan im Festssal des Bezirksmuseums Josefstadt statt und beginnt um 19 Uhr.<\/p>\n\n\n\n<p>Im Anschluss wird das (englischsprachige) Interview einen Einblick zur Entstehung des Films erm\u00f6glichen. Frau Khazan und Herr Titarenko werden dabei auch Fragen aus dem Publikum beantworten.<\/p>\n\n\n\n<p><strong>Statement der Regisseure<\/strong><\/p>\n\n\n\n<p>\u201eUnser Film zeigt den Krieg mit den Augen einfacher M\u00e4nner. Sie sind losgezogen, um ihr Heim, ihre Familien, ihr Heimatland zu verteidigen. Festgehalten mit Videorekordern und Handys, ist jeder Tag dieses Krieges voller Schrecken, Verzweiflung, Tod, Angst und stillem Heldentum. Die \u201eFront im Osten&#8220; hat die jungen M\u00e4nner und Frauen getrennt, die jetzt f\u00fcr eine freie Ukraine k\u00e4mpfen&#8230;\u201c<\/p>\n\n\n\n<p>Wir bedanken uns bei der MA7, Kulturabteilung der Stadt Wien f\u00fcr die finanzielle Unterst\u00fctzung.<\/p>\n\n\n\n<figure class=\"wp-block-image size-large is-resized\"><img decoding=\"async\" loading=\"lazy\" src=\"http:\/\/kultur-josefstadt.at\/wp-content\/uploads\/2023\/05\/Stadt_Wien_Kultur_pos_cmyk-edited-1024x292.jpg\" alt=\"\" class=\"wp-image-779\" width=\"242\" height=\"68\" srcset=\"http:\/\/kultur-josefstadt.at\/wp-content\/uploads\/2023\/05\/Stadt_Wien_Kultur_pos_cmyk-edited-1024x292.jpg 1024w, http:\/\/kultur-josefstadt.at\/wp-content\/uploads\/2023\/05\/Stadt_Wien_Kultur_pos_cmyk-edited-300x86.jpg 300w, http:\/\/kultur-josefstadt.at\/wp-content\/uploads\/2023\/05\/Stadt_Wien_Kultur_pos_cmyk-edited-768x219.jpg 768w, http:\/\/kultur-josefstadt.at\/wp-content\/uploads\/2023\/05\/Stadt_Wien_Kultur_pos_cmyk-edited-1536x438.jpg 1536w, http:\/\/kultur-josefstadt.at\/wp-content\/uploads\/2023\/05\/Stadt_Wien_Kultur_pos_cmyk-edited.jpg 1722w\" sizes=\"(max-width: 242px) 100vw, 242px\" \/><\/figure>\n\n\n\n<hr class=\"wp-block-separator has-alpha-channel-opacity\"\/>\n\n\n\n<h3 class=\"wp-block-heading\">6.9.2023, 17 Uhr, Hamerlingpark<\/h3>\n\n\n\n<h2 class=\"wp-block-heading\">&#8222;Der Talisman&#8220; von Johann Nestroy<\/h2>\n\n\n\n<h3 class=\"wp-block-heading\">UTOPIA Theater im Park<\/h3>\n\n\n\n<figure class=\"wp-block-image size-large\"><img decoding=\"async\" loading=\"lazy\" width=\"1024\" height=\"733\" src=\"http:\/\/kultur-josefstadt.at\/wp-content\/uploads\/2023\/07\/Bildschirmfoto-2023-07-04-um-09.48.39-1024x733.png\" alt=\"\" class=\"wp-image-786\" srcset=\"http:\/\/kultur-josefstadt.at\/wp-content\/uploads\/2023\/07\/Bildschirmfoto-2023-07-04-um-09.48.39-1024x733.png 1024w, http:\/\/kultur-josefstadt.at\/wp-content\/uploads\/2023\/07\/Bildschirmfoto-2023-07-04-um-09.48.39-300x215.png 300w, http:\/\/kultur-josefstadt.at\/wp-content\/uploads\/2023\/07\/Bildschirmfoto-2023-07-04-um-09.48.39-768x550.png 768w, http:\/\/kultur-josefstadt.at\/wp-content\/uploads\/2023\/07\/Bildschirmfoto-2023-07-04-um-09.48.39.png 1498w\" sizes=\"(max-width: 1024px) 100vw, 1024px\" \/><\/figure>\n\n\n\n<h2 class=\"wp-block-heading\">Impressionen:<\/h2>\n\n\n\n<p><\/p>\n\n\n\n<figure class=\"wp-block-gallery has-nested-images columns-default is-cropped wp-block-gallery-3 is-layout-flex\">\n<figure class=\"wp-block-image size-large\"><img decoding=\"async\" loading=\"lazy\" width=\"768\" height=\"1024\" data-id=\"804\"  src=\"http:\/\/kultur-josefstadt.at\/wp-content\/uploads\/2023\/09\/IMG_6763-768x1024.jpg\" alt=\"\" class=\"wp-image-804\" srcset=\"http:\/\/kultur-josefstadt.at\/wp-content\/uploads\/2023\/09\/IMG_6763-768x1024.jpg 768w, http:\/\/kultur-josefstadt.at\/wp-content\/uploads\/2023\/09\/IMG_6763-225x300.jpg 225w, http:\/\/kultur-josefstadt.at\/wp-content\/uploads\/2023\/09\/IMG_6763-1152x1536.jpg 1152w, http:\/\/kultur-josefstadt.at\/wp-content\/uploads\/2023\/09\/IMG_6763-1536x2048.jpg 1536w, http:\/\/kultur-josefstadt.at\/wp-content\/uploads\/2023\/09\/IMG_6763-scaled.jpg 1920w\" sizes=\"(max-width: 768px) 100vw, 768px\" \/><\/figure>\n\n\n\n<figure class=\"wp-block-image size-large\"><img decoding=\"async\" loading=\"lazy\" width=\"768\" height=\"1024\" data-id=\"798\"  src=\"http:\/\/kultur-josefstadt.at\/wp-content\/uploads\/2023\/09\/IMG_6754-768x1024.jpg\" alt=\"\" class=\"wp-image-798\" srcset=\"http:\/\/kultur-josefstadt.at\/wp-content\/uploads\/2023\/09\/IMG_6754-768x1024.jpg 768w, http:\/\/kultur-josefstadt.at\/wp-content\/uploads\/2023\/09\/IMG_6754-225x300.jpg 225w, http:\/\/kultur-josefstadt.at\/wp-content\/uploads\/2023\/09\/IMG_6754-1152x1536.jpg 1152w, http:\/\/kultur-josefstadt.at\/wp-content\/uploads\/2023\/09\/IMG_6754-1536x2048.jpg 1536w, http:\/\/kultur-josefstadt.at\/wp-content\/uploads\/2023\/09\/IMG_6754-scaled.jpg 1920w\" sizes=\"(max-width: 768px) 100vw, 768px\" \/><\/figure>\n\n\n\n<figure class=\"wp-block-image size-large\"><img decoding=\"async\" loading=\"lazy\" width=\"768\" height=\"1024\" data-id=\"800\"  src=\"http:\/\/kultur-josefstadt.at\/wp-content\/uploads\/2023\/09\/IMG_6757-768x1024.jpg\" alt=\"\" class=\"wp-image-800\" srcset=\"http:\/\/kultur-josefstadt.at\/wp-content\/uploads\/2023\/09\/IMG_6757-768x1024.jpg 768w, http:\/\/kultur-josefstadt.at\/wp-content\/uploads\/2023\/09\/IMG_6757-225x300.jpg 225w, http:\/\/kultur-josefstadt.at\/wp-content\/uploads\/2023\/09\/IMG_6757-1152x1536.jpg 1152w, http:\/\/kultur-josefstadt.at\/wp-content\/uploads\/2023\/09\/IMG_6757-1536x2048.jpg 1536w, http:\/\/kultur-josefstadt.at\/wp-content\/uploads\/2023\/09\/IMG_6757-scaled.jpg 1920w\" sizes=\"(max-width: 768px) 100vw, 768px\" \/><\/figure>\n\n\n\n<figure class=\"wp-block-image size-large\"><img decoding=\"async\" loading=\"lazy\" width=\"1024\" height=\"768\" data-id=\"801\"  src=\"http:\/\/kultur-josefstadt.at\/wp-content\/uploads\/2023\/09\/IMG_6762-1024x768.jpg\" alt=\"\" class=\"wp-image-801\" srcset=\"http:\/\/kultur-josefstadt.at\/wp-content\/uploads\/2023\/09\/IMG_6762-1024x768.jpg 1024w, http:\/\/kultur-josefstadt.at\/wp-content\/uploads\/2023\/09\/IMG_6762-300x225.jpg 300w, http:\/\/kultur-josefstadt.at\/wp-content\/uploads\/2023\/09\/IMG_6762-768x576.jpg 768w, http:\/\/kultur-josefstadt.at\/wp-content\/uploads\/2023\/09\/IMG_6762-1536x1152.jpg 1536w, http:\/\/kultur-josefstadt.at\/wp-content\/uploads\/2023\/09\/IMG_6762-2048x1536.jpg 2048w\" sizes=\"(max-width: 1024px) 100vw, 1024px\" \/><\/figure>\n<\/figure>\n\n\n\n<hr class=\"wp-block-separator has-alpha-channel-opacity\"\/>\n\n\n\n<blockquote class=\"wp-block-quote\">\n<p>Nicht die Menschen kommen ins Theater, das Theater kommt zu den Menschen. Kultur soll f\u00fcr ALLE zug\u00e4nglich sein, Zugangsh\u00fcrden werden aufgehoben.&nbsp;Der Park wird zur Kulturst\u00e4tte.&nbsp;<\/p>\n<\/blockquote>\n\n\n\n<p>In seiner Posse DER TALISMAN kritisiert Nestroy die oberfl\u00e4chlichen Vorurteile der Menschen gegen\u00fcber \u00c4u\u00dferlichkeiten, f\u00fcr die die Betroffenen nichts k\u00f6nnen, derentwegen sie aber oft von der Gesellschaft ausgeschlossen werden. Und er entlarvt die \u201eDoppelmoral\u201c jener, die ihre Vorurteile problemlos \u00fcber Bord werfen, sobald sie Vorteile wie Geld und Macht im Umgang mit den von ihnen gemiedenen Menschen wittern.<\/p>\n\n\n\n<p>Unsere Inszenierung bietet Theater f\u00fcr die ganze Familie an, f\u00fcr junge und junggebliebene Zuschauer*innen.<\/p>\n\n\n\n<p>Unwissenheit, Gleichg\u00fcltigkeit, Besserwisserei und Oberfl\u00e4chlichkeit, aber auch Angst vor dem Unbekannten sind der N\u00e4hrboden f\u00fcr Vorurteile gegen\u00fcber Haarfarbe, Hautfarbe, kultureller Herkunft, religi\u00f6sem Glauben, sexueller Orientierung und vieles mehr. \u2013 Desinteresse an und Vorbehalte gegen\u00fcber Unbekanntem und Fremdem m\u00fcndet oft in Ablehnung, die sich schnell in Diskriminierung, Ausgrenzung und Mobbing wandelt. Nicht selten entsteht daraus verbale und physische Gewalt \u2013 und letztlich die Spaltung der Gesellschaft.&nbsp;<\/p>\n\n\n\n<p><\/p>\n\n\n\n<p>Wir sollten der drohenden Entfremdung und der permanenten Anfeindung entgegentreten und \u00fcber alle Grenzen, die uns scheinbar so sehr unterscheiden, hinweg wieder aufeinander zugehen, einander zuh\u00f6ren und voneinander lernen.&nbsp;<\/p>\n\n\n\n<blockquote class=\"wp-block-quote\">\n<p> \u201eFREMD IST DER FREMDE NUR IN DER FREMDE.\u201c <\/p>\n\n\n\n<p>(Karl Valentin)<\/p>\n<\/blockquote>\n\n\n\n<p>Nachdem Kinder und Jugendliche leider schon fr\u00fch leidvolle Erfahrungen mit Spott, Mobbing und Ausgrenzungen machen m\u00fcssen, ist dieses Thema auch f\u00fcr die J\u00fcngsten spannend.<\/p>\n\n\n\n<p>Dennoch bietet dieses St\u00fcck ausreichend Unterhaltung durch turbulente Handlungsabl\u00e4ufe und Kom\u00f6diantik. Au\u00dferdem findet unser junges Publikum in Titus Feuerfuchs und Salome Pockerl zwei typische und sympathische Identifikationsfiguren.<\/p>\n\n\n\n<p>Mit freundlicher Unterst\u00fctzung von: <\/p>\n\n\n\n<figure class=\"wp-block-image size-large is-resized\"><img decoding=\"async\" loading=\"lazy\" src=\"http:\/\/kultur-josefstadt.at\/wp-content\/uploads\/2023\/05\/Stadt_Wien_Kultur_pos_cmyk-1024x294.jpg\" alt=\"\" class=\"wp-image-778\" width=\"194\" height=\"56\" srcset=\"http:\/\/kultur-josefstadt.at\/wp-content\/uploads\/2023\/05\/Stadt_Wien_Kultur_pos_cmyk-1024x294.jpg 1024w, http:\/\/kultur-josefstadt.at\/wp-content\/uploads\/2023\/05\/Stadt_Wien_Kultur_pos_cmyk-300x86.jpg 300w, http:\/\/kultur-josefstadt.at\/wp-content\/uploads\/2023\/05\/Stadt_Wien_Kultur_pos_cmyk-768x220.jpg 768w, http:\/\/kultur-josefstadt.at\/wp-content\/uploads\/2023\/05\/Stadt_Wien_Kultur_pos_cmyk-1536x441.jpg 1536w, http:\/\/kultur-josefstadt.at\/wp-content\/uploads\/2023\/05\/Stadt_Wien_Kultur_pos_cmyk.jpg 1722w\" sizes=\"(max-width: 194px) 100vw, 194px\" \/><\/figure>\n\n\n\n<hr class=\"wp-block-separator has-alpha-channel-opacity\"\/>\n\n\n\n<hr class=\"wp-block-separator has-alpha-channel-opacity\"\/>\n\n\n\n<figure class=\"wp-block-image size-large is-resized\"><img decoding=\"async\" loading=\"lazy\" src=\"http:\/\/kultur-josefstadt.at\/wp-content\/uploads\/2023\/05\/logo-regenbogen-edited-1024x136.png\" alt=\"\" class=\"wp-image-777\" width=\"191\" height=\"24\" srcset=\"http:\/\/kultur-josefstadt.at\/wp-content\/uploads\/2023\/05\/logo-regenbogen-edited-1024x136.png 1024w, http:\/\/kultur-josefstadt.at\/wp-content\/uploads\/2023\/05\/logo-regenbogen-edited-300x40.png 300w, http:\/\/kultur-josefstadt.at\/wp-content\/uploads\/2023\/05\/logo-regenbogen-edited-768x102.png 768w, http:\/\/kultur-josefstadt.at\/wp-content\/uploads\/2023\/05\/logo-regenbogen-edited-1536x204.png 1536w, http:\/\/kultur-josefstadt.at\/wp-content\/uploads\/2023\/05\/logo-regenbogen-edited-2048x272.png 2048w\" sizes=\"(max-width: 191px) 100vw, 191px\" \/><\/figure>\n\n\n\n<h2 class=\"wp-block-heading\">15.-18. Juni 2023<\/h2>\n\n\n\n<h2 class=\"wp-block-heading\">Sommerkino Josefstadt<\/h2>\n\n\n\n<figure class=\"wp-block-image size-large\"><img decoding=\"async\" loading=\"lazy\" width=\"1024\" height=\"576\" src=\"http:\/\/kultur-josefstadt.at\/wp-content\/uploads\/2023\/05\/foto_Sommerkino-Kopie-1024x576.jpg\" alt=\"\" class=\"wp-image-769\" srcset=\"http:\/\/kultur-josefstadt.at\/wp-content\/uploads\/2023\/05\/foto_Sommerkino-Kopie-1024x576.jpg 1024w, http:\/\/kultur-josefstadt.at\/wp-content\/uploads\/2023\/05\/foto_Sommerkino-Kopie-300x169.jpg 300w, http:\/\/kultur-josefstadt.at\/wp-content\/uploads\/2023\/05\/foto_Sommerkino-Kopie-768x432.jpg 768w, http:\/\/kultur-josefstadt.at\/wp-content\/uploads\/2023\/05\/foto_Sommerkino-Kopie-1536x864.jpg 1536w, http:\/\/kultur-josefstadt.at\/wp-content\/uploads\/2023\/05\/foto_Sommerkino-Kopie.jpg 1920w\" sizes=\"(max-width: 1024px) 100vw, 1024px\" \/><\/figure>\n\n\n\n<p><\/p>\n\n\n\n<p>Auch dieses Jahr fand wieder Open-Air-Kino vom Feinsten auf einem der sch\u00f6nsten Pl\u00e4tze Wiens statt. Das Programm  stellte heuer starke Frauen in den Mittelpunkt. <\/p>\n\n\n\n<p>Die Veranstaltung fand in Zusammenarbeit mit dem <a href=\"https:\/\/www.volxkino.at\">VOLXkino<\/a> statt.<\/p>\n\n\n\n<p>Wir bedanken uns bei der Basis.Kultur.Wien und der Kulturkommission des 8. Bezirks f\u00fcr die Unterst\u00fctzung.<\/p>\n\n\n\n<figure class=\"wp-block-image size-large is-resized\"><img decoding=\"async\" src=\"http:\/\/kultur-josefstadt.at\/wp-content\/uploads\/2023\/05\/Stadt_Wien_Kultur_pos_cmyk-edited.jpg\" alt=\"\" class=\"wp-image-779\" width=\"246\" srcset=\"http:\/\/kultur-josefstadt.at\/wp-content\/uploads\/2023\/05\/Stadt_Wien_Kultur_pos_cmyk-edited.jpg 1722w, http:\/\/kultur-josefstadt.at\/wp-content\/uploads\/2023\/05\/Stadt_Wien_Kultur_pos_cmyk-edited-300x86.jpg 300w, http:\/\/kultur-josefstadt.at\/wp-content\/uploads\/2023\/05\/Stadt_Wien_Kultur_pos_cmyk-edited-1024x292.jpg 1024w, http:\/\/kultur-josefstadt.at\/wp-content\/uploads\/2023\/05\/Stadt_Wien_Kultur_pos_cmyk-edited-768x219.jpg 768w, http:\/\/kultur-josefstadt.at\/wp-content\/uploads\/2023\/05\/Stadt_Wien_Kultur_pos_cmyk-edited-1536x438.jpg 1536w\" sizes=\"(max-width: 1722px) 100vw, 1722px\" \/><\/figure>\n\n\n\n<p><\/p>\n\n\n\n<figure class=\"wp-block-image size-large is-resized\"><img decoding=\"async\" src=\"http:\/\/kultur-josefstadt.at\/wp-content\/uploads\/2023\/05\/logo-regenbogen-edited.png\" alt=\"\" class=\"wp-image-777\" width=\"240\" srcset=\"http:\/\/kultur-josefstadt.at\/wp-content\/uploads\/2023\/05\/logo-regenbogen-edited.png 6000w, http:\/\/kultur-josefstadt.at\/wp-content\/uploads\/2023\/05\/logo-regenbogen-edited-300x40.png 300w, http:\/\/kultur-josefstadt.at\/wp-content\/uploads\/2023\/05\/logo-regenbogen-edited-1024x136.png 1024w, http:\/\/kultur-josefstadt.at\/wp-content\/uploads\/2023\/05\/logo-regenbogen-edited-768x102.png 768w, http:\/\/kultur-josefstadt.at\/wp-content\/uploads\/2023\/05\/logo-regenbogen-edited-1536x204.png 1536w, http:\/\/kultur-josefstadt.at\/wp-content\/uploads\/2023\/05\/logo-regenbogen-edited-2048x272.png 2048w\" sizes=\"(max-width: 6000px) 100vw, 6000px\" \/><\/figure>\n\n\n\n<h2 class=\"wp-block-heading\">Donnerstag, 15.6.: EIN DATE F\u00dcR MAD MARY<\/h2>\n\n\n\n<p>IE 2016, 82 Min., OmU<\/p>\n\n\n\n<figure class=\"wp-block-image size-large\"><img decoding=\"async\" loading=\"lazy\" width=\"1024\" height=\"682\" src=\"http:\/\/kultur-josefstadt.at\/wp-content\/uploads\/2023\/05\/348249600_269279542243258_3974090325352091466_n-1024x682.jpg\" alt=\"\" class=\"wp-image-771\" srcset=\"http:\/\/kultur-josefstadt.at\/wp-content\/uploads\/2023\/05\/348249600_269279542243258_3974090325352091466_n-1024x682.jpg 1024w, http:\/\/kultur-josefstadt.at\/wp-content\/uploads\/2023\/05\/348249600_269279542243258_3974090325352091466_n-300x200.jpg 300w, http:\/\/kultur-josefstadt.at\/wp-content\/uploads\/2023\/05\/348249600_269279542243258_3974090325352091466_n-768x512.jpg 768w, http:\/\/kultur-josefstadt.at\/wp-content\/uploads\/2023\/05\/348249600_269279542243258_3974090325352091466_n-1536x1024.jpg 1536w, http:\/\/kultur-josefstadt.at\/wp-content\/uploads\/2023\/05\/348249600_269279542243258_3974090325352091466_n.jpg 1772w\" sizes=\"(max-width: 1024px) 100vw, 1024px\" \/><\/figure>\n\n\n\n<p>Regie: Darren Thornton<\/p>\n\n\n\n<p>Mit mit Se\u00e1na Kerslake, Tara Lee, Charleigh Bailey, Denise McCormack u.a.<\/p>\n\n\n\n<p><br>Mary McArdle, die wegen ihres ungest\u00fcmen Temperaments von allen nur Mad Mary genannt wird, kommt nach einer 6-monatigen Gef\u00e4ngnisstrafe zur\u00fcck in ihre Heimatstadt Drogheda, einem Vorort von Dublin. Warum sie einsa\u00df, will sie so schnell wie m\u00f6glich vergessen. In der Zwischenzeit hat sich ihre beste Freundin Charlene verlobt, und Mary soll die Trauzeugin sein. Als Charlene ihr erkl\u00e4rt, dass sie Mary nur alleine einl\u00e4dt, weil sie sowieso kein Date f\u00fcr die Hochzeit finden w\u00fcrde, ist Mary wild entschlossen, ihr das Gegenteil zu beweisen. Doch all ihre Versuche enden in einem Desaster. Mary f\u00fchlt sich einsamer als zuvor. Bis sie die Fotografin Jess kennenlernt, die Charlene f\u00fcr die Hochzeit engagiert hat \u2026<br>Regisseur Darren Thornton verm\u00e4hlt in seinem bitters\u00fc\u00dfen Coming-of-Age-Film elegant die schwerelose Romantik des US-High-School-Kinos der 1980er (\u201ePretty in Pink\u201c, \u201eIst sie nicht wunderbar?\u201c) mit dem rauen Realismus des britischen Jugenddramas der 2000er (\u201eFish Tank\u201c, \u201eSweet Sixteen\u201c). \u201eEin Date f\u00fcr Mad Mary\u201c ist ein ber\u00fchrender Film \u00fcber Freundschaft, den Abschied von den glorreichen Tagen der Jugend und den Zauber der ersten gro\u00dfen Liebe.<\/p>\n\n\n\n<hr class=\"wp-block-separator has-alpha-channel-opacity\"\/>\n\n\n\n<h2 class=\"wp-block-heading\">Freitag, 16.6.: <strong>HOLY SPIDER<\/strong><\/h2>\n\n\n\n<p>DK\/D\/SWE\/F 2022,117 Min., OmU<\/p>\n\n\n\n<figure class=\"wp-block-image size-large\"><img decoding=\"async\" loading=\"lazy\" width=\"1024\" height=\"428\" src=\"http:\/\/kultur-josefstadt.at\/wp-content\/uploads\/2023\/05\/348816186_582794450664720_2076949197636217996_n-1024x428.jpg\" alt=\"\" class=\"wp-image-773\" srcset=\"http:\/\/kultur-josefstadt.at\/wp-content\/uploads\/2023\/05\/348816186_582794450664720_2076949197636217996_n-1024x428.jpg 1024w, http:\/\/kultur-josefstadt.at\/wp-content\/uploads\/2023\/05\/348816186_582794450664720_2076949197636217996_n-300x125.jpg 300w, http:\/\/kultur-josefstadt.at\/wp-content\/uploads\/2023\/05\/348816186_582794450664720_2076949197636217996_n-768x321.jpg 768w, http:\/\/kultur-josefstadt.at\/wp-content\/uploads\/2023\/05\/348816186_582794450664720_2076949197636217996_n-1536x641.jpg 1536w, http:\/\/kultur-josefstadt.at\/wp-content\/uploads\/2023\/05\/348816186_582794450664720_2076949197636217996_n-2048x855.jpg 2048w\" sizes=\"(max-width: 1024px) 100vw, 1024px\" \/><\/figure>\n\n\n\n<p>Regie: Ali Abbasi<\/p>\n\n\n\n<p>Mit Zar Amir-Ebrahimi, Mehdi Bajestani, Arash Ashtiani, Forouzan Jamshidnejad, Sina Parvaneh, u.a.<\/p>\n\n\n\n<p><br>Eine Reihe von unaufgekl\u00e4rten Morden an Prostituierten h\u00e4lt die Heilige Stadt Maschhad im Nordosten des Iran in Atem: \u201eSpinnenm\u00f6rder\u201c nennen sie den Serienkiller, der von sich glaubt, die Arbeit Gottes zu verrichten, indem er die Stra\u00dfen vom Dreck befreit. Die Journalistin Rahimi wird von ihrer Zeitung geschickt, dem Fall nachzugehen \u2013 und bekommt als Frau in einer von M\u00e4nnern dominierten Welt ein Hindernis nach dem anderen in den Weg gelegt. Doch Rahimi gibt ihre Suche nach der Wahrheit nicht einfach auf. W\u00e4hrend die Beh\u00f6rden tatenlos zusehen, wie der M\u00f6rder ein Opfer nach dem anderen in sein Netz lockt, kommt sie dem T\u00e4ter immer n\u00e4her. Entsetzt muss sie feststellen, dass er von vielen Menschen in der Stadt als Held gefeiert wird, und seine Verurteilung mehr als ungewiss scheint.<br>Basierend auf dem ersch\u00fctternden wahren Kriminalfall des \u201eSpinnenm\u00f6rders\u201c Saeed Hanaei, der zu Beginn der 2000er-Jahre in der Heiligen Stadt Maschhad 16 Prostituierte ermordete, realisierte der gefeierte iranischst\u00e4mmige Regisseur Ali Abbasi (\u201eBorder\u201c) einen ebenso packenden wie ungew\u00f6hnlichen Thriller. Dabei hat HOLY SPIDER weit mehr zu bieten als pure Spannung und Nervenkitzel: Mit der gro\u00dfartigen Zar Amir Ebrahimi in der Hauptrolle der jungen, mutigen Journalistin, und einem nicht minder fantastischen Mehdi Bajestani als einfachem Bauarbeiter auf heiliger Mission als ihren Gegenspieler, ist HOLY SPIDER ein gewagter Drahtseilakt, der ein ganz anderes Bild des Iran zeichnet, als man es bisher aus Filmen kennt.<\/p>\n\n\n\n<hr class=\"wp-block-separator has-alpha-channel-opacity\"\/>\n\n\n\n<h2 class=\"wp-block-heading\">Samstag, 17.6.: <strong>DIE TASCHENDIEBIN<\/strong><\/h2>\n\n\n\n<p>RK 2016, 145 Min., OmU<\/p>\n\n\n\n<figure class=\"wp-block-image size-large\"><img decoding=\"async\" loading=\"lazy\" width=\"1024\" height=\"683\" src=\"http:\/\/kultur-josefstadt.at\/wp-content\/uploads\/2023\/05\/348606639_1369882963573589_6883171064700823375_n-1024x683.jpg\" alt=\"\" class=\"wp-image-775\" srcset=\"http:\/\/kultur-josefstadt.at\/wp-content\/uploads\/2023\/05\/348606639_1369882963573589_6883171064700823375_n-1024x683.jpg 1024w, http:\/\/kultur-josefstadt.at\/wp-content\/uploads\/2023\/05\/348606639_1369882963573589_6883171064700823375_n-300x200.jpg 300w, http:\/\/kultur-josefstadt.at\/wp-content\/uploads\/2023\/05\/348606639_1369882963573589_6883171064700823375_n-768x512.jpg 768w, http:\/\/kultur-josefstadt.at\/wp-content\/uploads\/2023\/05\/348606639_1369882963573589_6883171064700823375_n-1536x1024.jpg 1536w, http:\/\/kultur-josefstadt.at\/wp-content\/uploads\/2023\/05\/348606639_1369882963573589_6883171064700823375_n.jpg 2048w\" sizes=\"(max-width: 1024px) 100vw, 1024px\" \/><\/figure>\n\n\n\n<p>Regie: Park Chan-wook<\/p>\n\n\n\n<p>Mit Kim Min-hee, Kim Tae-ri, Ha Jung-woo, Cho Jin-woong, Kim Hae-sook, Moon So-ri, u.a.<\/p>\n\n\n\n<p><br>Der Plot des neuen Films von Park Chan-wook l\u00e4sst sich scheinbar leicht zusammenfassen: Es geht um die Dreiecksbeziehung zwischen einer Meisterdiebin, ihrem aalglatten Auftraggeber und dem vermeintlich nichtsahnenden Opfer, einer naiven Adelstochter. Diese grobe \u00dcbersicht aber gibt nur einen Bruchteil des narrativen Spiegelkabinetts wieder, das der koreanische Regisseur hier konstruiert. Allianzen, Abh\u00e4ngigkeiten und Machtverh\u00e4ltnisse sind so fluide und tr\u00fcgerisch wie die Identit\u00e4ten seiner Figuren \u2013 und die visuelle Struktur des Films.<br>Die titelgebende \u00bbTaschendiebin\u00ab ist Sook-hee. Die junge Frau schleicht sich in den Haushalt des eremitischen japanischen Nobelmanns Kuzuki ein, indem sie sich als Kammerzofe seiner verzogenen Tochter Hideko ausgibt. In Wirklichkeit arbeitet sie dem Gangsterboss Fujiwara zu, der unter falscher Identit\u00e4t das Vertrauen der sch\u00f6nen Hideko gewinnen, sie ehelichen und schlie\u00dflich in ein Irrenhaus einweisen will \u2013 all das, um an das immense Erbe zu gelangen, von dem auch Sook-hee ihren Teil bekommen soll.<\/p>\n\n\n\n<hr class=\"wp-block-separator has-alpha-channel-opacity\"\/>\n\n\n\n<h2 class=\"wp-block-heading\">Sonntag, 18.6.: FEMINISM WTF<\/h2>\n\n\n\n<p>AT 2023, 96 Min.<\/p>\n\n\n\n<figure class=\"wp-block-image size-large\"><img decoding=\"async\" loading=\"lazy\" width=\"1024\" height=\"428\" src=\"http:\/\/kultur-josefstadt.at\/wp-content\/uploads\/2023\/05\/348823614_1238813853421856_8606937824908650711_n-1024x428.jpg\" alt=\"\" class=\"wp-image-776\" srcset=\"http:\/\/kultur-josefstadt.at\/wp-content\/uploads\/2023\/05\/348823614_1238813853421856_8606937824908650711_n-1024x428.jpg 1024w, http:\/\/kultur-josefstadt.at\/wp-content\/uploads\/2023\/05\/348823614_1238813853421856_8606937824908650711_n-300x125.jpg 300w, http:\/\/kultur-josefstadt.at\/wp-content\/uploads\/2023\/05\/348823614_1238813853421856_8606937824908650711_n-768x321.jpg 768w, http:\/\/kultur-josefstadt.at\/wp-content\/uploads\/2023\/05\/348823614_1238813853421856_8606937824908650711_n-1536x643.jpg 1536w, http:\/\/kultur-josefstadt.at\/wp-content\/uploads\/2023\/05\/348823614_1238813853421856_8606937824908650711_n-2048x857.jpg 2048w\" sizes=\"(max-width: 1024px) 100vw, 1024px\" \/><\/figure>\n\n\n\n<p>Regie: Katharina M\u00fcckstein<\/p>\n\n\n\n<p>Mit Maisha Auma, Persson Perry Baumgartinger, Astrid Biele Mefebue, Nikita Dhawan, Rona Torenz, Paula Villa Braslavsky, Laura Wiesb\u00f6ck, Emilene Wopana Mudimu, u.a<\/p>\n\n\n\n<p><br>Die Frauen*bewegung ist die erfolgreichste soziale Bewegung des 20. Jahrhunderts und hat alle Gesellschaftsschichten erfasst. Ihre Errungenschaften haben nicht nur bessere Lebensbedingungen f\u00fcr Frauen* erk\u00e4mpft, sondern unsere Lebensweisen und unsere Ideen von Zusammenleben radikal ver\u00e4ndert. Und obwohl feministische Debatten wie&nbsp;<a href=\"https:\/\/www.facebook.com\/hashtag\/metoo?__eep__=6&amp;__cft__[0]=AZVjVcNVE-R52baSjy9uWQ267-d1AQzv2NLDVZfFarN-LmDM_15TEvSUG7vUDrKcl2Fb5AoYOR40rhHyHcG1rKsTb6hzSog1PLBezfnJu1ffLwFltcZpcfBHZ3uNWDOD_BU&amp;__tn__=q\">#metoo<\/a>&nbsp;in der Mitte der Gesellschaft angekommen sind, hat der Begriff \u201eFeminist*in\u201c immer noch einen negativen Unterton.<br>Der Dokumentarfilm FEMINISM WTF (What the Fuck) schl\u00fcsselt auf, welche Themenvielfalt 2023 unter dem Begriff Feminismus verhandelt wird. Die Experts aus Politik- und Sozialwissenschaften, M\u00e4nnlichkeitsforschung, Gender-, Queer- und Trans-Studies gehen der Frage nach, wie wir alle zum Aufbrechen von Macht- und Abh\u00e4ngigkeitsverh\u00e4ltnissen beitragen k\u00f6nnen, um eine solidarische Gesellschaft der Vielen zu sein. Dabei geht es um viele aktuelle Debatten: Warum sprechen wir immer von nur zwei Geschlechtern? Warum m\u00fcssen Frauen* den Gro\u00dfteil der unbezahlten Haus- und Kindererziehungsarbeit machen? Warum sind Kapitalismus und Feminismus ein Widerspruch? Was hat der europ\u00e4ische Kolonialismus mit den heutigen Ideen von sexueller Freiheit und rassistischen Stereotypen zu tun? Wieso brauchen wir Feminismus, um das Klima zu retten? Und warum engagieren sich eigentlich so wenige M\u00e4nner f\u00fcr den Feminismus?<br>In FEMINISM WTF setzt Regisseurin Katharina M\u00fcckstein die Experts in einen filmischen Dialog mit Musikvideo-Sequenzen zum elektronischen Soundtrack von Tony Renaissance: die \u00e4sthetisierten Tanz- und Performance-Motive brechen mit den g\u00e4ngigen Vorstellungen von Pop-Feminismus und entwerfen lustvolle, neue Bilder von K\u00f6rper und Geschlecht.<\/p>\n\n\n\n<hr class=\"wp-block-separator has-alpha-channel-opacity\"\/>\n\n\n\n<h3 class=\"wp-block-heading\">2. M\u00e4rz 2023, 19 Uhr: Ausstellungser\u00f6ffnung<\/h3>\n\n\n\n<div class=\"wp-block-group is-layout-flow\"><div class=\"wp-block-group__inner-container\">\n<h2 class=\"wp-block-heading\"> &#8222;H\u00e4user der Josefstadt und ihre Chronik&#8220;<\/h2>\n\n\n\n<h3 class=\"wp-block-heading\">Rudolf Schey<\/h3>\n\n\n\n<figure class=\"wp-block-image size-full\"><img decoding=\"async\" loading=\"lazy\" width=\"572\" height=\"682\" src=\"http:\/\/kultur-josefstadt.at\/wp-content\/uploads\/2023\/02\/Bildschirm\u00adfoto-2023-02-09-um-16.56.56.png\" alt=\"\" class=\"wp-image-761\" srcset=\"http:\/\/kultur-josefstadt.at\/wp-content\/uploads\/2023\/02\/Bildschirm\u00adfoto-2023-02-09-um-16.56.56.png 572w, http:\/\/kultur-josefstadt.at\/wp-content\/uploads\/2023\/02\/Bildschirm\u00adfoto-2023-02-09-um-16.56.56-252x300.png 252w\" sizes=\"(max-width: 572px) 100vw, 572px\" \/><\/figure>\n\n\n\n<p><\/p>\n\n\n\n<p>Begr\u00fc\u00dfung: Museumsleiterin Maria Ettl<\/p>\n\n\n\n<p>Zur Ausstellung: Brigitte Schey-Vogel, Tochter des K\u00fcnstlers<\/p>\n\n\n\n<p>Er\u00f6ffnung: LAbg GRin Stefanie Vasold<\/p>\n\n\n\n<p>Im Anschluss an die Er\u00f6ffnung Brot und Wein<\/p>\n\n\n\n<hr class=\"wp-block-separator has-alpha-channel-opacity\"\/>\n\n\n\n<p><strong>\u00dcber die Ausstellung:<\/strong><\/p>\n\n\n\n<p>Rudolf Schey (1918-2006) war gelernter Fotograf und besuchte die graphische Lehr- und Versuchsanstalt in Wien. Nach dem Krieg arbeitete er bis zu seiner Pensionierung als Werbegrafiker.<\/p>\n\n\n\n<p>Er wohnte in der Neudeggergasse und zeichnete meist \u201cvor Ort\u201d und mit detaillierter Genauigkeit viele historische Bauten und Verkehrsumbauten in Wien. Aber auch viele Motive in seinem Heimatbezirk Josefstadt in seiner Technik: Schwarz-Wei\u00df, Tusche laviert. Viele seiner gezeichneten Objekte existieren heute nicht mehr. Wegen seiner Detailtreue und topografischen Genauigkeit wurde er auch als Chronist der Josefstadt bezeichnet.<\/p>\n\n\n\n<p>Die Ausstellung \u201cH\u00e4user der Josefstadt und ihre Chronik &#8211; Rudolf Schey &#8211; Tuschlavierungen\u201d wird gemeinsam mit dem Bezirksmuseum Josefstadt und in diesem pr\u00e4sentiert. Es werden am Beispiel von 20 Zeichnungen aus den reichen Oeuvre des K\u00fcnstlers die Geschichte der gezeichneten Objekte und besondere Vorkommnisse beleuchtet.<\/p>\n\n\n\n<p><strong>Dauer und \u00d6ffnungszeiten: <\/strong><\/p>\n\n\n\n<p>Die Ausstellung ist vom 2. M\u00e4rz bis zum 15. Oktober 2023 jeweils am Sonntag von 10 bis 12 Uhr, am Mittwoch von 18 bis 20 Uhr, sowie nach Vereinbarung ge\u00f6ffnet.<\/p>\n\n\n\n<p><strong>Ort:<\/strong><\/p>\n\n\n\n<p>Bezirksmuseum Josefstadt, Schmidgasse 18, 1080 Wien<\/p>\n\n\n\n<p><strong>Dank: <\/strong><\/p>\n\n\n\n<p>Dem Bezirksmuseum Josefstadt f\u00fcr die Kooperation, der Basis.Kultur Wien und der MA7 f\u00fcr F\u00f6rderung dieses Projektes<\/p>\n\n\n\n<figure class=\"wp-block-image size-full\"><img decoding=\"async\" loading=\"lazy\" width=\"904\" height=\"116\" src=\"http:\/\/kultur-josefstadt.at\/wp-content\/uploads\/2023\/02\/Bildschirm\u00adfoto-2023-02-09-um-16.59.51.png\" alt=\"\" class=\"wp-image-764\" srcset=\"http:\/\/kultur-josefstadt.at\/wp-content\/uploads\/2023\/02\/Bildschirm\u00adfoto-2023-02-09-um-16.59.51.png 904w, http:\/\/kultur-josefstadt.at\/wp-content\/uploads\/2023\/02\/Bildschirm\u00adfoto-2023-02-09-um-16.59.51-300x38.png 300w, http:\/\/kultur-josefstadt.at\/wp-content\/uploads\/2023\/02\/Bildschirm\u00adfoto-2023-02-09-um-16.59.51-768x99.png 768w\" sizes=\"(max-width: 904px) 100vw, 904px\" \/><\/figure>\n<\/div><\/div>\n\n\n\n<hr class=\"wp-block-separator has-alpha-channel-opacity\"\/>\n\n\n\n<h3 class=\"wp-block-heading\">8. und 16. Dezember 2022:<\/h3>\n\n\n\n<h2 class=\"wp-block-heading\">Musikalisch durch den Advent<\/h2>\n\n\n\n<p>Gleich zwei Mal l\u00e4dt der Kulturverein Josefstadt im Dezember ein zu einer stimmungsvollen musikalischen Reise. <\/p>\n\n\n\n<figure class=\"wp-block-image size-large\"><img decoding=\"async\" loading=\"lazy\" width=\"724\" height=\"1024\" src=\"http:\/\/kultur-josefstadt.at\/wp-content\/uploads\/2022\/11\/WEIKONZ2022_PLAKAT-mit-Logo-724x1024.jpg\" alt=\"\" class=\"wp-image-750\" srcset=\"http:\/\/kultur-josefstadt.at\/wp-content\/uploads\/2022\/11\/WEIKONZ2022_PLAKAT-mit-Logo-724x1024.jpg 724w, http:\/\/kultur-josefstadt.at\/wp-content\/uploads\/2022\/11\/WEIKONZ2022_PLAKAT-mit-Logo-212x300.jpg 212w, http:\/\/kultur-josefstadt.at\/wp-content\/uploads\/2022\/11\/WEIKONZ2022_PLAKAT-mit-Logo-768x1086.jpg 768w, http:\/\/kultur-josefstadt.at\/wp-content\/uploads\/2022\/11\/WEIKONZ2022_PLAKAT-mit-Logo-1086x1536.jpg 1086w, http:\/\/kultur-josefstadt.at\/wp-content\/uploads\/2022\/11\/WEIKONZ2022_PLAKAT-mit-Logo-1448x2048.jpg 1448w, http:\/\/kultur-josefstadt.at\/wp-content\/uploads\/2022\/11\/WEIKONZ2022_PLAKAT-mit-Logo-scaled.jpg 1810w\" sizes=\"(max-width: 724px) 100vw, 724px\" \/><\/figure>\n\n\n\n<p><\/p>\n\n\n\n<p>Am 8. Dezember h\u00fcllt das Blechbl\u00e4ser-Ensemble Brilliante Brass die Josefst\u00e4dter Stra\u00dfe in adventliche Stimmung.<\/p>\n\n\n\n<p>Am 16. Dezember gibt es ein klassissches Konzert mit Solisten, Vokal-Ensemble und Streicher des Joseph-Haydn Konzertvereins im Volkskundemuseum. <\/p>\n\n\n\n<p>Der Eintritt ist wie immer frei. Wir bedanken uns bei der Stadt Wien und Basis.Kultur f\u00fcr die finanzielle Unterst\u00fctzung.<\/p>\n\n\n\n<hr class=\"wp-block-separator has-alpha-channel-opacity\"\/>\n\n\n\n<h2 class=\"wp-block-heading\">Impressionen der Atelierrundg\u00e4nge <\/h2>\n\n\n\n<h3 class=\"wp-block-heading\"><strong>23.-25. September 2022<\/strong><\/h3>\n\n\n\n<figure class=\"wp-block-gallery has-nested-images columns-default is-cropped wp-block-gallery-6 is-layout-flex\">\n<figure class=\"wp-block-image size-large\"><a href=\"http:\/\/kultur-josefstadt.at\/wp-content\/uploads\/2022\/09\/IMG_4144-scaled.jpg\"><img decoding=\"async\" loading=\"lazy\" width=\"1707\" height=\"2560\" data-id=\"635\"  src=\"http:\/\/kultur-josefstadt.at\/wp-content\/uploads\/2022\/09\/IMG_4144-scaled.jpg\" alt=\"\" class=\"wp-image-635\" srcset=\"http:\/\/kultur-josefstadt.at\/wp-content\/uploads\/2022\/09\/IMG_4144-scaled.jpg 1707w, http:\/\/kultur-josefstadt.at\/wp-content\/uploads\/2022\/09\/IMG_4144-200x300.jpg 200w, http:\/\/kultur-josefstadt.at\/wp-content\/uploads\/2022\/09\/IMG_4144-683x1024.jpg 683w, http:\/\/kultur-josefstadt.at\/wp-content\/uploads\/2022\/09\/IMG_4144-768x1152.jpg 768w, http:\/\/kultur-josefstadt.at\/wp-content\/uploads\/2022\/09\/IMG_4144-1024x1536.jpg 1024w, http:\/\/kultur-josefstadt.at\/wp-content\/uploads\/2022\/09\/IMG_4144-1365x2048.jpg 1365w\" sizes=\"(max-width: 1707px) 100vw, 1707px\" \/><\/a><\/figure>\n\n\n\n<figure class=\"wp-block-image size-large\"><a href=\"http:\/\/kultur-josefstadt.at\/wp-content\/uploads\/2022\/09\/IMG_4147-scaled.jpg\"><img decoding=\"async\" loading=\"lazy\" width=\"1707\" height=\"2560\" data-id=\"636\"  src=\"http:\/\/kultur-josefstadt.at\/wp-content\/uploads\/2022\/09\/IMG_4147-scaled.jpg\" alt=\"\" class=\"wp-image-636\" srcset=\"http:\/\/kultur-josefstadt.at\/wp-content\/uploads\/2022\/09\/IMG_4147-scaled.jpg 1707w, http:\/\/kultur-josefstadt.at\/wp-content\/uploads\/2022\/09\/IMG_4147-200x300.jpg 200w, http:\/\/kultur-josefstadt.at\/wp-content\/uploads\/2022\/09\/IMG_4147-683x1024.jpg 683w, http:\/\/kultur-josefstadt.at\/wp-content\/uploads\/2022\/09\/IMG_4147-768x1152.jpg 768w, http:\/\/kultur-josefstadt.at\/wp-content\/uploads\/2022\/09\/IMG_4147-1024x1536.jpg 1024w, http:\/\/kultur-josefstadt.at\/wp-content\/uploads\/2022\/09\/IMG_4147-1365x2048.jpg 1365w\" sizes=\"(max-width: 1707px) 100vw, 1707px\" \/><\/a><\/figure>\n\n\n\n<figure class=\"wp-block-image size-large\"><a href=\"http:\/\/kultur-josefstadt.at\/wp-content\/uploads\/2022\/09\/IMG_4149-scaled.jpg\"><img decoding=\"async\" loading=\"lazy\" width=\"1707\" height=\"2560\" data-id=\"639\"  src=\"http:\/\/kultur-josefstadt.at\/wp-content\/uploads\/2022\/09\/IMG_4149-scaled.jpg\" alt=\"\" class=\"wp-image-639\" srcset=\"http:\/\/kultur-josefstadt.at\/wp-content\/uploads\/2022\/09\/IMG_4149-scaled.jpg 1707w, http:\/\/kultur-josefstadt.at\/wp-content\/uploads\/2022\/09\/IMG_4149-200x300.jpg 200w, http:\/\/kultur-josefstadt.at\/wp-content\/uploads\/2022\/09\/IMG_4149-683x1024.jpg 683w, http:\/\/kultur-josefstadt.at\/wp-content\/uploads\/2022\/09\/IMG_4149-768x1152.jpg 768w, http:\/\/kultur-josefstadt.at\/wp-content\/uploads\/2022\/09\/IMG_4149-1024x1536.jpg 1024w, http:\/\/kultur-josefstadt.at\/wp-content\/uploads\/2022\/09\/IMG_4149-1365x2048.jpg 1365w\" sizes=\"(max-width: 1707px) 100vw, 1707px\" \/><\/a><\/figure>\n\n\n\n<figure class=\"wp-block-image size-large\"><a href=\"http:\/\/kultur-josefstadt.at\/wp-content\/uploads\/2022\/09\/IMG_4145-scaled.jpg\"><img decoding=\"async\" loading=\"lazy\" width=\"1707\" height=\"2560\" data-id=\"637\"  src=\"http:\/\/kultur-josefstadt.at\/wp-content\/uploads\/2022\/09\/IMG_4145-scaled.jpg\" alt=\"\" class=\"wp-image-637\" srcset=\"http:\/\/kultur-josefstadt.at\/wp-content\/uploads\/2022\/09\/IMG_4145-scaled.jpg 1707w, http:\/\/kultur-josefstadt.at\/wp-content\/uploads\/2022\/09\/IMG_4145-200x300.jpg 200w, http:\/\/kultur-josefstadt.at\/wp-content\/uploads\/2022\/09\/IMG_4145-683x1024.jpg 683w, http:\/\/kultur-josefstadt.at\/wp-content\/uploads\/2022\/09\/IMG_4145-768x1152.jpg 768w, http:\/\/kultur-josefstadt.at\/wp-content\/uploads\/2022\/09\/IMG_4145-1024x1536.jpg 1024w, http:\/\/kultur-josefstadt.at\/wp-content\/uploads\/2022\/09\/IMG_4145-1365x2048.jpg 1365w\" sizes=\"(max-width: 1707px) 100vw, 1707px\" \/><\/a><\/figure>\n\n\n\n<figure class=\"wp-block-image size-large\"><a href=\"http:\/\/kultur-josefstadt.at\/wp-content\/uploads\/2022\/09\/IMG_4152-scaled.jpg\"><img decoding=\"async\" loading=\"lazy\" width=\"2560\" height=\"1707\" data-id=\"641\"  src=\"http:\/\/kultur-josefstadt.at\/wp-content\/uploads\/2022\/09\/IMG_4152-scaled.jpg\" alt=\"\" class=\"wp-image-641\" srcset=\"http:\/\/kultur-josefstadt.at\/wp-content\/uploads\/2022\/09\/IMG_4152-scaled.jpg 2560w, http:\/\/kultur-josefstadt.at\/wp-content\/uploads\/2022\/09\/IMG_4152-300x200.jpg 300w, http:\/\/kultur-josefstadt.at\/wp-content\/uploads\/2022\/09\/IMG_4152-1024x683.jpg 1024w, http:\/\/kultur-josefstadt.at\/wp-content\/uploads\/2022\/09\/IMG_4152-768x512.jpg 768w, http:\/\/kultur-josefstadt.at\/wp-content\/uploads\/2022\/09\/IMG_4152-1536x1024.jpg 1536w, http:\/\/kultur-josefstadt.at\/wp-content\/uploads\/2022\/09\/IMG_4152-2048x1365.jpg 2048w\" sizes=\"(max-width: 2560px) 100vw, 2560px\" \/><\/a><\/figure>\n\n\n\n<figure class=\"wp-block-image size-large\"><a href=\"http:\/\/kultur-josefstadt.at\/wp-content\/uploads\/2022\/09\/IMG_4153-scaled.jpg\"><img decoding=\"async\" loading=\"lazy\" width=\"2560\" height=\"1707\" data-id=\"640\"  src=\"http:\/\/kultur-josefstadt.at\/wp-content\/uploads\/2022\/09\/IMG_4153-scaled.jpg\" alt=\"\" class=\"wp-image-640\" srcset=\"http:\/\/kultur-josefstadt.at\/wp-content\/uploads\/2022\/09\/IMG_4153-scaled.jpg 2560w, http:\/\/kultur-josefstadt.at\/wp-content\/uploads\/2022\/09\/IMG_4153-300x200.jpg 300w, http:\/\/kultur-josefstadt.at\/wp-content\/uploads\/2022\/09\/IMG_4153-1024x683.jpg 1024w, http:\/\/kultur-josefstadt.at\/wp-content\/uploads\/2022\/09\/IMG_4153-768x512.jpg 768w, http:\/\/kultur-josefstadt.at\/wp-content\/uploads\/2022\/09\/IMG_4153-1536x1024.jpg 1536w, http:\/\/kultur-josefstadt.at\/wp-content\/uploads\/2022\/09\/IMG_4153-2048x1365.jpg 2048w\" sizes=\"(max-width: 2560px) 100vw, 2560px\" \/><\/a><\/figure>\n\n\n\n<figure class=\"wp-block-image size-large\"><a href=\"http:\/\/kultur-josefstadt.at\/wp-content\/uploads\/2022\/09\/IMG_4156-scaled.jpg\"><img decoding=\"async\" loading=\"lazy\" width=\"1707\" height=\"2560\" data-id=\"643\"  src=\"http:\/\/kultur-josefstadt.at\/wp-content\/uploads\/2022\/09\/IMG_4156-scaled.jpg\" alt=\"\" class=\"wp-image-643\" srcset=\"http:\/\/kultur-josefstadt.at\/wp-content\/uploads\/2022\/09\/IMG_4156-scaled.jpg 1707w, http:\/\/kultur-josefstadt.at\/wp-content\/uploads\/2022\/09\/IMG_4156-200x300.jpg 200w, http:\/\/kultur-josefstadt.at\/wp-content\/uploads\/2022\/09\/IMG_4156-683x1024.jpg 683w, http:\/\/kultur-josefstadt.at\/wp-content\/uploads\/2022\/09\/IMG_4156-768x1152.jpg 768w, http:\/\/kultur-josefstadt.at\/wp-content\/uploads\/2022\/09\/IMG_4156-1024x1536.jpg 1024w, http:\/\/kultur-josefstadt.at\/wp-content\/uploads\/2022\/09\/IMG_4156-1365x2048.jpg 1365w\" sizes=\"(max-width: 1707px) 100vw, 1707px\" \/><\/a><\/figure>\n\n\n\n<figure class=\"wp-block-image size-large\"><a href=\"http:\/\/kultur-josefstadt.at\/wp-content\/uploads\/2022\/09\/IMG_4158-scaled.jpg\"><img decoding=\"async\" loading=\"lazy\" width=\"2560\" height=\"1707\" data-id=\"645\"  src=\"http:\/\/kultur-josefstadt.at\/wp-content\/uploads\/2022\/09\/IMG_4158-scaled.jpg\" alt=\"\" class=\"wp-image-645\" srcset=\"http:\/\/kultur-josefstadt.at\/wp-content\/uploads\/2022\/09\/IMG_4158-scaled.jpg 2560w, http:\/\/kultur-josefstadt.at\/wp-content\/uploads\/2022\/09\/IMG_4158-300x200.jpg 300w, http:\/\/kultur-josefstadt.at\/wp-content\/uploads\/2022\/09\/IMG_4158-1024x683.jpg 1024w, http:\/\/kultur-josefstadt.at\/wp-content\/uploads\/2022\/09\/IMG_4158-768x512.jpg 768w, http:\/\/kultur-josefstadt.at\/wp-content\/uploads\/2022\/09\/IMG_4158-1536x1024.jpg 1536w, http:\/\/kultur-josefstadt.at\/wp-content\/uploads\/2022\/09\/IMG_4158-2048x1365.jpg 2048w\" sizes=\"(max-width: 2560px) 100vw, 2560px\" \/><\/a><\/figure>\n\n\n\n<figure class=\"wp-block-image size-large\"><a href=\"http:\/\/kultur-josefstadt.at\/wp-content\/uploads\/2022\/09\/IMG_4157-scaled.jpg\"><img decoding=\"async\" loading=\"lazy\" width=\"1707\" height=\"2560\" data-id=\"646\"  src=\"http:\/\/kultur-josefstadt.at\/wp-content\/uploads\/2022\/09\/IMG_4157-scaled.jpg\" alt=\"\" class=\"wp-image-646\" srcset=\"http:\/\/kultur-josefstadt.at\/wp-content\/uploads\/2022\/09\/IMG_4157-scaled.jpg 1707w, http:\/\/kultur-josefstadt.at\/wp-content\/uploads\/2022\/09\/IMG_4157-200x300.jpg 200w, http:\/\/kultur-josefstadt.at\/wp-content\/uploads\/2022\/09\/IMG_4157-683x1024.jpg 683w, http:\/\/kultur-josefstadt.at\/wp-content\/uploads\/2022\/09\/IMG_4157-768x1152.jpg 768w, http:\/\/kultur-josefstadt.at\/wp-content\/uploads\/2022\/09\/IMG_4157-1024x1536.jpg 1024w, http:\/\/kultur-josefstadt.at\/wp-content\/uploads\/2022\/09\/IMG_4157-1365x2048.jpg 1365w\" sizes=\"(max-width: 1707px) 100vw, 1707px\" \/><\/a><\/figure>\n\n\n\n<figure class=\"wp-block-image size-large\"><a href=\"http:\/\/kultur-josefstadt.at\/wp-content\/uploads\/2022\/09\/IMG_4164-scaled.jpg\"><img decoding=\"async\" loading=\"lazy\" width=\"2560\" height=\"1707\" data-id=\"650\"  src=\"http:\/\/kultur-josefstadt.at\/wp-content\/uploads\/2022\/09\/IMG_4164-scaled.jpg\" alt=\"\" class=\"wp-image-650\" srcset=\"http:\/\/kultur-josefstadt.at\/wp-content\/uploads\/2022\/09\/IMG_4164-scaled.jpg 2560w, http:\/\/kultur-josefstadt.at\/wp-content\/uploads\/2022\/09\/IMG_4164-300x200.jpg 300w, http:\/\/kultur-josefstadt.at\/wp-content\/uploads\/2022\/09\/IMG_4164-1024x683.jpg 1024w, http:\/\/kultur-josefstadt.at\/wp-content\/uploads\/2022\/09\/IMG_4164-768x512.jpg 768w, http:\/\/kultur-josefstadt.at\/wp-content\/uploads\/2022\/09\/IMG_4164-1536x1024.jpg 1536w, http:\/\/kultur-josefstadt.at\/wp-content\/uploads\/2022\/09\/IMG_4164-2048x1365.jpg 2048w\" sizes=\"(max-width: 2560px) 100vw, 2560px\" \/><\/a><\/figure>\n\n\n\n<figure class=\"wp-block-image size-large\"><a href=\"http:\/\/kultur-josefstadt.at\/wp-content\/uploads\/2022\/09\/IMG_4166-scaled.jpg\"><img decoding=\"async\" loading=\"lazy\" width=\"2560\" height=\"1707\" data-id=\"651\"  src=\"http:\/\/kultur-josefstadt.at\/wp-content\/uploads\/2022\/09\/IMG_4166-scaled.jpg\" alt=\"\" class=\"wp-image-651\" srcset=\"http:\/\/kultur-josefstadt.at\/wp-content\/uploads\/2022\/09\/IMG_4166-scaled.jpg 2560w, http:\/\/kultur-josefstadt.at\/wp-content\/uploads\/2022\/09\/IMG_4166-300x200.jpg 300w, http:\/\/kultur-josefstadt.at\/wp-content\/uploads\/2022\/09\/IMG_4166-1024x683.jpg 1024w, http:\/\/kultur-josefstadt.at\/wp-content\/uploads\/2022\/09\/IMG_4166-768x512.jpg 768w, http:\/\/kultur-josefstadt.at\/wp-content\/uploads\/2022\/09\/IMG_4166-1536x1024.jpg 1536w, http:\/\/kultur-josefstadt.at\/wp-content\/uploads\/2022\/09\/IMG_4166-2048x1365.jpg 2048w\" sizes=\"(max-width: 2560px) 100vw, 2560px\" \/><\/a><\/figure>\n\n\n\n<figure class=\"wp-block-image size-large\"><a href=\"http:\/\/kultur-josefstadt.at\/wp-content\/uploads\/2022\/09\/IMG_4167-scaled.jpg\"><img decoding=\"async\" loading=\"lazy\" width=\"2560\" height=\"1707\" data-id=\"652\"  src=\"http:\/\/kultur-josefstadt.at\/wp-content\/uploads\/2022\/09\/IMG_4167-scaled.jpg\" alt=\"\" class=\"wp-image-652\" srcset=\"http:\/\/kultur-josefstadt.at\/wp-content\/uploads\/2022\/09\/IMG_4167-scaled.jpg 2560w, http:\/\/kultur-josefstadt.at\/wp-content\/uploads\/2022\/09\/IMG_4167-300x200.jpg 300w, http:\/\/kultur-josefstadt.at\/wp-content\/uploads\/2022\/09\/IMG_4167-1024x683.jpg 1024w, http:\/\/kultur-josefstadt.at\/wp-content\/uploads\/2022\/09\/IMG_4167-768x512.jpg 768w, http:\/\/kultur-josefstadt.at\/wp-content\/uploads\/2022\/09\/IMG_4167-1536x1024.jpg 1536w, http:\/\/kultur-josefstadt.at\/wp-content\/uploads\/2022\/09\/IMG_4167-2048x1365.jpg 2048w\" sizes=\"(max-width: 2560px) 100vw, 2560px\" \/><\/a><\/figure>\n\n\n\n<figure class=\"wp-block-image size-large\"><a href=\"http:\/\/kultur-josefstadt.at\/wp-content\/uploads\/2022\/09\/IMG_4168-scaled.jpg\"><img decoding=\"async\" loading=\"lazy\" width=\"2560\" height=\"1707\" data-id=\"653\"  src=\"http:\/\/kultur-josefstadt.at\/wp-content\/uploads\/2022\/09\/IMG_4168-scaled.jpg\" alt=\"\" class=\"wp-image-653\" srcset=\"http:\/\/kultur-josefstadt.at\/wp-content\/uploads\/2022\/09\/IMG_4168-scaled.jpg 2560w, http:\/\/kultur-josefstadt.at\/wp-content\/uploads\/2022\/09\/IMG_4168-300x200.jpg 300w, http:\/\/kultur-josefstadt.at\/wp-content\/uploads\/2022\/09\/IMG_4168-1024x683.jpg 1024w, http:\/\/kultur-josefstadt.at\/wp-content\/uploads\/2022\/09\/IMG_4168-768x512.jpg 768w, http:\/\/kultur-josefstadt.at\/wp-content\/uploads\/2022\/09\/IMG_4168-1536x1024.jpg 1536w, http:\/\/kultur-josefstadt.at\/wp-content\/uploads\/2022\/09\/IMG_4168-2048x1365.jpg 2048w\" sizes=\"(max-width: 2560px) 100vw, 2560px\" \/><\/a><\/figure>\n\n\n\n<figure class=\"wp-block-image size-large\"><a href=\"http:\/\/kultur-josefstadt.at\/wp-content\/uploads\/2022\/09\/IMG_4170-scaled.jpg\"><img decoding=\"async\" loading=\"lazy\" width=\"2560\" height=\"1707\" data-id=\"655\"  src=\"http:\/\/kultur-josefstadt.at\/wp-content\/uploads\/2022\/09\/IMG_4170-scaled.jpg\" alt=\"\" class=\"wp-image-655\" srcset=\"http:\/\/kultur-josefstadt.at\/wp-content\/uploads\/2022\/09\/IMG_4170-scaled.jpg 2560w, http:\/\/kultur-josefstadt.at\/wp-content\/uploads\/2022\/09\/IMG_4170-300x200.jpg 300w, http:\/\/kultur-josefstadt.at\/wp-content\/uploads\/2022\/09\/IMG_4170-1024x683.jpg 1024w, http:\/\/kultur-josefstadt.at\/wp-content\/uploads\/2022\/09\/IMG_4170-768x512.jpg 768w, http:\/\/kultur-josefstadt.at\/wp-content\/uploads\/2022\/09\/IMG_4170-1536x1024.jpg 1536w, http:\/\/kultur-josefstadt.at\/wp-content\/uploads\/2022\/09\/IMG_4170-2048x1365.jpg 2048w\" sizes=\"(max-width: 2560px) 100vw, 2560px\" \/><\/a><\/figure>\n\n\n\n<figure class=\"wp-block-image size-large\"><a href=\"http:\/\/kultur-josefstadt.at\/wp-content\/uploads\/2022\/09\/IMG_4172-scaled.jpg\"><img decoding=\"async\" loading=\"lazy\" width=\"1707\" height=\"2560\" data-id=\"657\"  src=\"http:\/\/kultur-josefstadt.at\/wp-content\/uploads\/2022\/09\/IMG_4172-scaled.jpg\" alt=\"\" class=\"wp-image-657\" srcset=\"http:\/\/kultur-josefstadt.at\/wp-content\/uploads\/2022\/09\/IMG_4172-scaled.jpg 1707w, http:\/\/kultur-josefstadt.at\/wp-content\/uploads\/2022\/09\/IMG_4172-200x300.jpg 200w, http:\/\/kultur-josefstadt.at\/wp-content\/uploads\/2022\/09\/IMG_4172-683x1024.jpg 683w, http:\/\/kultur-josefstadt.at\/wp-content\/uploads\/2022\/09\/IMG_4172-768x1152.jpg 768w, http:\/\/kultur-josefstadt.at\/wp-content\/uploads\/2022\/09\/IMG_4172-1024x1536.jpg 1024w, http:\/\/kultur-josefstadt.at\/wp-content\/uploads\/2022\/09\/IMG_4172-1365x2048.jpg 1365w\" sizes=\"(max-width: 1707px) 100vw, 1707px\" \/><\/a><\/figure>\n\n\n\n<figure class=\"wp-block-image size-large\"><a href=\"http:\/\/kultur-josefstadt.at\/wp-content\/uploads\/2022\/09\/IMG_4175-scaled.jpg\"><img decoding=\"async\" loading=\"lazy\" width=\"1707\" height=\"2560\" data-id=\"659\"  src=\"http:\/\/kultur-josefstadt.at\/wp-content\/uploads\/2022\/09\/IMG_4175-scaled.jpg\" alt=\"\" class=\"wp-image-659\" srcset=\"http:\/\/kultur-josefstadt.at\/wp-content\/uploads\/2022\/09\/IMG_4175-scaled.jpg 1707w, http:\/\/kultur-josefstadt.at\/wp-content\/uploads\/2022\/09\/IMG_4175-200x300.jpg 200w, http:\/\/kultur-josefstadt.at\/wp-content\/uploads\/2022\/09\/IMG_4175-683x1024.jpg 683w, http:\/\/kultur-josefstadt.at\/wp-content\/uploads\/2022\/09\/IMG_4175-768x1152.jpg 768w, http:\/\/kultur-josefstadt.at\/wp-content\/uploads\/2022\/09\/IMG_4175-1024x1536.jpg 1024w, http:\/\/kultur-josefstadt.at\/wp-content\/uploads\/2022\/09\/IMG_4175-1365x2048.jpg 1365w\" sizes=\"(max-width: 1707px) 100vw, 1707px\" \/><\/a><\/figure>\n\n\n\n<figure class=\"wp-block-image size-large\"><a href=\"http:\/\/kultur-josefstadt.at\/wp-content\/uploads\/2022\/09\/IMG_4173-scaled.jpg\"><img decoding=\"async\" loading=\"lazy\" width=\"1707\" height=\"2560\" data-id=\"658\"  src=\"http:\/\/kultur-josefstadt.at\/wp-content\/uploads\/2022\/09\/IMG_4173-scaled.jpg\" alt=\"\" class=\"wp-image-658\" srcset=\"http:\/\/kultur-josefstadt.at\/wp-content\/uploads\/2022\/09\/IMG_4173-scaled.jpg 1707w, http:\/\/kultur-josefstadt.at\/wp-content\/uploads\/2022\/09\/IMG_4173-200x300.jpg 200w, http:\/\/kultur-josefstadt.at\/wp-content\/uploads\/2022\/09\/IMG_4173-683x1024.jpg 683w, http:\/\/kultur-josefstadt.at\/wp-content\/uploads\/2022\/09\/IMG_4173-768x1152.jpg 768w, http:\/\/kultur-josefstadt.at\/wp-content\/uploads\/2022\/09\/IMG_4173-1024x1536.jpg 1024w, http:\/\/kultur-josefstadt.at\/wp-content\/uploads\/2022\/09\/IMG_4173-1365x2048.jpg 1365w\" sizes=\"(max-width: 1707px) 100vw, 1707px\" \/><\/a><\/figure>\n\n\n\n<figure class=\"wp-block-image size-large\"><a href=\"http:\/\/kultur-josefstadt.at\/wp-content\/uploads\/2022\/09\/IMG_4176-scaled.jpg\"><img decoding=\"async\" loading=\"lazy\" width=\"2560\" height=\"1707\" data-id=\"660\"  src=\"http:\/\/kultur-josefstadt.at\/wp-content\/uploads\/2022\/09\/IMG_4176-scaled.jpg\" alt=\"\" class=\"wp-image-660\" srcset=\"http:\/\/kultur-josefstadt.at\/wp-content\/uploads\/2022\/09\/IMG_4176-scaled.jpg 2560w, http:\/\/kultur-josefstadt.at\/wp-content\/uploads\/2022\/09\/IMG_4176-300x200.jpg 300w, http:\/\/kultur-josefstadt.at\/wp-content\/uploads\/2022\/09\/IMG_4176-1024x683.jpg 1024w, http:\/\/kultur-josefstadt.at\/wp-content\/uploads\/2022\/09\/IMG_4176-768x512.jpg 768w, http:\/\/kultur-josefstadt.at\/wp-content\/uploads\/2022\/09\/IMG_4176-1536x1024.jpg 1536w, http:\/\/kultur-josefstadt.at\/wp-content\/uploads\/2022\/09\/IMG_4176-2048x1365.jpg 2048w\" sizes=\"(max-width: 2560px) 100vw, 2560px\" \/><\/a><\/figure>\n\n\n\n<figure class=\"wp-block-image size-large\"><a href=\"http:\/\/kultur-josefstadt.at\/wp-content\/uploads\/2022\/09\/IMG_4178-scaled.jpg\"><img decoding=\"async\" loading=\"lazy\" width=\"2560\" height=\"1707\" data-id=\"661\"  src=\"http:\/\/kultur-josefstadt.at\/wp-content\/uploads\/2022\/09\/IMG_4178-scaled.jpg\" alt=\"\" class=\"wp-image-661\" srcset=\"http:\/\/kultur-josefstadt.at\/wp-content\/uploads\/2022\/09\/IMG_4178-scaled.jpg 2560w, http:\/\/kultur-josefstadt.at\/wp-content\/uploads\/2022\/09\/IMG_4178-300x200.jpg 300w, http:\/\/kultur-josefstadt.at\/wp-content\/uploads\/2022\/09\/IMG_4178-1024x683.jpg 1024w, http:\/\/kultur-josefstadt.at\/wp-content\/uploads\/2022\/09\/IMG_4178-768x512.jpg 768w, http:\/\/kultur-josefstadt.at\/wp-content\/uploads\/2022\/09\/IMG_4178-1536x1024.jpg 1536w, http:\/\/kultur-josefstadt.at\/wp-content\/uploads\/2022\/09\/IMG_4178-2048x1365.jpg 2048w\" sizes=\"(max-width: 2560px) 100vw, 2560px\" \/><\/a><\/figure>\n\n\n\n<figure class=\"wp-block-image size-large\"><a href=\"http:\/\/kultur-josefstadt.at\/wp-content\/uploads\/2022\/09\/IMG_4187-scaled.jpg\"><img decoding=\"async\" loading=\"lazy\" width=\"2560\" height=\"1707\" data-id=\"668\"  src=\"http:\/\/kultur-josefstadt.at\/wp-content\/uploads\/2022\/09\/IMG_4187-scaled.jpg\" alt=\"\" class=\"wp-image-668\" srcset=\"http:\/\/kultur-josefstadt.at\/wp-content\/uploads\/2022\/09\/IMG_4187-scaled.jpg 2560w, http:\/\/kultur-josefstadt.at\/wp-content\/uploads\/2022\/09\/IMG_4187-300x200.jpg 300w, http:\/\/kultur-josefstadt.at\/wp-content\/uploads\/2022\/09\/IMG_4187-1024x683.jpg 1024w, http:\/\/kultur-josefstadt.at\/wp-content\/uploads\/2022\/09\/IMG_4187-768x512.jpg 768w, http:\/\/kultur-josefstadt.at\/wp-content\/uploads\/2022\/09\/IMG_4187-1536x1024.jpg 1536w, http:\/\/kultur-josefstadt.at\/wp-content\/uploads\/2022\/09\/IMG_4187-2048x1365.jpg 2048w\" sizes=\"(max-width: 2560px) 100vw, 2560px\" \/><\/a><\/figure>\n\n\n\n<figure class=\"wp-block-image size-large\"><a href=\"http:\/\/kultur-josefstadt.at\/wp-content\/uploads\/2022\/09\/IMG_4192-scaled.jpg\"><img decoding=\"async\" loading=\"lazy\" width=\"2560\" height=\"1707\" data-id=\"673\"  src=\"http:\/\/kultur-josefstadt.at\/wp-content\/uploads\/2022\/09\/IMG_4192-scaled.jpg\" alt=\"\" class=\"wp-image-673\" srcset=\"http:\/\/kultur-josefstadt.at\/wp-content\/uploads\/2022\/09\/IMG_4192-scaled.jpg 2560w, http:\/\/kultur-josefstadt.at\/wp-content\/uploads\/2022\/09\/IMG_4192-300x200.jpg 300w, http:\/\/kultur-josefstadt.at\/wp-content\/uploads\/2022\/09\/IMG_4192-1024x683.jpg 1024w, http:\/\/kultur-josefstadt.at\/wp-content\/uploads\/2022\/09\/IMG_4192-768x512.jpg 768w, http:\/\/kultur-josefstadt.at\/wp-content\/uploads\/2022\/09\/IMG_4192-1536x1024.jpg 1536w, http:\/\/kultur-josefstadt.at\/wp-content\/uploads\/2022\/09\/IMG_4192-2048x1365.jpg 2048w\" sizes=\"(max-width: 2560px) 100vw, 2560px\" \/><\/a><\/figure>\n\n\n\n<figure class=\"wp-block-image size-large\"><a href=\"http:\/\/kultur-josefstadt.at\/wp-content\/uploads\/2022\/09\/IMG_4194-scaled.jpg\"><img decoding=\"async\" loading=\"lazy\" width=\"2560\" height=\"1707\" data-id=\"676\"  src=\"http:\/\/kultur-josefstadt.at\/wp-content\/uploads\/2022\/09\/IMG_4194-scaled.jpg\" alt=\"\" class=\"wp-image-676\" srcset=\"http:\/\/kultur-josefstadt.at\/wp-content\/uploads\/2022\/09\/IMG_4194-scaled.jpg 2560w, http:\/\/kultur-josefstadt.at\/wp-content\/uploads\/2022\/09\/IMG_4194-300x200.jpg 300w, http:\/\/kultur-josefstadt.at\/wp-content\/uploads\/2022\/09\/IMG_4194-1024x683.jpg 1024w, http:\/\/kultur-josefstadt.at\/wp-content\/uploads\/2022\/09\/IMG_4194-768x512.jpg 768w, http:\/\/kultur-josefstadt.at\/wp-content\/uploads\/2022\/09\/IMG_4194-1536x1024.jpg 1536w, http:\/\/kultur-josefstadt.at\/wp-content\/uploads\/2022\/09\/IMG_4194-2048x1365.jpg 2048w\" sizes=\"(max-width: 2560px) 100vw, 2560px\" \/><\/a><\/figure>\n\n\n\n<figure class=\"wp-block-image size-large\"><a href=\"http:\/\/kultur-josefstadt.at\/wp-content\/uploads\/2022\/09\/IMG_4193-scaled.jpg\"><img decoding=\"async\" loading=\"lazy\" width=\"2560\" height=\"1707\" data-id=\"675\"  src=\"http:\/\/kultur-josefstadt.at\/wp-content\/uploads\/2022\/09\/IMG_4193-scaled.jpg\" alt=\"\" class=\"wp-image-675\" srcset=\"http:\/\/kultur-josefstadt.at\/wp-content\/uploads\/2022\/09\/IMG_4193-scaled.jpg 2560w, http:\/\/kultur-josefstadt.at\/wp-content\/uploads\/2022\/09\/IMG_4193-300x200.jpg 300w, http:\/\/kultur-josefstadt.at\/wp-content\/uploads\/2022\/09\/IMG_4193-1024x683.jpg 1024w, http:\/\/kultur-josefstadt.at\/wp-content\/uploads\/2022\/09\/IMG_4193-768x512.jpg 768w, http:\/\/kultur-josefstadt.at\/wp-content\/uploads\/2022\/09\/IMG_4193-1536x1024.jpg 1536w, http:\/\/kultur-josefstadt.at\/wp-content\/uploads\/2022\/09\/IMG_4193-2048x1365.jpg 2048w\" sizes=\"(max-width: 2560px) 100vw, 2560px\" \/><\/a><\/figure>\n\n\n\n<figure class=\"wp-block-image size-large\"><a href=\"http:\/\/kultur-josefstadt.at\/wp-content\/uploads\/2022\/09\/IMG_4196-scaled.jpg\"><img decoding=\"async\" loading=\"lazy\" width=\"2560\" height=\"1707\" data-id=\"678\"  src=\"http:\/\/kultur-josefstadt.at\/wp-content\/uploads\/2022\/09\/IMG_4196-scaled.jpg\" alt=\"\" class=\"wp-image-678\" srcset=\"http:\/\/kultur-josefstadt.at\/wp-content\/uploads\/2022\/09\/IMG_4196-scaled.jpg 2560w, http:\/\/kultur-josefstadt.at\/wp-content\/uploads\/2022\/09\/IMG_4196-300x200.jpg 300w, http:\/\/kultur-josefstadt.at\/wp-content\/uploads\/2022\/09\/IMG_4196-1024x683.jpg 1024w, http:\/\/kultur-josefstadt.at\/wp-content\/uploads\/2022\/09\/IMG_4196-768x512.jpg 768w, http:\/\/kultur-josefstadt.at\/wp-content\/uploads\/2022\/09\/IMG_4196-1536x1024.jpg 1536w, http:\/\/kultur-josefstadt.at\/wp-content\/uploads\/2022\/09\/IMG_4196-2048x1365.jpg 2048w\" sizes=\"(max-width: 2560px) 100vw, 2560px\" \/><\/a><\/figure>\n\n\n\n<figure class=\"wp-block-image size-large\"><a href=\"http:\/\/kultur-josefstadt.at\/wp-content\/uploads\/2022\/09\/IMG_4212-scaled.jpg\"><img decoding=\"async\" loading=\"lazy\" width=\"2560\" height=\"1707\" data-id=\"691\"  src=\"http:\/\/kultur-josefstadt.at\/wp-content\/uploads\/2022\/09\/IMG_4212-scaled.jpg\" alt=\"\" class=\"wp-image-691\" srcset=\"http:\/\/kultur-josefstadt.at\/wp-content\/uploads\/2022\/09\/IMG_4212-scaled.jpg 2560w, http:\/\/kultur-josefstadt.at\/wp-content\/uploads\/2022\/09\/IMG_4212-300x200.jpg 300w, http:\/\/kultur-josefstadt.at\/wp-content\/uploads\/2022\/09\/IMG_4212-1024x683.jpg 1024w, http:\/\/kultur-josefstadt.at\/wp-content\/uploads\/2022\/09\/IMG_4212-768x512.jpg 768w, http:\/\/kultur-josefstadt.at\/wp-content\/uploads\/2022\/09\/IMG_4212-1536x1024.jpg 1536w, http:\/\/kultur-josefstadt.at\/wp-content\/uploads\/2022\/09\/IMG_4212-2048x1365.jpg 2048w\" sizes=\"(max-width: 2560px) 100vw, 2560px\" \/><\/a><\/figure>\n\n\n\n<figure class=\"wp-block-image size-large\"><a href=\"http:\/\/kultur-josefstadt.at\/wp-content\/uploads\/2022\/09\/IMG_4216.jpg\"><img decoding=\"async\" loading=\"lazy\" width=\"4272\" height=\"2848\" data-id=\"694\"  src=\"http:\/\/kultur-josefstadt.at\/wp-content\/uploads\/2022\/09\/IMG_4216.jpg\" alt=\"\" class=\"wp-image-694\"\/><\/a><\/figure>\n\n\n\n<figure class=\"wp-block-image size-large\"><a href=\"http:\/\/kultur-josefstadt.at\/wp-content\/uploads\/2022\/10\/IMG_4181-scaled.jpg\"><img decoding=\"async\" loading=\"lazy\" width=\"2560\" height=\"1707\" data-id=\"715\"  src=\"http:\/\/kultur-josefstadt.at\/wp-content\/uploads\/2022\/10\/IMG_4181-scaled.jpg\" alt=\"\" class=\"wp-image-715\" srcset=\"http:\/\/kultur-josefstadt.at\/wp-content\/uploads\/2022\/10\/IMG_4181-scaled.jpg 2560w, http:\/\/kultur-josefstadt.at\/wp-content\/uploads\/2022\/10\/IMG_4181-300x200.jpg 300w, http:\/\/kultur-josefstadt.at\/wp-content\/uploads\/2022\/10\/IMG_4181-1024x683.jpg 1024w, http:\/\/kultur-josefstadt.at\/wp-content\/uploads\/2022\/10\/IMG_4181-768x512.jpg 768w, http:\/\/kultur-josefstadt.at\/wp-content\/uploads\/2022\/10\/IMG_4181-1536x1024.jpg 1536w, http:\/\/kultur-josefstadt.at\/wp-content\/uploads\/2022\/10\/IMG_4181-2048x1365.jpg 2048w\" sizes=\"(max-width: 2560px) 100vw, 2560px\" \/><\/a><\/figure>\n\n\n\n<figure class=\"wp-block-image size-large\"><a href=\"http:\/\/kultur-josefstadt.at\/wp-content\/uploads\/2022\/10\/IMG_4183-scaled.jpg\"><img decoding=\"async\" loading=\"lazy\" width=\"2560\" height=\"1707\" data-id=\"716\"  src=\"http:\/\/kultur-josefstadt.at\/wp-content\/uploads\/2022\/10\/IMG_4183-scaled.jpg\" alt=\"\" class=\"wp-image-716\" srcset=\"http:\/\/kultur-josefstadt.at\/wp-content\/uploads\/2022\/10\/IMG_4183-scaled.jpg 2560w, http:\/\/kultur-josefstadt.at\/wp-content\/uploads\/2022\/10\/IMG_4183-300x200.jpg 300w, http:\/\/kultur-josefstadt.at\/wp-content\/uploads\/2022\/10\/IMG_4183-1024x683.jpg 1024w, http:\/\/kultur-josefstadt.at\/wp-content\/uploads\/2022\/10\/IMG_4183-768x512.jpg 768w, http:\/\/kultur-josefstadt.at\/wp-content\/uploads\/2022\/10\/IMG_4183-1536x1024.jpg 1536w, http:\/\/kultur-josefstadt.at\/wp-content\/uploads\/2022\/10\/IMG_4183-2048x1365.jpg 2048w\" sizes=\"(max-width: 2560px) 100vw, 2560px\" \/><\/a><\/figure>\n\n\n\n<figure class=\"wp-block-image size-large\"><a href=\"http:\/\/kultur-josefstadt.at\/wp-content\/uploads\/2022\/10\/IMG_4218-scaled.jpg\"><img decoding=\"async\" loading=\"lazy\" width=\"2560\" height=\"1707\" data-id=\"717\"  src=\"http:\/\/kultur-josefstadt.at\/wp-content\/uploads\/2022\/10\/IMG_4218-scaled.jpg\" alt=\"\" class=\"wp-image-717\" srcset=\"http:\/\/kultur-josefstadt.at\/wp-content\/uploads\/2022\/10\/IMG_4218-scaled.jpg 2560w, http:\/\/kultur-josefstadt.at\/wp-content\/uploads\/2022\/10\/IMG_4218-300x200.jpg 300w, http:\/\/kultur-josefstadt.at\/wp-content\/uploads\/2022\/10\/IMG_4218-1024x683.jpg 1024w, http:\/\/kultur-josefstadt.at\/wp-content\/uploads\/2022\/10\/IMG_4218-768x512.jpg 768w, http:\/\/kultur-josefstadt.at\/wp-content\/uploads\/2022\/10\/IMG_4218-1536x1024.jpg 1536w, http:\/\/kultur-josefstadt.at\/wp-content\/uploads\/2022\/10\/IMG_4218-2048x1365.jpg 2048w\" sizes=\"(max-width: 2560px) 100vw, 2560px\" \/><\/a><\/figure>\n\n\n\n<figure class=\"wp-block-image size-large\"><a href=\"http:\/\/kultur-josefstadt.at\/wp-content\/uploads\/2022\/10\/IMG_4219-scaled.jpg\"><img decoding=\"async\" loading=\"lazy\" width=\"2560\" height=\"1707\" data-id=\"718\"  src=\"http:\/\/kultur-josefstadt.at\/wp-content\/uploads\/2022\/10\/IMG_4219-scaled.jpg\" alt=\"\" class=\"wp-image-718\" srcset=\"http:\/\/kultur-josefstadt.at\/wp-content\/uploads\/2022\/10\/IMG_4219-scaled.jpg 2560w, http:\/\/kultur-josefstadt.at\/wp-content\/uploads\/2022\/10\/IMG_4219-300x200.jpg 300w, http:\/\/kultur-josefstadt.at\/wp-content\/uploads\/2022\/10\/IMG_4219-1024x683.jpg 1024w, http:\/\/kultur-josefstadt.at\/wp-content\/uploads\/2022\/10\/IMG_4219-768x512.jpg 768w, http:\/\/kultur-josefstadt.at\/wp-content\/uploads\/2022\/10\/IMG_4219-1536x1024.jpg 1536w, http:\/\/kultur-josefstadt.at\/wp-content\/uploads\/2022\/10\/IMG_4219-2048x1365.jpg 2048w\" sizes=\"(max-width: 2560px) 100vw, 2560px\" \/><\/a><\/figure>\n\n\n\n<figure class=\"wp-block-image size-large\"><a href=\"http:\/\/kultur-josefstadt.at\/wp-content\/uploads\/2022\/10\/IMG_4221-scaled.jpg\"><img decoding=\"async\" loading=\"lazy\" width=\"2560\" height=\"1707\" data-id=\"719\"  src=\"http:\/\/kultur-josefstadt.at\/wp-content\/uploads\/2022\/10\/IMG_4221-scaled.jpg\" alt=\"\" class=\"wp-image-719\" srcset=\"http:\/\/kultur-josefstadt.at\/wp-content\/uploads\/2022\/10\/IMG_4221-scaled.jpg 2560w, http:\/\/kultur-josefstadt.at\/wp-content\/uploads\/2022\/10\/IMG_4221-300x200.jpg 300w, http:\/\/kultur-josefstadt.at\/wp-content\/uploads\/2022\/10\/IMG_4221-1024x683.jpg 1024w, http:\/\/kultur-josefstadt.at\/wp-content\/uploads\/2022\/10\/IMG_4221-768x512.jpg 768w, http:\/\/kultur-josefstadt.at\/wp-content\/uploads\/2022\/10\/IMG_4221-1536x1024.jpg 1536w, http:\/\/kultur-josefstadt.at\/wp-content\/uploads\/2022\/10\/IMG_4221-2048x1365.jpg 2048w\" sizes=\"(max-width: 2560px) 100vw, 2560px\" \/><\/a><\/figure>\n\n\n\n<figure class=\"wp-block-image size-large\"><a href=\"http:\/\/kultur-josefstadt.at\/wp-content\/uploads\/2022\/10\/IMG_4222-scaled.jpg\"><img decoding=\"async\" loading=\"lazy\" width=\"2560\" height=\"1707\" data-id=\"720\"  src=\"http:\/\/kultur-josefstadt.at\/wp-content\/uploads\/2022\/10\/IMG_4222-scaled.jpg\" alt=\"\" class=\"wp-image-720\" srcset=\"http:\/\/kultur-josefstadt.at\/wp-content\/uploads\/2022\/10\/IMG_4222-scaled.jpg 2560w, http:\/\/kultur-josefstadt.at\/wp-content\/uploads\/2022\/10\/IMG_4222-300x200.jpg 300w, http:\/\/kultur-josefstadt.at\/wp-content\/uploads\/2022\/10\/IMG_4222-1024x683.jpg 1024w, http:\/\/kultur-josefstadt.at\/wp-content\/uploads\/2022\/10\/IMG_4222-768x512.jpg 768w, http:\/\/kultur-josefstadt.at\/wp-content\/uploads\/2022\/10\/IMG_4222-1536x1024.jpg 1536w, http:\/\/kultur-josefstadt.at\/wp-content\/uploads\/2022\/10\/IMG_4222-2048x1365.jpg 2048w\" sizes=\"(max-width: 2560px) 100vw, 2560px\" \/><\/a><\/figure>\n\n\n\n<figure class=\"wp-block-image size-large\"><a href=\"http:\/\/kultur-josefstadt.at\/wp-content\/uploads\/2022\/10\/IMG_4223-scaled.jpg\"><img decoding=\"async\" loading=\"lazy\" width=\"2560\" height=\"1707\" data-id=\"721\"  src=\"http:\/\/kultur-josefstadt.at\/wp-content\/uploads\/2022\/10\/IMG_4223-scaled.jpg\" alt=\"\" class=\"wp-image-721\" srcset=\"http:\/\/kultur-josefstadt.at\/wp-content\/uploads\/2022\/10\/IMG_4223-scaled.jpg 2560w, http:\/\/kultur-josefstadt.at\/wp-content\/uploads\/2022\/10\/IMG_4223-300x200.jpg 300w, http:\/\/kultur-josefstadt.at\/wp-content\/uploads\/2022\/10\/IMG_4223-1024x683.jpg 1024w, http:\/\/kultur-josefstadt.at\/wp-content\/uploads\/2022\/10\/IMG_4223-768x512.jpg 768w, http:\/\/kultur-josefstadt.at\/wp-content\/uploads\/2022\/10\/IMG_4223-1536x1024.jpg 1536w, http:\/\/kultur-josefstadt.at\/wp-content\/uploads\/2022\/10\/IMG_4223-2048x1365.jpg 2048w\" sizes=\"(max-width: 2560px) 100vw, 2560px\" \/><\/a><\/figure>\n\n\n\n<figure class=\"wp-block-image size-large\"><a href=\"http:\/\/kultur-josefstadt.at\/wp-content\/uploads\/2022\/10\/IMG_4224-scaled.jpg\"><img decoding=\"async\" loading=\"lazy\" width=\"2560\" height=\"1707\" data-id=\"722\"  src=\"http:\/\/kultur-josefstadt.at\/wp-content\/uploads\/2022\/10\/IMG_4224-scaled.jpg\" alt=\"\" class=\"wp-image-722\" srcset=\"http:\/\/kultur-josefstadt.at\/wp-content\/uploads\/2022\/10\/IMG_4224-scaled.jpg 2560w, http:\/\/kultur-josefstadt.at\/wp-content\/uploads\/2022\/10\/IMG_4224-300x200.jpg 300w, http:\/\/kultur-josefstadt.at\/wp-content\/uploads\/2022\/10\/IMG_4224-1024x683.jpg 1024w, http:\/\/kultur-josefstadt.at\/wp-content\/uploads\/2022\/10\/IMG_4224-768x512.jpg 768w, http:\/\/kultur-josefstadt.at\/wp-content\/uploads\/2022\/10\/IMG_4224-1536x1024.jpg 1536w, http:\/\/kultur-josefstadt.at\/wp-content\/uploads\/2022\/10\/IMG_4224-2048x1365.jpg 2048w\" sizes=\"(max-width: 2560px) 100vw, 2560px\" \/><\/a><\/figure>\n\n\n\n<figure class=\"wp-block-image size-large\"><a href=\"http:\/\/kultur-josefstadt.at\/wp-content\/uploads\/2022\/10\/IMG_4226-scaled.jpg\"><img decoding=\"async\" loading=\"lazy\" width=\"2560\" height=\"1707\" data-id=\"723\"  src=\"http:\/\/kultur-josefstadt.at\/wp-content\/uploads\/2022\/10\/IMG_4226-scaled.jpg\" alt=\"\" class=\"wp-image-723\" srcset=\"http:\/\/kultur-josefstadt.at\/wp-content\/uploads\/2022\/10\/IMG_4226-scaled.jpg 2560w, http:\/\/kultur-josefstadt.at\/wp-content\/uploads\/2022\/10\/IMG_4226-300x200.jpg 300w, http:\/\/kultur-josefstadt.at\/wp-content\/uploads\/2022\/10\/IMG_4226-1024x683.jpg 1024w, http:\/\/kultur-josefstadt.at\/wp-content\/uploads\/2022\/10\/IMG_4226-768x512.jpg 768w, http:\/\/kultur-josefstadt.at\/wp-content\/uploads\/2022\/10\/IMG_4226-1536x1024.jpg 1536w, http:\/\/kultur-josefstadt.at\/wp-content\/uploads\/2022\/10\/IMG_4226-2048x1365.jpg 2048w\" sizes=\"(max-width: 2560px) 100vw, 2560px\" \/><\/a><\/figure>\n\n\n\n<figure class=\"wp-block-image size-large\"><a href=\"http:\/\/kultur-josefstadt.at\/wp-content\/uploads\/2022\/10\/IMG_4229-scaled.jpg\"><img decoding=\"async\" loading=\"lazy\" width=\"2560\" height=\"1707\" data-id=\"724\"  src=\"http:\/\/kultur-josefstadt.at\/wp-content\/uploads\/2022\/10\/IMG_4229-scaled.jpg\" alt=\"\" class=\"wp-image-724\" srcset=\"http:\/\/kultur-josefstadt.at\/wp-content\/uploads\/2022\/10\/IMG_4229-scaled.jpg 2560w, http:\/\/kultur-josefstadt.at\/wp-content\/uploads\/2022\/10\/IMG_4229-300x200.jpg 300w, http:\/\/kultur-josefstadt.at\/wp-content\/uploads\/2022\/10\/IMG_4229-1024x683.jpg 1024w, http:\/\/kultur-josefstadt.at\/wp-content\/uploads\/2022\/10\/IMG_4229-768x512.jpg 768w, http:\/\/kultur-josefstadt.at\/wp-content\/uploads\/2022\/10\/IMG_4229-1536x1024.jpg 1536w, http:\/\/kultur-josefstadt.at\/wp-content\/uploads\/2022\/10\/IMG_4229-2048x1365.jpg 2048w\" sizes=\"(max-width: 2560px) 100vw, 2560px\" \/><\/a><\/figure>\n\n\n\n<figure class=\"wp-block-image size-large\"><a href=\"http:\/\/kultur-josefstadt.at\/wp-content\/uploads\/2022\/10\/IMG_4230-scaled.jpg\"><img decoding=\"async\" loading=\"lazy\" width=\"2560\" height=\"1707\" data-id=\"725\"  src=\"http:\/\/kultur-josefstadt.at\/wp-content\/uploads\/2022\/10\/IMG_4230-scaled.jpg\" alt=\"\" class=\"wp-image-725\" srcset=\"http:\/\/kultur-josefstadt.at\/wp-content\/uploads\/2022\/10\/IMG_4230-scaled.jpg 2560w, http:\/\/kultur-josefstadt.at\/wp-content\/uploads\/2022\/10\/IMG_4230-300x200.jpg 300w, http:\/\/kultur-josefstadt.at\/wp-content\/uploads\/2022\/10\/IMG_4230-1024x683.jpg 1024w, http:\/\/kultur-josefstadt.at\/wp-content\/uploads\/2022\/10\/IMG_4230-768x512.jpg 768w, http:\/\/kultur-josefstadt.at\/wp-content\/uploads\/2022\/10\/IMG_4230-1536x1024.jpg 1536w, http:\/\/kultur-josefstadt.at\/wp-content\/uploads\/2022\/10\/IMG_4230-2048x1365.jpg 2048w\" sizes=\"(max-width: 2560px) 100vw, 2560px\" \/><\/a><\/figure>\n\n\n\n<figure class=\"wp-block-image size-large\"><a href=\"http:\/\/kultur-josefstadt.at\/wp-content\/uploads\/2022\/10\/IMG_4234-scaled.jpg\"><img decoding=\"async\" loading=\"lazy\" width=\"2560\" height=\"1707\" data-id=\"726\"  src=\"http:\/\/kultur-josefstadt.at\/wp-content\/uploads\/2022\/10\/IMG_4234-scaled.jpg\" alt=\"\" class=\"wp-image-726\" srcset=\"http:\/\/kultur-josefstadt.at\/wp-content\/uploads\/2022\/10\/IMG_4234-scaled.jpg 2560w, http:\/\/kultur-josefstadt.at\/wp-content\/uploads\/2022\/10\/IMG_4234-300x200.jpg 300w, http:\/\/kultur-josefstadt.at\/wp-content\/uploads\/2022\/10\/IMG_4234-1024x683.jpg 1024w, http:\/\/kultur-josefstadt.at\/wp-content\/uploads\/2022\/10\/IMG_4234-768x512.jpg 768w, http:\/\/kultur-josefstadt.at\/wp-content\/uploads\/2022\/10\/IMG_4234-1536x1024.jpg 1536w, http:\/\/kultur-josefstadt.at\/wp-content\/uploads\/2022\/10\/IMG_4234-2048x1365.jpg 2048w\" sizes=\"(max-width: 2560px) 100vw, 2560px\" \/><\/a><\/figure>\n\n\n\n<figure class=\"wp-block-image size-large\"><a href=\"http:\/\/kultur-josefstadt.at\/wp-content\/uploads\/2022\/10\/IMG_4235-scaled.jpg\"><img decoding=\"async\" loading=\"lazy\" width=\"2560\" height=\"1707\" data-id=\"727\"  src=\"http:\/\/kultur-josefstadt.at\/wp-content\/uploads\/2022\/10\/IMG_4235-scaled.jpg\" alt=\"\" class=\"wp-image-727\" srcset=\"http:\/\/kultur-josefstadt.at\/wp-content\/uploads\/2022\/10\/IMG_4235-scaled.jpg 2560w, http:\/\/kultur-josefstadt.at\/wp-content\/uploads\/2022\/10\/IMG_4235-300x200.jpg 300w, http:\/\/kultur-josefstadt.at\/wp-content\/uploads\/2022\/10\/IMG_4235-1024x683.jpg 1024w, http:\/\/kultur-josefstadt.at\/wp-content\/uploads\/2022\/10\/IMG_4235-768x512.jpg 768w, http:\/\/kultur-josefstadt.at\/wp-content\/uploads\/2022\/10\/IMG_4235-1536x1024.jpg 1536w, http:\/\/kultur-josefstadt.at\/wp-content\/uploads\/2022\/10\/IMG_4235-2048x1365.jpg 2048w\" sizes=\"(max-width: 2560px) 100vw, 2560px\" \/><\/a><\/figure>\n\n\n\n<figure class=\"wp-block-image size-large\"><a href=\"http:\/\/kultur-josefstadt.at\/wp-content\/uploads\/2022\/10\/IMG_4238-scaled.jpg\"><img decoding=\"async\" loading=\"lazy\" width=\"2560\" height=\"1707\" data-id=\"728\"  src=\"http:\/\/kultur-josefstadt.at\/wp-content\/uploads\/2022\/10\/IMG_4238-scaled.jpg\" alt=\"\" class=\"wp-image-728\" srcset=\"http:\/\/kultur-josefstadt.at\/wp-content\/uploads\/2022\/10\/IMG_4238-scaled.jpg 2560w, http:\/\/kultur-josefstadt.at\/wp-content\/uploads\/2022\/10\/IMG_4238-300x200.jpg 300w, http:\/\/kultur-josefstadt.at\/wp-content\/uploads\/2022\/10\/IMG_4238-1024x683.jpg 1024w, http:\/\/kultur-josefstadt.at\/wp-content\/uploads\/2022\/10\/IMG_4238-768x512.jpg 768w, http:\/\/kultur-josefstadt.at\/wp-content\/uploads\/2022\/10\/IMG_4238-1536x1024.jpg 1536w, http:\/\/kultur-josefstadt.at\/wp-content\/uploads\/2022\/10\/IMG_4238-2048x1365.jpg 2048w\" sizes=\"(max-width: 2560px) 100vw, 2560px\" \/><\/a><\/figure>\n\n\n\n<figure class=\"wp-block-image size-large\"><a href=\"http:\/\/kultur-josefstadt.at\/wp-content\/uploads\/2022\/10\/IMG_4240-scaled.jpg\"><img decoding=\"async\" loading=\"lazy\" width=\"2560\" height=\"1707\" data-id=\"729\"  src=\"http:\/\/kultur-josefstadt.at\/wp-content\/uploads\/2022\/10\/IMG_4240-scaled.jpg\" alt=\"\" class=\"wp-image-729\" srcset=\"http:\/\/kultur-josefstadt.at\/wp-content\/uploads\/2022\/10\/IMG_4240-scaled.jpg 2560w, http:\/\/kultur-josefstadt.at\/wp-content\/uploads\/2022\/10\/IMG_4240-300x200.jpg 300w, http:\/\/kultur-josefstadt.at\/wp-content\/uploads\/2022\/10\/IMG_4240-1024x683.jpg 1024w, http:\/\/kultur-josefstadt.at\/wp-content\/uploads\/2022\/10\/IMG_4240-768x512.jpg 768w, http:\/\/kultur-josefstadt.at\/wp-content\/uploads\/2022\/10\/IMG_4240-1536x1024.jpg 1536w, http:\/\/kultur-josefstadt.at\/wp-content\/uploads\/2022\/10\/IMG_4240-2048x1365.jpg 2048w\" sizes=\"(max-width: 2560px) 100vw, 2560px\" \/><\/a><\/figure>\n\n\n\n<figure class=\"wp-block-image size-large\"><a href=\"http:\/\/kultur-josefstadt.at\/wp-content\/uploads\/2022\/10\/IMG_4247-scaled.jpg\"><img decoding=\"async\" loading=\"lazy\" width=\"2560\" height=\"1707\" data-id=\"730\"  src=\"http:\/\/kultur-josefstadt.at\/wp-content\/uploads\/2022\/10\/IMG_4247-scaled.jpg\" alt=\"\" class=\"wp-image-730\" srcset=\"http:\/\/kultur-josefstadt.at\/wp-content\/uploads\/2022\/10\/IMG_4247-scaled.jpg 2560w, http:\/\/kultur-josefstadt.at\/wp-content\/uploads\/2022\/10\/IMG_4247-300x200.jpg 300w, http:\/\/kultur-josefstadt.at\/wp-content\/uploads\/2022\/10\/IMG_4247-1024x683.jpg 1024w, http:\/\/kultur-josefstadt.at\/wp-content\/uploads\/2022\/10\/IMG_4247-768x512.jpg 768w, http:\/\/kultur-josefstadt.at\/wp-content\/uploads\/2022\/10\/IMG_4247-1536x1024.jpg 1536w, http:\/\/kultur-josefstadt.at\/wp-content\/uploads\/2022\/10\/IMG_4247-2048x1365.jpg 2048w\" sizes=\"(max-width: 2560px) 100vw, 2560px\" \/><\/a><\/figure>\n\n\n\n<figure class=\"wp-block-image size-large\"><a href=\"http:\/\/kultur-josefstadt.at\/wp-content\/uploads\/2022\/10\/IMG_4249-scaled.jpg\"><img decoding=\"async\" loading=\"lazy\" width=\"1707\" height=\"2560\" data-id=\"731\"  src=\"http:\/\/kultur-josefstadt.at\/wp-content\/uploads\/2022\/10\/IMG_4249-scaled.jpg\" alt=\"\" class=\"wp-image-731\" srcset=\"http:\/\/kultur-josefstadt.at\/wp-content\/uploads\/2022\/10\/IMG_4249-scaled.jpg 1707w, http:\/\/kultur-josefstadt.at\/wp-content\/uploads\/2022\/10\/IMG_4249-200x300.jpg 200w, http:\/\/kultur-josefstadt.at\/wp-content\/uploads\/2022\/10\/IMG_4249-683x1024.jpg 683w, http:\/\/kultur-josefstadt.at\/wp-content\/uploads\/2022\/10\/IMG_4249-768x1152.jpg 768w, http:\/\/kultur-josefstadt.at\/wp-content\/uploads\/2022\/10\/IMG_4249-1024x1536.jpg 1024w, http:\/\/kultur-josefstadt.at\/wp-content\/uploads\/2022\/10\/IMG_4249-1365x2048.jpg 1365w\" sizes=\"(max-width: 1707px) 100vw, 1707px\" \/><\/a><\/figure>\n\n\n\n<figure class=\"wp-block-image size-large\"><a href=\"http:\/\/kultur-josefstadt.at\/wp-content\/uploads\/2022\/10\/IMG_4258-scaled.jpg\"><img decoding=\"async\" loading=\"lazy\" width=\"2560\" height=\"1707\" data-id=\"732\"  src=\"http:\/\/kultur-josefstadt.at\/wp-content\/uploads\/2022\/10\/IMG_4258-scaled.jpg\" alt=\"\" class=\"wp-image-732\" srcset=\"http:\/\/kultur-josefstadt.at\/wp-content\/uploads\/2022\/10\/IMG_4258-scaled.jpg 2560w, http:\/\/kultur-josefstadt.at\/wp-content\/uploads\/2022\/10\/IMG_4258-300x200.jpg 300w, http:\/\/kultur-josefstadt.at\/wp-content\/uploads\/2022\/10\/IMG_4258-1024x683.jpg 1024w, http:\/\/kultur-josefstadt.at\/wp-content\/uploads\/2022\/10\/IMG_4258-768x512.jpg 768w, http:\/\/kultur-josefstadt.at\/wp-content\/uploads\/2022\/10\/IMG_4258-1536x1024.jpg 1536w, http:\/\/kultur-josefstadt.at\/wp-content\/uploads\/2022\/10\/IMG_4258-2048x1365.jpg 2048w\" sizes=\"(max-width: 2560px) 100vw, 2560px\" \/><\/a><\/figure>\n\n\n\n<figure class=\"wp-block-image size-large\"><a href=\"http:\/\/kultur-josefstadt.at\/wp-content\/uploads\/2022\/10\/IMG_4264-scaled.jpg\"><img decoding=\"async\" loading=\"lazy\" width=\"2560\" height=\"1707\" data-id=\"733\"  src=\"http:\/\/kultur-josefstadt.at\/wp-content\/uploads\/2022\/10\/IMG_4264-scaled.jpg\" alt=\"\" class=\"wp-image-733\" srcset=\"http:\/\/kultur-josefstadt.at\/wp-content\/uploads\/2022\/10\/IMG_4264-scaled.jpg 2560w, http:\/\/kultur-josefstadt.at\/wp-content\/uploads\/2022\/10\/IMG_4264-300x200.jpg 300w, http:\/\/kultur-josefstadt.at\/wp-content\/uploads\/2022\/10\/IMG_4264-1024x683.jpg 1024w, http:\/\/kultur-josefstadt.at\/wp-content\/uploads\/2022\/10\/IMG_4264-768x512.jpg 768w, http:\/\/kultur-josefstadt.at\/wp-content\/uploads\/2022\/10\/IMG_4264-1536x1024.jpg 1536w, http:\/\/kultur-josefstadt.at\/wp-content\/uploads\/2022\/10\/IMG_4264-2048x1365.jpg 2048w\" sizes=\"(max-width: 2560px) 100vw, 2560px\" \/><\/a><\/figure>\n\n\n\n<figure class=\"wp-block-image size-large\"><a href=\"http:\/\/kultur-josefstadt.at\/wp-content\/uploads\/2022\/10\/IMG_4265-scaled.jpg\"><img decoding=\"async\" loading=\"lazy\" width=\"2560\" height=\"1707\" data-id=\"734\"  src=\"http:\/\/kultur-josefstadt.at\/wp-content\/uploads\/2022\/10\/IMG_4265-scaled.jpg\" alt=\"\" class=\"wp-image-734\" srcset=\"http:\/\/kultur-josefstadt.at\/wp-content\/uploads\/2022\/10\/IMG_4265-scaled.jpg 2560w, http:\/\/kultur-josefstadt.at\/wp-content\/uploads\/2022\/10\/IMG_4265-300x200.jpg 300w, http:\/\/kultur-josefstadt.at\/wp-content\/uploads\/2022\/10\/IMG_4265-1024x683.jpg 1024w, http:\/\/kultur-josefstadt.at\/wp-content\/uploads\/2022\/10\/IMG_4265-768x512.jpg 768w, http:\/\/kultur-josefstadt.at\/wp-content\/uploads\/2022\/10\/IMG_4265-1536x1024.jpg 1536w, http:\/\/kultur-josefstadt.at\/wp-content\/uploads\/2022\/10\/IMG_4265-2048x1365.jpg 2048w\" sizes=\"(max-width: 2560px) 100vw, 2560px\" \/><\/a><\/figure>\n\n\n\n<figure class=\"wp-block-image size-large\"><a href=\"http:\/\/kultur-josefstadt.at\/wp-content\/uploads\/2022\/10\/IMG_4283-scaled.jpg\"><img decoding=\"async\" loading=\"lazy\" width=\"2560\" height=\"1707\" data-id=\"735\"  src=\"http:\/\/kultur-josefstadt.at\/wp-content\/uploads\/2022\/10\/IMG_4283-scaled.jpg\" alt=\"\" class=\"wp-image-735\" srcset=\"http:\/\/kultur-josefstadt.at\/wp-content\/uploads\/2022\/10\/IMG_4283-scaled.jpg 2560w, http:\/\/kultur-josefstadt.at\/wp-content\/uploads\/2022\/10\/IMG_4283-300x200.jpg 300w, http:\/\/kultur-josefstadt.at\/wp-content\/uploads\/2022\/10\/IMG_4283-1024x683.jpg 1024w, http:\/\/kultur-josefstadt.at\/wp-content\/uploads\/2022\/10\/IMG_4283-768x512.jpg 768w, http:\/\/kultur-josefstadt.at\/wp-content\/uploads\/2022\/10\/IMG_4283-1536x1024.jpg 1536w, http:\/\/kultur-josefstadt.at\/wp-content\/uploads\/2022\/10\/IMG_4283-2048x1365.jpg 2048w\" sizes=\"(max-width: 2560px) 100vw, 2560px\" \/><\/a><\/figure>\n\n\n\n<figure class=\"wp-block-image size-large\"><a href=\"http:\/\/kultur-josefstadt.at\/wp-content\/uploads\/2022\/10\/IMG_4288-scaled.jpg\"><img decoding=\"async\" loading=\"lazy\" width=\"2560\" height=\"1707\" data-id=\"736\"  src=\"http:\/\/kultur-josefstadt.at\/wp-content\/uploads\/2022\/10\/IMG_4288-scaled.jpg\" alt=\"\" class=\"wp-image-736\" srcset=\"http:\/\/kultur-josefstadt.at\/wp-content\/uploads\/2022\/10\/IMG_4288-scaled.jpg 2560w, http:\/\/kultur-josefstadt.at\/wp-content\/uploads\/2022\/10\/IMG_4288-300x200.jpg 300w, http:\/\/kultur-josefstadt.at\/wp-content\/uploads\/2022\/10\/IMG_4288-1024x683.jpg 1024w, http:\/\/kultur-josefstadt.at\/wp-content\/uploads\/2022\/10\/IMG_4288-768x512.jpg 768w, http:\/\/kultur-josefstadt.at\/wp-content\/uploads\/2022\/10\/IMG_4288-1536x1024.jpg 1536w, http:\/\/kultur-josefstadt.at\/wp-content\/uploads\/2022\/10\/IMG_4288-2048x1365.jpg 2048w\" sizes=\"(max-width: 2560px) 100vw, 2560px\" \/><\/a><\/figure>\n\n\n\n<figure class=\"wp-block-image size-large\"><a href=\"http:\/\/kultur-josefstadt.at\/wp-content\/uploads\/2022\/10\/IMG_4290-scaled.jpg\"><img decoding=\"async\" loading=\"lazy\" width=\"2560\" height=\"1707\" data-id=\"737\"  src=\"http:\/\/kultur-josefstadt.at\/wp-content\/uploads\/2022\/10\/IMG_4290-scaled.jpg\" alt=\"\" class=\"wp-image-737\" srcset=\"http:\/\/kultur-josefstadt.at\/wp-content\/uploads\/2022\/10\/IMG_4290-scaled.jpg 2560w, http:\/\/kultur-josefstadt.at\/wp-content\/uploads\/2022\/10\/IMG_4290-300x200.jpg 300w, http:\/\/kultur-josefstadt.at\/wp-content\/uploads\/2022\/10\/IMG_4290-1024x683.jpg 1024w, http:\/\/kultur-josefstadt.at\/wp-content\/uploads\/2022\/10\/IMG_4290-768x512.jpg 768w, http:\/\/kultur-josefstadt.at\/wp-content\/uploads\/2022\/10\/IMG_4290-1536x1024.jpg 1536w, http:\/\/kultur-josefstadt.at\/wp-content\/uploads\/2022\/10\/IMG_4290-2048x1365.jpg 2048w\" sizes=\"(max-width: 2560px) 100vw, 2560px\" \/><\/a><\/figure>\n\n\n\n<figure class=\"wp-block-image size-large\"><a href=\"http:\/\/kultur-josefstadt.at\/wp-content\/uploads\/2022\/10\/IMG_4291-scaled.jpg\"><img decoding=\"async\" loading=\"lazy\" width=\"2560\" height=\"1707\" data-id=\"738\"  src=\"http:\/\/kultur-josefstadt.at\/wp-content\/uploads\/2022\/10\/IMG_4291-scaled.jpg\" alt=\"\" class=\"wp-image-738\" srcset=\"http:\/\/kultur-josefstadt.at\/wp-content\/uploads\/2022\/10\/IMG_4291-scaled.jpg 2560w, http:\/\/kultur-josefstadt.at\/wp-content\/uploads\/2022\/10\/IMG_4291-300x200.jpg 300w, http:\/\/kultur-josefstadt.at\/wp-content\/uploads\/2022\/10\/IMG_4291-1024x683.jpg 1024w, http:\/\/kultur-josefstadt.at\/wp-content\/uploads\/2022\/10\/IMG_4291-768x512.jpg 768w, http:\/\/kultur-josefstadt.at\/wp-content\/uploads\/2022\/10\/IMG_4291-1536x1024.jpg 1536w, http:\/\/kultur-josefstadt.at\/wp-content\/uploads\/2022\/10\/IMG_4291-2048x1365.jpg 2048w\" sizes=\"(max-width: 2560px) 100vw, 2560px\" \/><\/a><\/figure>\n\n\n\n<figure class=\"wp-block-image size-large\"><a href=\"http:\/\/kultur-josefstadt.at\/wp-content\/uploads\/2022\/10\/IMG_4293-scaled.jpg\"><img decoding=\"async\" loading=\"lazy\" width=\"2560\" height=\"1707\" data-id=\"739\"  src=\"http:\/\/kultur-josefstadt.at\/wp-content\/uploads\/2022\/10\/IMG_4293-scaled.jpg\" alt=\"\" class=\"wp-image-739\" srcset=\"http:\/\/kultur-josefstadt.at\/wp-content\/uploads\/2022\/10\/IMG_4293-scaled.jpg 2560w, http:\/\/kultur-josefstadt.at\/wp-content\/uploads\/2022\/10\/IMG_4293-300x200.jpg 300w, http:\/\/kultur-josefstadt.at\/wp-content\/uploads\/2022\/10\/IMG_4293-1024x683.jpg 1024w, http:\/\/kultur-josefstadt.at\/wp-content\/uploads\/2022\/10\/IMG_4293-768x512.jpg 768w, http:\/\/kultur-josefstadt.at\/wp-content\/uploads\/2022\/10\/IMG_4293-1536x1024.jpg 1536w, http:\/\/kultur-josefstadt.at\/wp-content\/uploads\/2022\/10\/IMG_4293-2048x1365.jpg 2048w\" sizes=\"(max-width: 2560px) 100vw, 2560px\" \/><\/a><\/figure>\n\n\n\n<figure class=\"wp-block-image size-large\"><a href=\"http:\/\/kultur-josefstadt.at\/wp-content\/uploads\/2022\/10\/IMG_4295-scaled.jpg\"><img decoding=\"async\" loading=\"lazy\" width=\"2560\" height=\"1707\" data-id=\"740\"  src=\"http:\/\/kultur-josefstadt.at\/wp-content\/uploads\/2022\/10\/IMG_4295-scaled.jpg\" alt=\"\" class=\"wp-image-740\" srcset=\"http:\/\/kultur-josefstadt.at\/wp-content\/uploads\/2022\/10\/IMG_4295-scaled.jpg 2560w, http:\/\/kultur-josefstadt.at\/wp-content\/uploads\/2022\/10\/IMG_4295-300x200.jpg 300w, http:\/\/kultur-josefstadt.at\/wp-content\/uploads\/2022\/10\/IMG_4295-1024x683.jpg 1024w, http:\/\/kultur-josefstadt.at\/wp-content\/uploads\/2022\/10\/IMG_4295-768x512.jpg 768w, http:\/\/kultur-josefstadt.at\/wp-content\/uploads\/2022\/10\/IMG_4295-1536x1024.jpg 1536w, http:\/\/kultur-josefstadt.at\/wp-content\/uploads\/2022\/10\/IMG_4295-2048x1365.jpg 2048w\" sizes=\"(max-width: 2560px) 100vw, 2560px\" \/><\/a><\/figure>\n\n\n\n<figure class=\"wp-block-image size-large\"><a href=\"http:\/\/kultur-josefstadt.at\/wp-content\/uploads\/2022\/10\/IMG_4305-scaled.jpg\"><img decoding=\"async\" loading=\"lazy\" width=\"2560\" height=\"1707\" data-id=\"741\"  src=\"http:\/\/kultur-josefstadt.at\/wp-content\/uploads\/2022\/10\/IMG_4305-scaled.jpg\" alt=\"\" class=\"wp-image-741\" srcset=\"http:\/\/kultur-josefstadt.at\/wp-content\/uploads\/2022\/10\/IMG_4305-scaled.jpg 2560w, http:\/\/kultur-josefstadt.at\/wp-content\/uploads\/2022\/10\/IMG_4305-300x200.jpg 300w, http:\/\/kultur-josefstadt.at\/wp-content\/uploads\/2022\/10\/IMG_4305-1024x683.jpg 1024w, http:\/\/kultur-josefstadt.at\/wp-content\/uploads\/2022\/10\/IMG_4305-768x512.jpg 768w, http:\/\/kultur-josefstadt.at\/wp-content\/uploads\/2022\/10\/IMG_4305-1536x1024.jpg 1536w, http:\/\/kultur-josefstadt.at\/wp-content\/uploads\/2022\/10\/IMG_4305-2048x1365.jpg 2048w\" sizes=\"(max-width: 2560px) 100vw, 2560px\" \/><\/a><\/figure>\n\n\n\n<figure class=\"wp-block-image size-large\"><a href=\"http:\/\/kultur-josefstadt.at\/wp-content\/uploads\/2022\/10\/IMG_4308-scaled.jpg\"><img decoding=\"async\" loading=\"lazy\" width=\"2560\" height=\"1707\" data-id=\"742\"  src=\"http:\/\/kultur-josefstadt.at\/wp-content\/uploads\/2022\/10\/IMG_4308-scaled.jpg\" alt=\"\" class=\"wp-image-742\" srcset=\"http:\/\/kultur-josefstadt.at\/wp-content\/uploads\/2022\/10\/IMG_4308-scaled.jpg 2560w, http:\/\/kultur-josefstadt.at\/wp-content\/uploads\/2022\/10\/IMG_4308-300x200.jpg 300w, http:\/\/kultur-josefstadt.at\/wp-content\/uploads\/2022\/10\/IMG_4308-1024x683.jpg 1024w, http:\/\/kultur-josefstadt.at\/wp-content\/uploads\/2022\/10\/IMG_4308-768x512.jpg 768w, http:\/\/kultur-josefstadt.at\/wp-content\/uploads\/2022\/10\/IMG_4308-1536x1024.jpg 1536w, http:\/\/kultur-josefstadt.at\/wp-content\/uploads\/2022\/10\/IMG_4308-2048x1365.jpg 2048w\" sizes=\"(max-width: 2560px) 100vw, 2560px\" \/><\/a><\/figure>\n\n\n\n<figure class=\"wp-block-image size-large\"><a href=\"http:\/\/kultur-josefstadt.at\/wp-content\/uploads\/2022\/10\/IMG_4311-scaled.jpg\"><img decoding=\"async\" loading=\"lazy\" width=\"2560\" height=\"1707\" data-id=\"743\"  src=\"http:\/\/kultur-josefstadt.at\/wp-content\/uploads\/2022\/10\/IMG_4311-scaled.jpg\" alt=\"\" class=\"wp-image-743\" srcset=\"http:\/\/kultur-josefstadt.at\/wp-content\/uploads\/2022\/10\/IMG_4311-scaled.jpg 2560w, http:\/\/kultur-josefstadt.at\/wp-content\/uploads\/2022\/10\/IMG_4311-300x200.jpg 300w, http:\/\/kultur-josefstadt.at\/wp-content\/uploads\/2022\/10\/IMG_4311-1024x683.jpg 1024w, http:\/\/kultur-josefstadt.at\/wp-content\/uploads\/2022\/10\/IMG_4311-768x512.jpg 768w, http:\/\/kultur-josefstadt.at\/wp-content\/uploads\/2022\/10\/IMG_4311-1536x1024.jpg 1536w, http:\/\/kultur-josefstadt.at\/wp-content\/uploads\/2022\/10\/IMG_4311-2048x1365.jpg 2048w\" sizes=\"(max-width: 2560px) 100vw, 2560px\" \/><\/a><\/figure>\n\n\n\n<figure class=\"wp-block-image size-large\"><a href=\"http:\/\/kultur-josefstadt.at\/wp-content\/uploads\/2022\/10\/IMG_4313-scaled.jpg\"><img decoding=\"async\" loading=\"lazy\" width=\"2560\" height=\"1707\" data-id=\"744\"  src=\"http:\/\/kultur-josefstadt.at\/wp-content\/uploads\/2022\/10\/IMG_4313-scaled.jpg\" alt=\"\" class=\"wp-image-744\" srcset=\"http:\/\/kultur-josefstadt.at\/wp-content\/uploads\/2022\/10\/IMG_4313-scaled.jpg 2560w, http:\/\/kultur-josefstadt.at\/wp-content\/uploads\/2022\/10\/IMG_4313-300x200.jpg 300w, http:\/\/kultur-josefstadt.at\/wp-content\/uploads\/2022\/10\/IMG_4313-1024x683.jpg 1024w, http:\/\/kultur-josefstadt.at\/wp-content\/uploads\/2022\/10\/IMG_4313-768x512.jpg 768w, http:\/\/kultur-josefstadt.at\/wp-content\/uploads\/2022\/10\/IMG_4313-1536x1024.jpg 1536w, http:\/\/kultur-josefstadt.at\/wp-content\/uploads\/2022\/10\/IMG_4313-2048x1365.jpg 2048w\" sizes=\"(max-width: 2560px) 100vw, 2560px\" \/><\/a><\/figure>\n\n\n\n<figure class=\"wp-block-image size-large\"><a href=\"http:\/\/kultur-josefstadt.at\/wp-content\/uploads\/2022\/10\/IMG_4316-scaled.jpg\"><img decoding=\"async\" loading=\"lazy\" width=\"2560\" height=\"1707\" data-id=\"745\"  src=\"http:\/\/kultur-josefstadt.at\/wp-content\/uploads\/2022\/10\/IMG_4316-scaled.jpg\" alt=\"\" class=\"wp-image-745\" srcset=\"http:\/\/kultur-josefstadt.at\/wp-content\/uploads\/2022\/10\/IMG_4316-scaled.jpg 2560w, http:\/\/kultur-josefstadt.at\/wp-content\/uploads\/2022\/10\/IMG_4316-300x200.jpg 300w, http:\/\/kultur-josefstadt.at\/wp-content\/uploads\/2022\/10\/IMG_4316-1024x683.jpg 1024w, http:\/\/kultur-josefstadt.at\/wp-content\/uploads\/2022\/10\/IMG_4316-768x512.jpg 768w, http:\/\/kultur-josefstadt.at\/wp-content\/uploads\/2022\/10\/IMG_4316-1536x1024.jpg 1536w, http:\/\/kultur-josefstadt.at\/wp-content\/uploads\/2022\/10\/IMG_4316-2048x1365.jpg 2048w\" sizes=\"(max-width: 2560px) 100vw, 2560px\" \/><\/a><\/figure>\n\n\n\n<figure class=\"wp-block-image size-large\"><a href=\"http:\/\/kultur-josefstadt.at\/wp-content\/uploads\/2022\/10\/IMG_4318-scaled.jpg\"><img decoding=\"async\" loading=\"lazy\" width=\"2560\" height=\"1707\" data-id=\"746\"  src=\"http:\/\/kultur-josefstadt.at\/wp-content\/uploads\/2022\/10\/IMG_4318-scaled.jpg\" alt=\"\" class=\"wp-image-746\" srcset=\"http:\/\/kultur-josefstadt.at\/wp-content\/uploads\/2022\/10\/IMG_4318-scaled.jpg 2560w, http:\/\/kultur-josefstadt.at\/wp-content\/uploads\/2022\/10\/IMG_4318-300x200.jpg 300w, http:\/\/kultur-josefstadt.at\/wp-content\/uploads\/2022\/10\/IMG_4318-1024x683.jpg 1024w, http:\/\/kultur-josefstadt.at\/wp-content\/uploads\/2022\/10\/IMG_4318-768x512.jpg 768w, http:\/\/kultur-josefstadt.at\/wp-content\/uploads\/2022\/10\/IMG_4318-1536x1024.jpg 1536w, http:\/\/kultur-josefstadt.at\/wp-content\/uploads\/2022\/10\/IMG_4318-2048x1365.jpg 2048w\" sizes=\"(max-width: 2560px) 100vw, 2560px\" \/><\/a><\/figure>\n<\/figure>\n\n\n\n<hr class=\"wp-block-separator has-alpha-channel-opacity\"\/>\n\n\n\n<div class=\"wp-block-file\"><object class=\"wp-block-file__embed\" data=\"http:\/\/kultur-josefstadt.at\/wp-content\/uploads\/2022\/09\/Im_Achten_herum_2022.pdf\" type=\"application\/pdf\" style=\"width:100%;height:600px\" aria-label=\"Einbettung von Im_Achten_herum_2022.\"><\/object><a id=\"wp-block-file--media-7f064495-0dcd-474a-9e7d-4c7da954d42b\" href=\"http:\/\/kultur-josefstadt.at\/wp-content\/uploads\/2022\/09\/Im_Achten_herum_2022.pdf\">Im_Achten_herum_2022<\/a><a href=\"http:\/\/kultur-josefstadt.at\/wp-content\/uploads\/2022\/09\/Im_Achten_herum_2022.pdf\" class=\"wp-block-file__button wp-element-button\" download aria-describedby=\"wp-block-file--media-7f064495-0dcd-474a-9e7d-4c7da954d42b\">Herunterladen<\/a><\/div>\n\n\n\n<p><\/p>\n\n\n\n<p>Der Kulturverein Josefstadt l\u00e4dt herzlich zu den 11. Atelierrundg\u00e4ngen in der Josefstadt statt. Beginnend mit Freitag, dem 23. September bis zum Sonntag, 25. September, stellen diverse K\u00fcnstler*innen aus der Josefstadt ihre Werke aus und machen ihre Ateliers f\u00fcr Interessierte zug\u00e4nglich.&nbsp;<\/p>\n\n\n\n<p>Den Auftakt bildet die Er\u00f6ffnung am Freitag, den 23. September ab 19 Uhr im Volkskundemuseum (Laudongasse 15-19). Dort werden die teilnehmenden K\u00fcnstler*innen vorgestellt. Die Band Lost Compadres sorgt f\u00fcr musikalische Unterhaltung.&nbsp;<\/p>\n\n\n\n<p>Neben der Gruppenausstellung im Volkskundemuseum gibt es die M\u00f6glichkeit, die Kunstschaffenden in ihren Ateliers zu besuchen und K\u00fcnste verschiedener Richtungen zu entdecken.<\/p>\n\n\n\n<p>Wir freuen uns auf zahlreiches Kommen!<\/p>\n\n\n\n<h3 class=\"wp-block-heading\">Das Programm im Detail:<\/h3>\n\n\n\n<p><strong>Freitag, 23. September<\/strong>,<strong> 19 Uhr<\/strong><\/p>\n\n\n\n<p>Er\u00f6ffnung im Volkskundemuseum Wien, Laudongasse 15-19<\/p>\n\n\n\n<p><strong>Gruppenausstellung<\/strong> mit&nbsp;<br>Charlotte Armao | Roland Hille | Margit Kainrath | Walter Kanov | Jakob Kohlmayer | Tonia Kos | Anneliese Lammerer | Jagoda Lessel | Adriane Muttenthaler | Maria Noistering | Helmut Pokornig | Katharina Prazuch | Hawy Rahman | Franz Stierschneider | Zsuzsanna Vecsei&nbsp;<br>Konzert von Lost Compadres<\/p>\n\n\n\n<p>15 \u2013 18 Uhr: Ulrich Gansert (Maler, Objektk\u00fcnstler), Pfeilgasse 5\/5<\/p>\n\n\n\n<p><strong>Samstag, 24. September&nbsp;<\/strong><\/p>\n\n\n\n<p>15 \u2013 19 Uhr: <strong>Gruppenausstellung<\/strong> im Volkskundemuseum, Laudongasse 15-19<\/p>\n\n\n\n<p>18 Uhr: <strong>Konzert<\/strong> Pamelia Stickney &amp; Chi Rich \u201eTuWIENERische Ges\u00e4nge\u201c, Kunstverein Klangwerk, Laudongasse 28<\/p>\n\n\n\n<p>14 \u2013 18 Uhr: Fritz Braun (Maler, Grafiker), Breitenfeldergasse 10\/1015 \u2013 19 Uhr: Adisa Czeczelich (Malerin), Pfeilgasse 5\/32A<br>15 \u2013 18 Uhr: Lisa Est (Zeichnerin), Pfeilgasse 43\/32<br>14 \u2013 20 Uhr: Sylvia Fischer (Malerin), Pfeilgasse 51<br>15 \u2013 18 Uhr: Michl Herberstein (Maler), Laudongasse 28 \u2013 Kunstverein Klangwerk<br>14 \u2013 20 Uhr: Udo Hohenberger (Maler), Pfeilgasse 51<br>16 \u2013 20 Uhr: Ulli Klepalski (Konzeptk\u00fcnstlerin), Buchfeldgasse 9<br>13 \u2013 20 Uhr: Sabina K\u00f6hlmeier (Malerin), Josefst\u00e4dter Stra\u00dfe 56<br>15 \u2013 18 Uhr: Cara Christina K\u00f6nigswieser (Grafikdesignerin), Albertgasse 13-15 &#8211; Redaktion &#8222;derachte&#8220;<br>14 &#8211; 18 Uhr: Katrin Leuchtgelb (Malerin), Piaristengasse 18\/1A<br>16 \u2013 19 Uhr: Ina Loitzl (Multimediak\u00fcnstlerin), Albertplatz 1\/3. Stock\/T\u00fcr 14<br>14 \u2013 20 Uhr: Michaela Meissl (Keramikerin) und Walter Meissl (Bildhauer, Keramiker, Autor), Lerchenfelderstra\u00dfe 78-80<br>16 \u2013 22 Uhr: Erika Seywald (Malerin), Josefst\u00e4dter Stra\u00dfe 56<\/p>\n\n\n\n<p><strong>Sonntag, 25. September<\/strong><\/p>\n\n\n\n<p>11 \u2013 13 Uhr: Adisa Czeczelich (Malerin), Pfeilgasse 5\/32A<br>15 \u2013 17:30 Uhr: Harry Ergott (Maler), Albertgasse 57<br>15 \u2013 18 Uhr: Lisa Est (Zeichnerin), Pfeilgasse 43\/32<br>14 \u2013 20 Uhr: Sylvia Fischer (Malerin), Pfeilgasse 51<br>15 \u2013 18 Uhr: Michl Herberstein (Maler), Laudongasse 28 \u2013 Kunstverein Klangwerk<br>14 \u2013 20 Uhr: Udo Hohenberger (Maler), Pfeilgasse 51<br>15 \u2013 17:30 Uhr: Ulli Klepalski (Konzeptk\u00fcnstlerin), Buchfeldgasse 9<br>15 \u2013 18 Uhr: Cara Christina K\u00f6nigswieser (Grafikdesignerin), Albertgasse 13-15 &#8211; Redaktion &#8222;derachte&#8220;<br>14 &#8211; 18 Uhr: Katrin Leuchtgelb (Malerin), Piaristengasse 18\/1A<br>15 \u2013 19 Uhr: Ina Loitzl (Multimediak\u00fcnstlerin), Albertplatz 1\/3. Stock\/T\u00fcr 14<br>14 \u2013 18 Uhr: Michaela Meissl (Keramikerin) und Walter Meissl (Bildhauer, Keramiker, Autor), Lerchenfelderstra\u00dfe 78-80<\/p>\n\n\n\n<p>\u00c4nderungen im Programm vorbehalten.<\/p>\n\n\n\n<p><em>Mit freundlicher Unterst\u00fctzung von der Kulturabteilung der Stadt Wien (MA7), Basis.Kultur.Wien, Volkskundemuseum Wien, Kulturf\u00f6rderung Josefstadt und Zeitung \u201eDer Achte\u201c.<\/em><br><\/p>\n\n\n\n<hr class=\"wp-block-separator has-alpha-channel-opacity\"\/>\n\n\n\n<h2 class=\"wp-block-heading\">Theater im Park: Astoria &#8211; Die Erde hat Menschen<\/h2>\n\n\n\n<p>23. Juni 2022, 17:30 Uhr<\/p>\n\n\n\n<figure class=\"wp-block-image size-full\"><img decoding=\"async\" loading=\"lazy\" width=\"600\" height=\"283\" src=\"http:\/\/kultur-josefstadt.at\/wp-content\/uploads\/2022\/06\/ASTORIA_Karte_Josefstadt_D-Kopie.jpg\" alt=\"\" class=\"wp-image-589\" srcset=\"http:\/\/kultur-josefstadt.at\/wp-content\/uploads\/2022\/06\/ASTORIA_Karte_Josefstadt_D-Kopie.jpg 600w, http:\/\/kultur-josefstadt.at\/wp-content\/uploads\/2022\/06\/ASTORIA_Karte_Josefstadt_D-Kopie-300x142.jpg 300w\" sizes=\"(max-width: 600px) 100vw, 600px\" \/><\/figure>\n\n\n\n<p>Erstmals in der Josefstadt findet heuer in Kooperation mit dem der Gruppe UTOPIA THEATER eine Theaterauff\u00fchrung im Park statt. <\/p>\n\n\n\n<p>Zu Jura Soyfers 110. Geburtstag<\/p>\n\n\n\n<p>Zum St\u00fcck: Die Erde bringt das harmonische Gleichgewicht im Weltall ins Wanken. Sie hat &#8211; Menschen! Sie zerst\u00f6ren nach und nach ihren Heimatplaneten. Die Sonne schick daher einen Kometen zur Erde, der den blauen Planeten vernichten soll, um die Harmonie im Sonnensystem wieder herzustellen. Wird er seinen Auftrag erledigen? <\/p>\n\n\n\n<p>Der Eintritt ist frei. Wir bedanken uns bei der Stadt Wien, MA7 Basis.Kultur und der Kulturkommission Josefstadt f\u00fcr die finanzielle Unterst\u00fctzung der Veranstaltung.<\/p>\n\n\n\n<hr class=\"wp-block-separator has-alpha-channel-opacity\"\/>\n\n\n\n<h2 class=\"wp-block-heading\">Sommerkino am Piaristenplatz<\/h2>\n\n\n\n<p>9.-12. Juni 2022 &#8211; Filmstart jeweils 21:00 Uhr<\/p>\n\n\n\n<figure class=\"wp-block-image size-large\"><img decoding=\"async\" loading=\"lazy\" width=\"1024\" height=\"576\" src=\"http:\/\/kultur-josefstadt.at\/wp-content\/uploads\/2022\/05\/foto_Sommerkino_Kopie-1024x576.jpg\" alt=\"\" class=\"wp-image-563\" srcset=\"http:\/\/kultur-josefstadt.at\/wp-content\/uploads\/2022\/05\/foto_Sommerkino_Kopie-1024x576.jpg 1024w, http:\/\/kultur-josefstadt.at\/wp-content\/uploads\/2022\/05\/foto_Sommerkino_Kopie-300x169.jpg 300w, http:\/\/kultur-josefstadt.at\/wp-content\/uploads\/2022\/05\/foto_Sommerkino_Kopie-768x432.jpg 768w, http:\/\/kultur-josefstadt.at\/wp-content\/uploads\/2022\/05\/foto_Sommerkino_Kopie-1536x864.jpg 1536w, http:\/\/kultur-josefstadt.at\/wp-content\/uploads\/2022\/05\/foto_Sommerkino_Kopie.jpg 1920w\" sizes=\"(max-width: 1024px) 100vw, 1024px\" \/><\/figure>\n\n\n\n<p><\/p>\n\n\n\n<p>Einer der sch\u00f6nsten Open-Air-Pl\u00e4tze Wiens wird auch dieses Jahr wieder zur Kino-Kulisse. Von Donnerstag, 9. bis Sonntag 12. Juni 2022 finden dort abendliche Filmvorf\u00fchrungen statt. <\/p>\n\n\n\n<p><strong>9.6.: WAS GESCHAH WIRKLICH MIT BABY JANE? <\/strong><\/p>\n\n\n\n<p>Regie: Robert Aldrich, USA, 1962, 132 Min., Originalfassung mit deutschen Untertiteln, <a href=\"https:\/\/www.volxkino.at\/event-details\/was-geschah-wirklich-mit-baby-jane\">Details<\/a><\/p>\n\n\n\n<p><strong>10.6.: Wiegenlied f\u00fcr eine Leiche<\/strong><\/p>\n\n\n\n<p>Regie: Robert Aldrich, US 1964, 127 Min., Originalfassung mit deutschen Untertiteln, <a href=\"https:\/\/www.volxkino.at\/event-details\/wiegenlied-fur-eine-leiche\">Details<\/a><\/p>\n\n\n\n<p><\/p>\n\n\n\n<p><strong>11.06.:  Silver City<\/strong><\/p>\n\n\n\n<p>Regie: John Sayles, US 2004, 128 Min., Originalfassung mit deutschen Untertiteln, <a href=\"https:\/\/www.volxkino.at\/event-details\/silver-city\">Details<\/a><\/p>\n\n\n\n<p><strong>12.06.: Bulworth<\/strong><\/p>\n\n\n\n<p>Regie: Warren Beatty, US 1998, 108 Min., Originalfassung mit deutschen Untertiteln, <a href=\"https:\/\/www.volxkino.at\/event-details\/bulworth\">Details<\/a><\/p>\n\n\n\n<p><\/p>\n\n\n\n<p>Der Eintritt ist kostenlos. <\/p>\n\n\n\n<p>Wir bedanken uns bei der Stadt Wien, MA7 Basis.Kultur und der Kulturkommission<\/p>\n\n\n\n<figure class=\"wp-block-gallery has-nested-images columns-default is-cropped wp-block-gallery-8 is-layout-flex\">\n<figure class=\"wp-block-image size-large\"><img decoding=\"async\" loading=\"lazy\" width=\"1024\" height=\"768\" data-id=\"580\"  src=\"http:\/\/kultur-josefstadt.at\/wp-content\/uploads\/2022\/06\/IMG_0311-1024x768.jpg\" alt=\"\" class=\"wp-image-580\" srcset=\"http:\/\/kultur-josefstadt.at\/wp-content\/uploads\/2022\/06\/IMG_0311-1024x768.jpg 1024w, http:\/\/kultur-josefstadt.at\/wp-content\/uploads\/2022\/06\/IMG_0311-300x225.jpg 300w, http:\/\/kultur-josefstadt.at\/wp-content\/uploads\/2022\/06\/IMG_0311-768x576.jpg 768w, http:\/\/kultur-josefstadt.at\/wp-content\/uploads\/2022\/06\/IMG_0311-1536x1152.jpg 1536w, http:\/\/kultur-josefstadt.at\/wp-content\/uploads\/2022\/06\/IMG_0311.jpg 1600w\" sizes=\"(max-width: 1024px) 100vw, 1024px\" \/><\/figure>\n\n\n\n<figure class=\"wp-block-image size-large\"><img decoding=\"async\" loading=\"lazy\" width=\"1024\" height=\"737\" data-id=\"582\"  src=\"http:\/\/kultur-josefstadt.at\/wp-content\/uploads\/2022\/06\/IMG_0313-1024x737.jpg\" alt=\"\" class=\"wp-image-582\" srcset=\"http:\/\/kultur-josefstadt.at\/wp-content\/uploads\/2022\/06\/IMG_0313-1024x737.jpg 1024w, http:\/\/kultur-josefstadt.at\/wp-content\/uploads\/2022\/06\/IMG_0313-300x216.jpg 300w, http:\/\/kultur-josefstadt.at\/wp-content\/uploads\/2022\/06\/IMG_0313-768x553.jpg 768w, http:\/\/kultur-josefstadt.at\/wp-content\/uploads\/2022\/06\/IMG_0313.jpg 1490w\" sizes=\"(max-width: 1024px) 100vw, 1024px\" \/><\/figure>\n\n\n\n<figure class=\"wp-block-image size-large\"><img decoding=\"async\" loading=\"lazy\" width=\"768\" height=\"1024\" data-id=\"581\"  src=\"http:\/\/kultur-josefstadt.at\/wp-content\/uploads\/2022\/06\/IMG_0315-768x1024.jpg\" alt=\"\" class=\"wp-image-581\" srcset=\"http:\/\/kultur-josefstadt.at\/wp-content\/uploads\/2022\/06\/IMG_0315-768x1024.jpg 768w, http:\/\/kultur-josefstadt.at\/wp-content\/uploads\/2022\/06\/IMG_0315-225x300.jpg 225w, http:\/\/kultur-josefstadt.at\/wp-content\/uploads\/2022\/06\/IMG_0315-1152x1536.jpg 1152w, http:\/\/kultur-josefstadt.at\/wp-content\/uploads\/2022\/06\/IMG_0315.jpg 1200w\" sizes=\"(max-width: 768px) 100vw, 768px\" \/><\/figure>\n<\/figure>\n\n\n\n<p> <\/p>\n\n\n\n<hr class=\"wp-block-separator has-alpha-channel-opacity\"\/>\n\n\n\n<div class=\"wp-block-group is-layout-flow\"><div class=\"wp-block-group__inner-container\">\n<h2 class=\"wp-block-heading\">Schrammel-Konzert<\/h2>\n\n\n\n<p>19.5.2022<\/p>\n\n\n\n<figure class=\"wp-block-image size-large is-resized\"><img decoding=\"async\" loading=\"lazy\" src=\"http:\/\/kultur-josefstadt.at\/wp-content\/uploads\/2022\/04\/Alte-Zeit-Plakat-724x1024.jpg\" alt=\"\" class=\"wp-image-555\" width=\"690\" height=\"975\" srcset=\"http:\/\/kultur-josefstadt.at\/wp-content\/uploads\/2022\/04\/Alte-Zeit-Plakat-724x1024.jpg 724w, http:\/\/kultur-josefstadt.at\/wp-content\/uploads\/2022\/04\/Alte-Zeit-Plakat-212x300.jpg 212w, http:\/\/kultur-josefstadt.at\/wp-content\/uploads\/2022\/04\/Alte-Zeit-Plakat-768x1086.jpg 768w, http:\/\/kultur-josefstadt.at\/wp-content\/uploads\/2022\/04\/Alte-Zeit-Plakat-1086x1536.jpg 1086w, http:\/\/kultur-josefstadt.at\/wp-content\/uploads\/2022\/04\/Alte-Zeit-Plakat-1448x2048.jpg 1448w, http:\/\/kultur-josefstadt.at\/wp-content\/uploads\/2022\/04\/Alte-Zeit-Plakat-scaled.jpg 1810w\" sizes=\"(max-width: 690px) 100vw, 690px\" \/><\/figure>\n<\/div><\/div>\n\n\n\n<hr class=\"wp-block-separator has-alpha-channel-opacity\"\/>\n\n\n\n<h2 class=\"wp-block-heading\"><strong>Justitia jubilat!&nbsp;<\/strong>Weihnachtskonzert im Schwurgerichtssaal am 17.12.2021<\/h2>\n\n\n\n<p>Das allj\u00e4hrlich abgehaltene Chorkonzert des Kulturvereins der Freundinnen und Freunde der Josefstadt wird heuer in einem ganz besonderen Rahmen stattfinden: <\/p>\n\n\n\n<figure class=\"wp-block-image size-large\"><img decoding=\"async\" loading=\"lazy\" width=\"1024\" height=\"577\" src=\"http:\/\/kultur-josefstadt.at\/wp-content\/uploads\/2021\/12\/Design-ohne-Titel-2-1024x577.png\" alt=\"\" class=\"wp-image-522\" srcset=\"http:\/\/kultur-josefstadt.at\/wp-content\/uploads\/2021\/12\/Design-ohne-Titel-2-1024x577.png 1024w, http:\/\/kultur-josefstadt.at\/wp-content\/uploads\/2021\/12\/Design-ohne-Titel-2-300x169.png 300w, http:\/\/kultur-josefstadt.at\/wp-content\/uploads\/2021\/12\/Design-ohne-Titel-2-768x433.png 768w, http:\/\/kultur-josefstadt.at\/wp-content\/uploads\/2021\/12\/Design-ohne-Titel-2-1536x865.png 1536w, http:\/\/kultur-josefstadt.at\/wp-content\/uploads\/2021\/12\/Design-ohne-Titel-2.png 1640w\" sizes=\"(max-width: 1024px) 100vw, 1024px\" \/><\/figure>\n\n\n\n<p>Der Gro\u00dfe Schwurgerichtssaal des Landesgerichtes f\u00fcr Strafsachen Wien, in dem f\u00fcr gew\u00f6hnlich Urteile in brisanten Strafverfahren gef\u00e4llt werden, dient am 17. Dezember als Konzertsaal, und wird eine Woche vor Heiligabend ausnahmsweise vom Fluidum weihnachtlicher Jubelch\u00f6re erf\u00fcllt werden.&nbsp;<\/p>\n\n\n\n<p>Solisten, Chor und Orchester des Joseph Haydn Konzertvereins werden dann die&nbsp;B\u00d6HMISCHE HIRTENMESSE&nbsp;von Jakub Jan Ryba (1765-1815) zur Auff\u00fchrung bringen &#8211; in einer Version des Dirigenten Robert Fontane, der das Werk durch verbindende Kompositionen zu einem Weihnachtsoratorium erweitert hat.&nbsp;Erm\u00f6glicht wurde die Veranstaltung durch Amtsdirektor J\u00fcrgen P\u00f6kl, der sich um die Bereitstellung des Saals bem\u00fcht hat, und an diesem Abend das Orgelpositiv spielen wird.&nbsp;<\/p>\n\n\n\n<p>Das Konzert wurde aufgezeichnet und ist hier zu sehen: <\/p>\n\n\n\n<figure class=\"wp-block-embed is-type-video is-provider-youtube wp-block-embed-youtube wp-embed-aspect-16-9 wp-has-aspect-ratio\"><div class=\"wp-block-embed__wrapper\">\n<iframe loading=\"lazy\" title=\"Weihnachtskonzert 2021 - B\u00f6hmische Hirtenmesse\" width=\"660\" height=\"371\" src=\"https:\/\/www.youtube.com\/embed\/JxjY2QzWp80?feature=oembed\" frameborder=\"0\" allow=\"accelerometer; autoplay; clipboard-write; encrypted-media; gyroscope; picture-in-picture; web-share\" referrerpolicy=\"strict-origin-when-cross-origin\" allowfullscreen><\/iframe>\n<\/div><\/figure>\n\n\n\n<hr class=\"wp-block-separator has-css-opacity\"\/>\n\n\n\n<h2 class=\"wp-block-heading\">Das waren die Atelierrundg\u00e4nge 2021<\/h2>\n\n\n\n<p>Sch\u00f6n waren die heurigen Atelierrundg\u00e4nge! Herzlichen Dank an alle mitwirkenden K\u00fcnstler*innen und Besucher*innen!<\/p>\n\n\n\n<p>Hier ein paar Impressionen der Er\u00f6ffnung am Freitag Abend. Danke Gloria Seidl \u00a9 f\u00fcr die Fotos!<\/p>\n\n\n\n<p>Wir freuen uns schon auf n\u00e4chstes Jahr. <\/p>\n\n\n\n<figure class=\"wp-block-gallery has-nested-images columns-3 is-cropped wp-block-gallery-11 is-layout-flex\">\n<figure class=\"wp-block-image size-large\"><img decoding=\"async\" data-id=\"457\"  src=\"http:\/\/kultur-josefstadt.at\/wp-content\/uploads\/2021\/10\/IMG_3340-Kopie-1-1024x683.jpeg\" alt=\"\" class=\"wp-image-457\"\/><\/figure>\n\n\n\n<figure class=\"wp-block-image size-large\"><img decoding=\"async\" data-id=\"497\"  src=\"http:\/\/kultur-josefstadt.at\/wp-content\/uploads\/2021\/10\/IMG_3409-Kopie-1-1024x683.jpeg\" alt=\"\" class=\"wp-image-497\"\/><\/figure>\n\n\n\n<figure class=\"wp-block-image size-large\"><img decoding=\"async\" data-id=\"464\"  src=\"http:\/\/kultur-josefstadt.at\/wp-content\/uploads\/2021\/10\/IMG_3352-Kopie-1-1024x683.jpeg\" alt=\"\" class=\"wp-image-464\"\/><\/figure>\n\n\n\n<figure class=\"wp-block-image size-large\"><img decoding=\"async\" data-id=\"450\"  src=\"http:\/\/kultur-josefstadt.at\/wp-content\/uploads\/2021\/10\/IMG_3415-Kopie-683x1024.jpeg\" alt=\"\" class=\"wp-image-450\"\/><\/figure>\n\n\n\n<figure class=\"wp-block-image size-large\"><img decoding=\"async\" data-id=\"494\"  src=\"http:\/\/kultur-josefstadt.at\/wp-content\/uploads\/2021\/10\/IMG_3400-Kopie-1-683x1024.jpeg\" alt=\"\" class=\"wp-image-494\"\/><\/figure>\n\n\n\n<figure class=\"wp-block-image size-large\"><img decoding=\"async\" data-id=\"459\"  src=\"http:\/\/kultur-josefstadt.at\/wp-content\/uploads\/2021\/10\/IMG_3344-Kopie-1-1024x683.jpeg\" alt=\"\" class=\"wp-image-459\"\/><\/figure>\n\n\n\n<figure class=\"wp-block-image size-large\"><img decoding=\"async\" data-id=\"453\"  src=\"http:\/\/kultur-josefstadt.at\/wp-content\/uploads\/2021\/10\/IMG_3332-Kopie-1-1024x683.jpeg\" alt=\"\" class=\"wp-image-453\"\/><\/figure>\n\n\n\n<figure class=\"wp-block-image size-large\"><img decoding=\"async\" data-id=\"466\"  src=\"http:\/\/kultur-josefstadt.at\/wp-content\/uploads\/2021\/10\/IMG_3355-Kopie-1-683x1024.jpeg\" alt=\"\" class=\"wp-image-466\"\/><\/figure>\n\n\n\n<figure class=\"wp-block-image size-large\"><img decoding=\"async\" data-id=\"461\"  src=\"http:\/\/kultur-josefstadt.at\/wp-content\/uploads\/2021\/10\/IMG_3345-Kopie-1-1024x683.jpeg\" alt=\"\" class=\"wp-image-461\"\/><\/figure>\n\n\n\n<figure class=\"wp-block-image size-large\"><img decoding=\"async\" data-id=\"477\"  src=\"http:\/\/kultur-josefstadt.at\/wp-content\/uploads\/2021\/10\/IMG_3373-Kopie-1-1024x683.jpeg\" alt=\"\" class=\"wp-image-477\"\/><\/figure>\n\n\n\n<figure class=\"wp-block-image size-large\"><img decoding=\"async\" data-id=\"498\"  src=\"http:\/\/kultur-josefstadt.at\/wp-content\/uploads\/2021\/10\/IMG_3412-Kopie-1-683x1024.jpeg\" alt=\"\" class=\"wp-image-498\"\/><\/figure>\n\n\n\n<figure class=\"wp-block-image size-large\"><img decoding=\"async\" data-id=\"473\"  src=\"http:\/\/kultur-josefstadt.at\/wp-content\/uploads\/2021\/10\/IMG_3368-Kopie-1-1024x683.jpeg\" alt=\"\" class=\"wp-image-473\"\/><\/figure>\n\n\n\n<figure class=\"wp-block-image size-large\"><img decoding=\"async\" data-id=\"469\"  src=\"http:\/\/kultur-josefstadt.at\/wp-content\/uploads\/2021\/10\/IMG_3359-Kopie-1-1024x683.jpeg\" alt=\"\" class=\"wp-image-469\"\/><\/figure>\n\n\n\n<figure class=\"wp-block-image size-large\"><img decoding=\"async\" data-id=\"471\"  src=\"http:\/\/kultur-josefstadt.at\/wp-content\/uploads\/2021\/10\/IMG_3366-Kopie-1-1024x683.jpeg\" alt=\"\" class=\"wp-image-471\"\/><\/figure>\n\n\n\n<figure class=\"wp-block-image size-large\"><img decoding=\"async\" data-id=\"475\"  src=\"http:\/\/kultur-josefstadt.at\/wp-content\/uploads\/2021\/10\/IMG_3372-Kopie-1-1024x683.jpeg\" alt=\"\" class=\"wp-image-475\"\/><\/figure>\n\n\n\n<figure class=\"wp-block-image size-large\"><img decoding=\"async\" data-id=\"454\"  src=\"http:\/\/kultur-josefstadt.at\/wp-content\/uploads\/2021\/10\/IMG_3339-Kopie-1-683x1024.jpeg\" alt=\"\" class=\"wp-image-454\"\/><\/figure>\n\n\n\n<figure class=\"wp-block-image size-large\"><img decoding=\"async\" data-id=\"504\"  src=\"http:\/\/kultur-josefstadt.at\/wp-content\/uploads\/2021\/10\/IMG_3417-Kopie-1024x683.jpeg\" alt=\"\" class=\"wp-image-504\"\/><\/figure>\n\n\n\n<figure class=\"wp-block-image size-large\"><img decoding=\"async\" data-id=\"478\"  src=\"http:\/\/kultur-josefstadt.at\/wp-content\/uploads\/2021\/10\/IMG_3374-Kopie-1-1024x683.jpg\" alt=\"\" class=\"wp-image-478\"\/><\/figure>\n\n\n\n<figure class=\"wp-block-image size-large\"><img decoding=\"async\" data-id=\"506\"  src=\"http:\/\/kultur-josefstadt.at\/wp-content\/uploads\/2021\/10\/IMG_3433-1024x683.jpg\" alt=\"\" class=\"wp-image-506\"\/><\/figure>\n\n\n\n<figure class=\"wp-block-image size-large\"><img decoding=\"async\" data-id=\"488\"  src=\"http:\/\/kultur-josefstadt.at\/wp-content\/uploads\/2021\/10\/IMG_3391-Kopie-1-1024x683.jpeg\" alt=\"\" class=\"wp-image-488\"\/><\/figure>\n\n\n\n<figure class=\"wp-block-image size-large\"><img decoding=\"async\" data-id=\"484\"  src=\"http:\/\/kultur-josefstadt.at\/wp-content\/uploads\/2021\/10\/IMG_3381-Kopie-1-1024x683.jpeg\" alt=\"\" class=\"wp-image-484\"\/><\/figure>\n\n\n\n<figure class=\"wp-block-image size-large\"><img decoding=\"async\" data-id=\"486\"  src=\"http:\/\/kultur-josefstadt.at\/wp-content\/uploads\/2021\/10\/IMG_3387-Kopie-1-1024x683.jpeg\" alt=\"\" class=\"wp-image-486\"\/><\/figure>\n\n\n\n<figure class=\"wp-block-image size-large\"><img decoding=\"async\" data-id=\"487\"  src=\"http:\/\/kultur-josefstadt.at\/wp-content\/uploads\/2021\/10\/IMG_3388-Kopie-1-1024x683.jpeg\" alt=\"\" class=\"wp-image-487\"\/><\/figure>\n\n\n\n<figure class=\"wp-block-image size-large\"><img decoding=\"async\" data-id=\"489\"  src=\"http:\/\/kultur-josefstadt.at\/wp-content\/uploads\/2021\/10\/IMG_3392-Kopie-1-1024x683.jpeg\" alt=\"\" class=\"wp-image-489\"\/><\/figure>\n\n\n\n<figure class=\"wp-block-image size-large\"><img decoding=\"async\" data-id=\"490\"  src=\"http:\/\/kultur-josefstadt.at\/wp-content\/uploads\/2021\/10\/IMG_3393-Kopie-1-1024x683.jpeg\" alt=\"\" class=\"wp-image-490\"\/><\/figure>\n\n\n\n<figure class=\"wp-block-image size-large\"><img decoding=\"async\" data-id=\"491\"  src=\"http:\/\/kultur-josefstadt.at\/wp-content\/uploads\/2021\/10\/IMG_3394-Kopie-1-1024x683.jpeg\" alt=\"\" class=\"wp-image-491\"\/><\/figure>\n\n\n\n<figure class=\"wp-block-image size-large\"><img decoding=\"async\" data-id=\"492\"  src=\"http:\/\/kultur-josefstadt.at\/wp-content\/uploads\/2021\/10\/IMG_3395-Kopie-1-1024x683.jpeg\" alt=\"\" class=\"wp-image-492\"\/><\/figure>\n\n\n\n<figure class=\"wp-block-image size-large\"><img decoding=\"async\" data-id=\"495\"  src=\"http:\/\/kultur-josefstadt.at\/wp-content\/uploads\/2021\/10\/IMG_3402-Kopie-1-1024x683.jpeg\" alt=\"\" class=\"wp-image-495\"\/><\/figure>\n\n\n\n<figure class=\"wp-block-image size-large\"><img decoding=\"async\" data-id=\"493\"  src=\"http:\/\/kultur-josefstadt.at\/wp-content\/uploads\/2021\/10\/IMG_3396-Kopie-1-1024x683.jpeg\" alt=\"\" class=\"wp-image-493\"\/><\/figure>\n\n\n\n<figure class=\"wp-block-image size-large\"><img decoding=\"async\" data-id=\"501\"  src=\"http:\/\/kultur-josefstadt.at\/wp-content\/uploads\/2021\/10\/IMG_3372-1024x683.jpg\" alt=\"\" class=\"wp-image-501\"\/><\/figure>\n\n\n\n<figure class=\"wp-block-image size-large\"><img decoding=\"async\" data-id=\"510\"  src=\"http:\/\/kultur-josefstadt.at\/wp-content\/uploads\/2021\/10\/IMG_3446-1024x683.jpg\" alt=\"\" class=\"wp-image-510\"\/><\/figure>\n\n\n\n<figure class=\"wp-block-image size-large\"><img decoding=\"async\" data-id=\"503\"  src=\"http:\/\/kultur-josefstadt.at\/wp-content\/uploads\/2021\/10\/IMG_3376-1024x683.jpg\" alt=\"\" class=\"wp-image-503\"\/><\/figure>\n\n\n\n<figure class=\"wp-block-image size-large\"><img decoding=\"async\" data-id=\"508\"  src=\"http:\/\/kultur-josefstadt.at\/wp-content\/uploads\/2021\/10\/IMG_3442-1024x683.jpg\" alt=\"\" class=\"wp-image-508\"\/><\/figure>\n\n\n\n<figure class=\"wp-block-image size-large\"><img decoding=\"async\" data-id=\"509\"  src=\"http:\/\/kultur-josefstadt.at\/wp-content\/uploads\/2021\/10\/IMG_3444-1024x683.jpg\" alt=\"\" class=\"wp-image-509\"\/><\/figure>\n\n\n\n<figure class=\"wp-block-image size-large\"><img decoding=\"async\" data-id=\"513\"  src=\"http:\/\/kultur-josefstadt.at\/wp-content\/uploads\/2021\/10\/IMG_3458-Kopie-1024x683.jpeg\" alt=\"\" class=\"wp-image-513\"\/><\/figure>\n\n\n\n<figure class=\"wp-block-image size-large\"><img decoding=\"async\" data-id=\"511\"  src=\"http:\/\/kultur-josefstadt.at\/wp-content\/uploads\/2021\/10\/IMG_3449-1024x683.jpg\" alt=\"\" class=\"wp-image-511\"\/><\/figure>\n\n\n\n<figure class=\"wp-block-image size-large\"><img decoding=\"async\" data-id=\"512\"  src=\"http:\/\/kultur-josefstadt.at\/wp-content\/uploads\/2021\/10\/IMG_3454-1024x683.jpg\" alt=\"\" class=\"wp-image-512\"\/><\/figure>\n\n\n\n<figure class=\"wp-block-image size-large\"><img decoding=\"async\" data-id=\"514\"  src=\"http:\/\/kultur-josefstadt.at\/wp-content\/uploads\/2021\/10\/IMG_3469-1024x683.jpg\" alt=\"\" class=\"wp-image-514\"\/><\/figure>\n<\/figure>\n\n\n\n<p><\/p>\n","protected":false},"excerpt":{"rendered":"<p>Das sind vergangene Veranstaltungen des Kulturvereins. 9. Dezember 2025, 19:30 Uhr: Adventkonzert des Kulturvereins Josefstadt Machet die Tore weit Wenn sich das Jahr dem Ende zuneigt und die Stadt im warmen Lichterglanz erstrahlt, l\u00e4dt derKulturverein Josefstadt&nbsp;zu einem besonderen musikalischen Abend ein: Am&nbsp;Dienstag, dem 9. Dezember 2025, 19.30 Uhr erklingen im&nbsp;Calasanzsaal der Pfarre Maria Treu (8., &hellip; <a href=\"http:\/\/kultur-josefstadt.at\/?page_id=526\" class=\"more-link\"><span class=\"screen-reader-text\">Archiv<\/span> weiterlesen<\/a><\/p>\n","protected":false},"author":1,"featured_media":0,"parent":0,"menu_order":5,"comment_status":"closed","ping_status":"closed","template":"","meta":[],"jetpack-related-posts":[{"id":2,"url":"http:\/\/kultur-josefstadt.at\/?page_id=2","url_meta":{"origin":526,"position":0},"title":"Kultur seit 1979","author":"admin","date":"10. Mai 2016","format":false,"excerpt":"Gegr\u00fcndet 1979 ist unser Verein der \u00e4lteste Josefst\u00e4dter Kulturverein im Rahmen des Wiener Volksbildungswerkes. Unsere Motivation hat sich seit der Gr\u00fcndung vor mehr als 40 Jahren nicht ge\u00e4ndert: Wir setzen uns f\u00fcr ein vielf\u00e4ltiges, niederschwelliges und kostenloses Kulturangebot in der Josefstadt ein. Immer wieder arbeiten wir dabei auch mit anderen\u2026","rel":"","context":"\u00c4hnlicher Beitrag","block_context":{"text":"\u00c4hnlicher Beitrag","link":""},"img":{"alt_text":"","src":"https:\/\/i0.wp.com\/kultur-josefstadt.at\/wp-content\/uploads\/2017\/11\/20171128_125114_hp-300x259.jpg?resize=350%2C200","width":350,"height":200},"classes":[]},{"id":31,"url":"http:\/\/kultur-josefstadt.at\/?page_id=31","url_meta":{"origin":526,"position":1},"title":"Kontakt &#038; Impressum","author":"admin","date":"6. November 2017","format":false,"excerpt":"Kulturverein Josefstadt Vorsitzender: Walter Kanov Anschrift: Schmidgasse 18, 1080 Wien Email: info @ kultur-josefstadt.at Facebook: https:\/\/www.facebook.com\/KulturvereinFreundInnenderJosefstadt ZVR-Zahl: 039199221 Bankverbindung: IBAN: AT97 1200 0006 1124 1308, BIC: BKAUATWW","rel":"","context":"\u00c4hnlicher Beitrag","block_context":{"text":"\u00c4hnlicher Beitrag","link":""},"img":{"alt_text":"","src":"","width":0,"height":0},"classes":[]},{"id":30,"url":"http:\/\/kultur-josefstadt.at\/","url_meta":{"origin":526,"position":2},"title":"Aktuelles","author":"admin","date":"6. November 2017","format":false,"excerpt":"30. Mai 2026, 19 Uhr \"Schm\u00e4h vo\u00b4gestern\" - Heitere Lieder und gef\u00e4llige Melodien mit Robert Fontane & seinen Schm\u00e4htandlern Wienerlieder, Chansons und Schlager des 20. Jahrhunderts im Spannungsfeld zwischen Nostalgie, Humor und kritischer Distanz Mit Werken von Georg Kreisler, Hans Lang und anderen pr\u00e4genden Pers\u00f6nlichkeiten der deutschsprachigen Popul\u00e4rmusik. Die Veranstaltung\u2026","rel":"","context":"\u00c4hnlicher Beitrag","block_context":{"text":"\u00c4hnlicher Beitrag","link":""},"img":{"alt_text":"","src":"https:\/\/i0.wp.com\/kultur-josefstadt.at\/wp-content\/uploads\/2026\/04\/Schmaeh-Plakat-Version-3-scaled.jpg?resize=350%2C200","width":350,"height":200},"classes":[]},{"id":172,"url":"http:\/\/kultur-josefstadt.at\/?page_id=172","url_meta":{"origin":526,"position":3},"title":"SponsorInnen &#038; Spenden","author":"admin","date":"9. November 2017","format":false,"excerpt":"Als gemeinn\u00fctziger Verein finanzieren wir uns aus freiwilligen Spenden, Mitgliedsbeitr\u00e4gen und der freundlichen Unterst\u00fctzung unserer PartnerInnen und F\u00f6rdergeberInnen, denen wir an dieser Stelle herzlich danken. Spenden Wenn Sie den Kulturverein Freundinnen und Freunde der Josefstadt mit einer Spende unterst\u00fctzen m\u00f6chten, k\u00f6nnen Sie das hier:\u00a0 Bankverbindung: IBAN AT97 1200 0006 1124\u2026","rel":"","context":"\u00c4hnlicher Beitrag","block_context":{"text":"\u00c4hnlicher Beitrag","link":""},"img":{"alt_text":"","src":"https:\/\/i0.wp.com\/kultur-josefstadt.at\/wp-content\/uploads\/2022\/09\/Josefstadt-KUK-Logo-neu-bunt.png?resize=350%2C200","width":350,"height":200},"classes":[]},{"id":398,"url":"http:\/\/kultur-josefstadt.at\/?page_id=398","url_meta":{"origin":526,"position":4},"title":"Newsletter","author":"admin","date":"11. Oktober 2021","format":false,"excerpt":"Sie sind interessiert an unserem Programm und m\u00f6chten zuk\u00fcnftig zu unseren Veranstaltungen eingeladen werden? Dann schreiben Sie uns bitte ein kurzes Mail an info@kultur-josefstadt.at Ank\u00fcndigungen unserer Veranstaltungen gibt es au\u00dferdem \u00fcber die Facebook-Seite des Kulturvereins.","rel":"","context":"\u00c4hnlicher Beitrag","block_context":{"text":"\u00c4hnlicher Beitrag","link":""},"img":{"alt_text":"","src":"","width":0,"height":0},"classes":[]},{"id":139,"url":"http:\/\/kultur-josefstadt.at\/?page_id=139","url_meta":{"origin":526,"position":5},"title":"Fixpunkte im Jahresprogramm","author":"admin","date":"8. November 2017","format":false,"excerpt":"Neben den wechselnden Veranstaltungen gibt es einige Fixpunkte im Jahresprogramm des Kulturvereins, die schon seit Jahrzehnten von uns veranstaltet werden: Sommerkino am Jodok-Fink-Platz Seit 1996 findet j\u00e4hrlich am Piaristenplatz das Sommerkino statt. Es geh\u00f6rt damit zu den \u00e4ltesten Freiluftkinoveranstaltungen Wiens und ist inzwischen zu einer Institution geworden. Es ist dies\u2026","rel":"","context":"\u00c4hnlicher Beitrag","block_context":{"text":"\u00c4hnlicher Beitrag","link":""},"img":{"alt_text":"","src":"","width":0,"height":0},"classes":[]}],"_links":{"self":[{"href":"http:\/\/kultur-josefstadt.at\/index.php?rest_route=\/wp\/v2\/pages\/526"}],"collection":[{"href":"http:\/\/kultur-josefstadt.at\/index.php?rest_route=\/wp\/v2\/pages"}],"about":[{"href":"http:\/\/kultur-josefstadt.at\/index.php?rest_route=\/wp\/v2\/types\/page"}],"author":[{"embeddable":true,"href":"http:\/\/kultur-josefstadt.at\/index.php?rest_route=\/wp\/v2\/users\/1"}],"replies":[{"embeddable":true,"href":"http:\/\/kultur-josefstadt.at\/index.php?rest_route=%2Fwp%2Fv2%2Fcomments&post=526"}],"version-history":[{"count":26,"href":"http:\/\/kultur-josefstadt.at\/index.php?rest_route=\/wp\/v2\/pages\/526\/revisions"}],"predecessor-version":[{"id":1196,"href":"http:\/\/kultur-josefstadt.at\/index.php?rest_route=\/wp\/v2\/pages\/526\/revisions\/1196"}],"wp:attachment":[{"href":"http:\/\/kultur-josefstadt.at\/index.php?rest_route=%2Fwp%2Fv2%2Fmedia&parent=526"}],"curies":[{"name":"wp","href":"https:\/\/api.w.org\/{rel}","templated":true}]}}